{"id":994,"date":"2018-05-18T07:27:39","date_gmt":"2018-05-18T07:27:39","guid":{"rendered":"http:\/\/localhost\/coeus\/?page_id=130"},"modified":"2025-03-18T00:41:01","modified_gmt":"2025-03-18T00:41:01","slug":"panelistas","status":"publish","type":"page","link":"https:\/\/energiaadebate.com\/foro-energia\/panelistas\/","title":{"rendered":"Panelistas"},"content":{"rendered":"<div class=\"wpb-content-wrapper\"><p>[vc_row el_id=&#8221;team&#8221;][vc_column offset=&#8221;vc_hidden-sm vc_hidden-xs&#8221;][vc_empty_space height=&#8221;150px&#8221;][\/vc_column][\/vc_row][vc_row][vc_column]  \n    <div class=\"title-wrap text-center\">\n      <div class=\"back-title \">Panelistas<\/div>      <h3>Panelistas<\/h3>      <h4>Foro Plan Energ\u00e9tico Nacional<\/h4>\n    <\/div>\n\n[\/vc_column][\/vc_row][vc_row][vc_column][vc_column_text css=&#8221;&#8221;]\t<div class=\"ex-tplist list-layout fct-lightbox list-style-3\" id =\"extp-6289\">\n\t\t                <div class=\"extp-search \">\n        <form role=\"search\" method=\"get\" id=\"searchform\" class=\"etp-search-form \" action=\"https:\/\/energiaadebate.com\/foro-energia\/\">\n        \t<div class=\"extp-search-group\">\n            \n            \t          \n            <\/div>\n        <\/form>\n        <style type=\"text\/css\">\n\t\t\t\n\t\t<\/style>\n        <\/div>\n        \n                \t\t<div class=\"ctlist\">\n\t\t<div class=\"tpitem-list item-grid\" data-id=\"ex_id-extp-6289-1287\"> \t\t\t\t\t<div class=\"exp-arrow exlightbox exlb-extp-6289\" \n\t\t\t\t\t href=\"https:\/\/energiaadebate.com\/foro-energia\/wp-content\/uploads\/2025\/03\/Laura-Itzel-Castillo-2.jpg\" data-glightbox=\"descPosition: right;\" data-class=\"exlb-extp-6289\" >\n\t\t\t\t\t\t\t\t\t<div class=\"glightbox-desc\">\n\t\t      <div class=\"exp-lightbox-info\">\n\t<div class=\"lb-image\"><a href=\"javascript:;\"><img loading=\"lazy\" decoding=\"async\" width=\"600\" height=\"600\" src=\"https:\/\/energiaadebate.com\/foro-energia\/wp-content\/uploads\/2025\/03\/Laura-Itzel-Castillo-2.jpg\" class=\"attachment-full size-full wp-post-image\" alt=\"\" srcset=\"https:\/\/energiaadebate.com\/foro-energia\/wp-content\/uploads\/2025\/03\/Laura-Itzel-Castillo-2.jpg 600w, https:\/\/energiaadebate.com\/foro-energia\/wp-content\/uploads\/2025\/03\/Laura-Itzel-Castillo-2-300x300.jpg 300w, https:\/\/energiaadebate.com\/foro-energia\/wp-content\/uploads\/2025\/03\/Laura-Itzel-Castillo-2-150x150.jpg 150w, https:\/\/energiaadebate.com\/foro-energia\/wp-content\/uploads\/2025\/03\/Laura-Itzel-Castillo-2-370x370.jpg 370w, https:\/\/energiaadebate.com\/foro-energia\/wp-content\/uploads\/2025\/03\/Laura-Itzel-Castillo-2-75x75.jpg 75w\" sizes=\"auto, (max-width: 600px) 100vw, 600px\" \/><\/a><\/div>\n    <div class=\"lb-info\">\n        <h3><a href=\"javascript:;\">Sen. Laura Itzel Castillo<\/a><\/h3>\n        <div class=\"exp-lightbox-meta\">\n            <div class=\"lb-social\"><\/div>\n                                            <\/div>\n        <div class=\"extp-mb-content\"><p>Es arquitecta por la UNAM y cuenta con una amplia trayectoria en cargos de representaci\u00f3n popular y en la administraci\u00f3n p\u00fablica. Fue asamble\u00edsta del entonces Distrito Federal en la II Legislatura, as\u00ed como diputada federal en las LVII y LXI Legislaturas. Como funcionaria ha sido subdirectora del Instituto de Investigaciones en Ingenier\u00eda y Arquitectura, delegada de la ahora Alcald\u00eda de Coyoac\u00e1n de la CDMX, y secretaria de Desarrollo Urbano y Vivienda de la CDMX, entre otros. Ha tenido una activa participaci\u00f3n en la vida pol\u00edtica del pa\u00eds al haber sido fundadora del Partido Mexicano de los Trabajadores y de la Asociaci\u00f3n de Mujeres en Lucha por la Democracia, adem\u00e1s de ser consejera nacional del Partido de la Revoluci\u00f3n Democr\u00e1tica, coordinadora general del \u201cPlan Ambiental\u201d para el Distrito Federal y directora de la Fundaci\u00f3n \u201cHeberto Castillo\u201d. Destaca su desempe\u00f1o como consejera independiente de Petr\u00f3leos Mexicanos. Actualmente es presidenta de la Comisi\u00f3n de Energ\u00eda en el Senado de la Rep\u00fablica.<\/p>\n<p>&nbsp;<\/p>\n        <\/div>\n    <\/div>\n<\/div>\t\t    <\/div>\n    \t\t\t\t\t\t\t<figure class=\"tpstyle-list-3 tppost-1287\">\n  <div class=\"tplist-3-info\">\n    <div class=\"tplist-3-image\">\n      <a href=\"javascript:;\"><div class=\"image-bg-circle\" style=\"background-image: url(https:\/\/energiaadebate.com\/foro-energia\/wp-content\/uploads\/2025\/03\/Laura-Itzel-Castillo-2.jpg)\"><\/div><\/a>\n    <\/div><figcaption>\n      <h3><a href=\"javascript:;\">Sen. Laura Itzel Castillo<\/a><\/h3>\n                  <p>Es arquitecta por la UNAM y cuenta con una amplia trayectoria en cargos de representaci\u00f3n popular y en la administraci\u00f3n p\u00fablica. Fue asamble\u00edsta del entonces Distrito Federal en la II Legislatura, as\u00ed como diputada federal en las LVII y LXI Legislaturas. Como funcionaria ha sido subdirectora del Instituto de Investigaciones en Ingenier\u00eda y Arquitectura, delegada [&hellip;]<\/p>\n                <\/figcaption>\n  <\/div>\n  <\/figure>\t\t\t\t\t<div class=\"exclearfix\"><\/div>\n\t\t\t\t\t<\/div>\n\t\t\t\t\t<\/div><div class=\"tpitem-list item-grid\" data-id=\"ex_id-extp-6289-1286\"> \t\t\t\t\t<div class=\"exp-arrow exlightbox exlb-extp-6289\" \n\t\t\t\t\t href=\"https:\/\/energiaadebate.com\/foro-energia\/wp-content\/uploads\/2025\/03\/Abril-Moreno-1.jpg\" data-glightbox=\"descPosition: right;\" data-class=\"exlb-extp-6289\" >\n\t\t\t\t\t\t\t\t\t<div class=\"glightbox-desc\">\n\t\t      <div class=\"exp-lightbox-info\">\n\t<div class=\"lb-image\"><a href=\"javascript:;\"><img loading=\"lazy\" decoding=\"async\" width=\"600\" height=\"600\" src=\"https:\/\/energiaadebate.com\/foro-energia\/wp-content\/uploads\/2025\/03\/Abril-Moreno-1.jpg\" class=\"attachment-full size-full wp-post-image\" alt=\"\" srcset=\"https:\/\/energiaadebate.com\/foro-energia\/wp-content\/uploads\/2025\/03\/Abril-Moreno-1.jpg 600w, https:\/\/energiaadebate.com\/foro-energia\/wp-content\/uploads\/2025\/03\/Abril-Moreno-1-300x300.jpg 300w, https:\/\/energiaadebate.com\/foro-energia\/wp-content\/uploads\/2025\/03\/Abril-Moreno-1-150x150.jpg 150w, https:\/\/energiaadebate.com\/foro-energia\/wp-content\/uploads\/2025\/03\/Abril-Moreno-1-370x370.jpg 370w, https:\/\/energiaadebate.com\/foro-energia\/wp-content\/uploads\/2025\/03\/Abril-Moreno-1-75x75.jpg 75w\" sizes=\"auto, (max-width: 600px) 100vw, 600px\" \/><\/a><\/div>\n    <div class=\"lb-info\">\n        <h3><a href=\"javascript:;\">Abril Moreno<\/a><\/h3>\n        <div class=\"exp-lightbox-meta\">\n            <div class=\"lb-social\"><\/div>\n                                            <\/div>\n        <div class=\"extp-mb-content\"><p>Abril Moreno es maestra en Comportamiento Pol\u00edtico por la University of Essex, Reino Unido y en Responsabilidad Social por la Universidad An\u00e1huac. Adem\u00e1s, cuenta con diplomados en sistemas energ\u00e9ticos, regulaci\u00f3n energ\u00e9tica, derecho de la energ\u00eda, an\u00e1lisis pol\u00edtico, y operaci\u00f3n y planeaci\u00f3n legislativa por instituciones de alto prestigio como la ELD, ITAM, CIDE, IBERO, UNAM y el WEC.<br \/>\nCon una s\u00f3lida trayectoria de m\u00e1s de 20 a\u00f1os en el sector energ\u00e9tico, fungi\u00f3 como asesora de la Direcci\u00f3n General de Petr\u00f3leos Mexicanos y ha sido reconocida por cinco a\u00f1os consecutivos como una de las 100 L\u00edderes del Sector Energ\u00e9tico. Fue vicepresidenta del Comit\u00e9 de Energ\u00eda del IMEF. Actualmente es vicepresidenta del Cl\u00faster Metropolitano de Energ\u00eda e integrante de Voz Experta.<br \/>\nEs socia Directora de P21 Energ\u00eda, firma especializada en desarrollo de proyectos en el sector energ\u00e9tico y asesor\u00eda en regulaci\u00f3n, asuntos p\u00fablicos y comunicaci\u00f3n estrat\u00e9gica. Adem\u00e1s, es socia de IDEACS, Comunidad y Ambiente, A.C., y directora General de Energ\u00eda a Debate, una de las plataformas l\u00edderes en informaci\u00f3n especializada del sector energ\u00e9tico.<\/p>\n<p>Abril es una voz referente en el sector energ\u00e9tico, conferencista y analista frecuente en medios de comunicaci\u00f3n.<\/p>\n        <\/div>\n    <\/div>\n<\/div>\t\t    <\/div>\n    \t\t\t\t\t\t\t<figure class=\"tpstyle-list-3 tppost-1286\">\n  <div class=\"tplist-3-info\">\n    <div class=\"tplist-3-image\">\n      <a href=\"javascript:;\"><div class=\"image-bg-circle\" style=\"background-image: url(https:\/\/energiaadebate.com\/foro-energia\/wp-content\/uploads\/2025\/03\/Abril-Moreno-1.jpg)\"><\/div><\/a>\n    <\/div><figcaption>\n      <h3><a href=\"javascript:;\">Abril Moreno<\/a><\/h3>\n                  <p>Abril Moreno es maestra en Comportamiento Pol\u00edtico por la University of Essex, Reino Unido y en Responsabilidad Social por la Universidad An\u00e1huac. Adem\u00e1s, cuenta con diplomados en sistemas energ\u00e9ticos, regulaci\u00f3n energ\u00e9tica, derecho de la energ\u00eda, an\u00e1lisis pol\u00edtico, y operaci\u00f3n y planeaci\u00f3n legislativa por instituciones de alto prestigio como la ELD, ITAM, CIDE, IBERO, UNAM y [&hellip;]<\/p>\n                <\/figcaption>\n  <\/div>\n  <\/figure>\t\t\t\t\t<div class=\"exclearfix\"><\/div>\n\t\t\t\t\t<\/div>\n\t\t\t\t\t<\/div><div class=\"tpitem-list item-grid\" data-id=\"ex_id-extp-6289-1288\"> \t\t\t\t\t<div class=\"exp-arrow exlightbox exlb-extp-6289\" \n\t\t\t\t\t href=\"https:\/\/energiaadebate.com\/foro-energia\/wp-content\/uploads\/2025\/03\/Victor-Rodriguez-Padilla-Pemex-1.png\" data-glightbox=\"descPosition: right;\" data-class=\"exlb-extp-6289\" >\n\t\t\t\t\t\t\t\t\t<div class=\"glightbox-desc\">\n\t\t      <div class=\"exp-lightbox-info\">\n\t<div class=\"lb-image\"><a href=\"javascript:;\"><img loading=\"lazy\" decoding=\"async\" width=\"600\" height=\"600\" src=\"https:\/\/energiaadebate.com\/foro-energia\/wp-content\/uploads\/2025\/03\/Victor-Rodriguez-Padilla-Pemex-1.png\" class=\"attachment-full size-full wp-post-image\" alt=\"\" srcset=\"https:\/\/energiaadebate.com\/foro-energia\/wp-content\/uploads\/2025\/03\/Victor-Rodriguez-Padilla-Pemex-1.png 600w, https:\/\/energiaadebate.com\/foro-energia\/wp-content\/uploads\/2025\/03\/Victor-Rodriguez-Padilla-Pemex-1-300x300.png 300w, https:\/\/energiaadebate.com\/foro-energia\/wp-content\/uploads\/2025\/03\/Victor-Rodriguez-Padilla-Pemex-1-150x150.png 150w, https:\/\/energiaadebate.com\/foro-energia\/wp-content\/uploads\/2025\/03\/Victor-Rodriguez-Padilla-Pemex-1-370x370.png 370w, https:\/\/energiaadebate.com\/foro-energia\/wp-content\/uploads\/2025\/03\/Victor-Rodriguez-Padilla-Pemex-1-75x75.png 75w\" sizes=\"auto, (max-width: 600px) 100vw, 600px\" \/><\/a><\/div>\n    <div class=\"lb-info\">\n        <h3><a href=\"javascript:;\">V\u00edctor Rodr\u00edguez Padilla<\/a><\/h3>\n        <div class=\"exp-lightbox-meta\">\n            <div class=\"lb-social\"><\/div>\n                                            <\/div>\n        <div class=\"extp-mb-content\"><p>El actual director general de Pemex es f\u00edsico por la UNAM, adem\u00e1s de ostentar una Maestr\u00eda en Ingenier\u00eda Energ\u00e9tica por la misma casa de estudios y un Doctorado en Econom\u00eda de la Energ\u00eda por la Universidad Pierre Mend\u00e8s France, en Grenoble. Se desempe\u00f1a como profesor investigador de Posgrado en la Facultad de Ingenier\u00eda de la UNAM y es miembro del Sistema Nacional de Investigadores. Fue co-fundador del Observatorio Ciudadano de Energ\u00eda y consultor para Iniciativa Clim\u00e1tica de M\u00e9xico. En el \u00e1mbito internacional ha sido consultor para la CEPAL y para la OLADE, entre otras. Es autor de un vasto n\u00famero de publicaciones y de libros especializadas en materia energ\u00e9tica, principalmente en hidrocarburos.<\/p>\n        <\/div>\n    <\/div>\n<\/div>\t\t    <\/div>\n    \t\t\t\t\t\t\t<figure class=\"tpstyle-list-3 tppost-1288\">\n  <div class=\"tplist-3-info\">\n    <div class=\"tplist-3-image\">\n      <a href=\"javascript:;\"><div class=\"image-bg-circle\" style=\"background-image: url(https:\/\/energiaadebate.com\/foro-energia\/wp-content\/uploads\/2025\/03\/Victor-Rodriguez-Padilla-Pemex-1.png)\"><\/div><\/a>\n    <\/div><figcaption>\n      <h3><a href=\"javascript:;\">V\u00edctor Rodr\u00edguez Padilla<\/a><\/h3>\n                  <p>El actual director general de Pemex es f\u00edsico por la UNAM, adem\u00e1s de ostentar una Maestr\u00eda en Ingenier\u00eda Energ\u00e9tica por la misma casa de estudios y un Doctorado en Econom\u00eda de la Energ\u00eda por la Universidad Pierre Mend\u00e8s France, en Grenoble. Se desempe\u00f1a como profesor investigador de Posgrado en la Facultad de Ingenier\u00eda de la [&hellip;]<\/p>\n                <\/figcaption>\n  <\/div>\n  <\/figure>\t\t\t\t\t<div class=\"exclearfix\"><\/div>\n\t\t\t\t\t<\/div>\n\t\t\t\t\t<\/div><div class=\"tpitem-list item-grid\" data-id=\"ex_id-extp-6289-1453\"> \t\t\t\t\t<div class=\"exp-arrow exlightbox exlb-extp-6289\" \n\t\t\t\t\t href=\"https:\/\/energiaadebate.com\/foro-energia\/wp-content\/uploads\/2025\/03\/waldo-1.jpg\" data-glightbox=\"descPosition: right;\" data-class=\"exlb-extp-6289\" >\n\t\t\t\t\t\t\t\t\t<div class=\"glightbox-desc\">\n\t\t      <div class=\"exp-lightbox-info\">\n\t<div class=\"lb-image\"><a href=\"javascript:;\"><img loading=\"lazy\" decoding=\"async\" width=\"600\" height=\"600\" src=\"https:\/\/energiaadebate.com\/foro-energia\/wp-content\/uploads\/2025\/03\/waldo-1.jpg\" class=\"attachment-full size-full wp-post-image\" alt=\"\" srcset=\"https:\/\/energiaadebate.com\/foro-energia\/wp-content\/uploads\/2025\/03\/waldo-1.jpg 600w, https:\/\/energiaadebate.com\/foro-energia\/wp-content\/uploads\/2025\/03\/waldo-1-300x300.jpg 300w, https:\/\/energiaadebate.com\/foro-energia\/wp-content\/uploads\/2025\/03\/waldo-1-150x150.jpg 150w, https:\/\/energiaadebate.com\/foro-energia\/wp-content\/uploads\/2025\/03\/waldo-1-370x370.jpg 370w, https:\/\/energiaadebate.com\/foro-energia\/wp-content\/uploads\/2025\/03\/waldo-1-75x75.jpg 75w\" sizes=\"auto, (max-width: 600px) 100vw, 600px\" \/><\/a><\/div>\n    <div class=\"lb-info\">\n        <h3><a href=\"javascript:;\">Sen. Waldo Fern\u00e1ndez<\/a><\/h3>\n        <div class=\"exp-lightbox-meta\">\n            <div class=\"lb-social\"><\/div>\n                                            <\/div>\n        <div class=\"extp-mb-content\"><p>Es licenciado en Derecho y Ciencias Jur\u00eddicas por la Universidad Aut\u00f3noma de Nuevo Le\u00f3n y ha cursado varios Diplomados relativos a defensa, estrategia y seguridad nacional. En su trayectoria profesional se ha especializado en \u00e1reas de seguridad, llegando a ser director general de Modernizaci\u00f3n, Administraci\u00f3n y Desarrollo en la Fiscal\u00eda Especializada para la Atenci\u00f3n de Delitos Electorales de la extinta PGR. En el sector privado fue gerente operativo en Cemex y director general en el despacho jur\u00eddico Fern\u00e1ndez, Fromow, Rivera y Asociados. Tambi\u00e9n ha sido catedr\u00e1tico por la Facultad de Derecho y Ciencias Sociales de su alma mater, adem\u00e1s de ejercer el cargo de director general del Centro de Integraci\u00f3n Ciudadana. Fue fundador del Club Rotario de Apodaca, NL. Actualmente es senador por Nuevo Le\u00f3n.<\/p>\n        <\/div>\n    <\/div>\n<\/div>\t\t    <\/div>\n    \t\t\t\t\t\t\t<figure class=\"tpstyle-list-3 tppost-1453\">\n  <div class=\"tplist-3-info\">\n    <div class=\"tplist-3-image\">\n      <a href=\"javascript:;\"><div class=\"image-bg-circle\" style=\"background-image: url(https:\/\/energiaadebate.com\/foro-energia\/wp-content\/uploads\/2025\/03\/waldo-1.jpg)\"><\/div><\/a>\n    <\/div><figcaption>\n      <h3><a href=\"javascript:;\">Sen. Waldo Fern\u00e1ndez<\/a><\/h3>\n                  <p>Es licenciado en Derecho y Ciencias Jur\u00eddicas por la Universidad Aut\u00f3noma de Nuevo Le\u00f3n y ha cursado varios Diplomados relativos a defensa, estrategia y seguridad nacional. En su trayectoria profesional se ha especializado en \u00e1reas de seguridad, llegando a ser director general de Modernizaci\u00f3n, Administraci\u00f3n y Desarrollo en la Fiscal\u00eda Especializada para la Atenci\u00f3n de [&hellip;]<\/p>\n                <\/figcaption>\n  <\/div>\n  <\/figure>\t\t\t\t\t<div class=\"exclearfix\"><\/div>\n\t\t\t\t\t<\/div>\n\t\t\t\t\t<\/div><div class=\"tpitem-list item-grid\" data-id=\"ex_id-extp-6289-1289\"> \t\t\t\t\t<div class=\"exp-arrow exlightbox exlb-extp-6289\" \n\t\t\t\t\t href=\"https:\/\/energiaadebate.com\/foro-energia\/wp-content\/uploads\/2025\/03\/Giorgio-Guidi-1.jpg\" data-glightbox=\"descPosition: right;\" data-class=\"exlb-extp-6289\" >\n\t\t\t\t\t\t\t\t\t<div class=\"glightbox-desc\">\n\t\t      <div class=\"exp-lightbox-info\">\n\t<div class=\"lb-image\"><a href=\"javascript:;\"><img loading=\"lazy\" decoding=\"async\" width=\"600\" height=\"600\" src=\"https:\/\/energiaadebate.com\/foro-energia\/wp-content\/uploads\/2025\/03\/Giorgio-Guidi-1.jpg\" class=\"attachment-full size-full wp-post-image\" alt=\"\" srcset=\"https:\/\/energiaadebate.com\/foro-energia\/wp-content\/uploads\/2025\/03\/Giorgio-Guidi-1.jpg 600w, https:\/\/energiaadebate.com\/foro-energia\/wp-content\/uploads\/2025\/03\/Giorgio-Guidi-1-300x300.jpg 300w, https:\/\/energiaadebate.com\/foro-energia\/wp-content\/uploads\/2025\/03\/Giorgio-Guidi-1-150x150.jpg 150w, https:\/\/energiaadebate.com\/foro-energia\/wp-content\/uploads\/2025\/03\/Giorgio-Guidi-1-370x370.jpg 370w, https:\/\/energiaadebate.com\/foro-energia\/wp-content\/uploads\/2025\/03\/Giorgio-Guidi-1-75x75.jpg 75w\" sizes=\"auto, (max-width: 600px) 100vw, 600px\" \/><\/a><\/div>\n    <div class=\"lb-info\">\n        <h3><a href=\"javascript:;\">Giorgio Guidi<\/a><\/h3>\n        <div class=\"exp-lightbox-meta\">\n            <div class=\"lb-social\"><\/div>\n                                            <\/div>\n        <div class=\"extp-mb-content\"><p>Es ingeniero nuclear por la Facultad de Ingenier\u00eda del Polit\u00e9cnico de Mil\u00e1n (Polimi). Cuenta con 29 a\u00f1os de experiencia, de los cuales m\u00e1s de 25 los ha dedicado al sector hidrocarburos, especialmente en el subsector de desarrollo de proyectos petroleros en diversos pa\u00edses de \u00c1frica, Medio Oriente, Europa y actualmente en M\u00e9xico. Ha tenido una destacada trayectoria en la empresa Eni, donde ha desempe\u00f1ado diferentes cargos como ingeniero de proyectos, coordinador de proyectos Eni Congo, director de Proyectos en Eni Gas, as\u00ed como director general en Eni Pakist\u00e1n y actualmente en Eni M\u00e9xico.<\/p>\n        <\/div>\n    <\/div>\n<\/div>\t\t    <\/div>\n    \t\t\t\t\t\t\t<figure class=\"tpstyle-list-3 tppost-1289\">\n  <div class=\"tplist-3-info\">\n    <div class=\"tplist-3-image\">\n      <a href=\"javascript:;\"><div class=\"image-bg-circle\" style=\"background-image: url(https:\/\/energiaadebate.com\/foro-energia\/wp-content\/uploads\/2025\/03\/Giorgio-Guidi-1.jpg)\"><\/div><\/a>\n    <\/div><figcaption>\n      <h3><a href=\"javascript:;\">Giorgio Guidi<\/a><\/h3>\n                  <p>Es ingeniero nuclear por la Facultad de Ingenier\u00eda del Polit\u00e9cnico de Mil\u00e1n (Polimi). Cuenta con 29 a\u00f1os de experiencia, de los cuales m\u00e1s de 25 los ha dedicado al sector hidrocarburos, especialmente en el subsector de desarrollo de proyectos petroleros en diversos pa\u00edses de \u00c1frica, Medio Oriente, Europa y actualmente en M\u00e9xico. Ha tenido una [&hellip;]<\/p>\n                <\/figcaption>\n  <\/div>\n  <\/figure>\t\t\t\t\t<div class=\"exclearfix\"><\/div>\n\t\t\t\t\t<\/div>\n\t\t\t\t\t<\/div><div class=\"tpitem-list item-grid\" data-id=\"ex_id-extp-6289-1290\"> \t\t\t\t\t<div class=\"exp-arrow exlightbox exlb-extp-6289\" \n\t\t\t\t\t href=\"https:\/\/energiaadebate.com\/foro-energia\/wp-content\/uploads\/2025\/03\/Alberto-de-la-Fuente-1.jpg\" data-glightbox=\"descPosition: right;\" data-class=\"exlb-extp-6289\" >\n\t\t\t\t\t\t\t\t\t<div class=\"glightbox-desc\">\n\t\t      <div class=\"exp-lightbox-info\">\n\t<div class=\"lb-image\"><a href=\"javascript:;\"><img loading=\"lazy\" decoding=\"async\" width=\"600\" height=\"600\" src=\"https:\/\/energiaadebate.com\/foro-energia\/wp-content\/uploads\/2025\/03\/Alberto-de-la-Fuente-1.jpg\" class=\"attachment-full size-full wp-post-image\" alt=\"\" srcset=\"https:\/\/energiaadebate.com\/foro-energia\/wp-content\/uploads\/2025\/03\/Alberto-de-la-Fuente-1.jpg 600w, https:\/\/energiaadebate.com\/foro-energia\/wp-content\/uploads\/2025\/03\/Alberto-de-la-Fuente-1-300x300.jpg 300w, https:\/\/energiaadebate.com\/foro-energia\/wp-content\/uploads\/2025\/03\/Alberto-de-la-Fuente-1-150x150.jpg 150w, https:\/\/energiaadebate.com\/foro-energia\/wp-content\/uploads\/2025\/03\/Alberto-de-la-Fuente-1-370x370.jpg 370w, https:\/\/energiaadebate.com\/foro-energia\/wp-content\/uploads\/2025\/03\/Alberto-de-la-Fuente-1-75x75.jpg 75w\" sizes=\"auto, (max-width: 600px) 100vw, 600px\" \/><\/a><\/div>\n    <div class=\"lb-info\">\n        <h3><a href=\"javascript:;\">Alberto de la Fuente<\/a><\/h3>\n        <div class=\"exp-lightbox-meta\">\n            <div class=\"lb-social\"><\/div>\n                                            <\/div>\n        <div class=\"extp-mb-content\"><p>Obtuvo las Licenciaturas en Econom\u00eda y en Relaciones Internacionales por el ITAM, adem\u00e1s de contar con la Maestr\u00eda en Econom\u00eda e Historia por la Universidad de Oxford y otra en Administraci\u00f3n de Empresas por la Australian School of Business de Sidney, Australia. Representa al Consejo Ejecutivo de Empresas Globales (CEEG), una organizaci\u00f3n integrada por los presidentes y directores generales de 58 empresas internacionales que tienen operaciones en M\u00e9xico. En su trayectoria profesional se ha desempe\u00f1ado en la Oficina de la Presidencia de la Rep\u00fablica, en la Sener y en la CRE. En la iniciativa privada, destaca su carrera en la empresa Shell donde, entre otros puestos, fue representante y asesor de Negocios de Shell en Om\u00e1n y Dubai. Desde 2012 es presidente y director general de Shell M\u00e9xico. Tambi\u00e9n ha sido presidente del Grupo de Energ\u00eda de la C\u00e1mara Brit\u00e1nica de Comercio. Actualmente preside la Asociaci\u00f3n Mexicana de Empresas de Hidrocarburos (AMEXHI).<\/p>\n        <\/div>\n    <\/div>\n<\/div>\t\t    <\/div>\n    \t\t\t\t\t\t\t<figure class=\"tpstyle-list-3 tppost-1290\">\n  <div class=\"tplist-3-info\">\n    <div class=\"tplist-3-image\">\n      <a href=\"javascript:;\"><div class=\"image-bg-circle\" style=\"background-image: url(https:\/\/energiaadebate.com\/foro-energia\/wp-content\/uploads\/2025\/03\/Alberto-de-la-Fuente-1.jpg)\"><\/div><\/a>\n    <\/div><figcaption>\n      <h3><a href=\"javascript:;\">Alberto de la Fuente<\/a><\/h3>\n                  <p>Obtuvo las Licenciaturas en Econom\u00eda y en Relaciones Internacionales por el ITAM, adem\u00e1s de contar con la Maestr\u00eda en Econom\u00eda e Historia por la Universidad de Oxford y otra en Administraci\u00f3n de Empresas por la Australian School of Business de Sidney, Australia. Representa al Consejo Ejecutivo de Empresas Globales (CEEG), una organizaci\u00f3n integrada por los [&hellip;]<\/p>\n                <\/figcaption>\n  <\/div>\n  <\/figure>\t\t\t\t\t<div class=\"exclearfix\"><\/div>\n\t\t\t\t\t<\/div>\n\t\t\t\t\t<\/div><div class=\"tpitem-list item-grid\" data-id=\"ex_id-extp-6289-1291\"> \t\t\t\t\t<div class=\"exp-arrow exlightbox exlb-extp-6289\" \n\t\t\t\t\t href=\"https:\/\/energiaadebate.com\/foro-energia\/wp-content\/uploads\/2025\/03\/Alejandra-Leon-1.png\" data-glightbox=\"descPosition: right;\" data-class=\"exlb-extp-6289\" >\n\t\t\t\t\t\t\t\t\t<div class=\"glightbox-desc\">\n\t\t      <div class=\"exp-lightbox-info\">\n\t<div class=\"lb-image\"><a href=\"javascript:;\"><img loading=\"lazy\" decoding=\"async\" width=\"600\" height=\"600\" src=\"https:\/\/energiaadebate.com\/foro-energia\/wp-content\/uploads\/2025\/03\/Alejandra-Leon-1.png\" class=\"attachment-full size-full wp-post-image\" alt=\"\" srcset=\"https:\/\/energiaadebate.com\/foro-energia\/wp-content\/uploads\/2025\/03\/Alejandra-Leon-1.png 600w, https:\/\/energiaadebate.com\/foro-energia\/wp-content\/uploads\/2025\/03\/Alejandra-Leon-1-300x300.png 300w, https:\/\/energiaadebate.com\/foro-energia\/wp-content\/uploads\/2025\/03\/Alejandra-Leon-1-150x150.png 150w, https:\/\/energiaadebate.com\/foro-energia\/wp-content\/uploads\/2025\/03\/Alejandra-Leon-1-370x370.png 370w, https:\/\/energiaadebate.com\/foro-energia\/wp-content\/uploads\/2025\/03\/Alejandra-Leon-1-75x75.png 75w\" sizes=\"auto, (max-width: 600px) 100vw, 600px\" \/><\/a><\/div>\n    <div class=\"lb-info\">\n        <h3><a href=\"javascript:;\">Alejandra Le\u00f3n<\/a><\/h3>\n        <div class=\"exp-lightbox-meta\">\n            <div class=\"lb-social\"><\/div>\n                                            <\/div>\n        <div class=\"extp-mb-content\"><p>Despu\u00e9s de m\u00e1s de 20 a\u00f1os en el upstream, me he unido al equipo de Estrategia y Desarrollo de Negocios, que dirige Carlos Pascual. Sigo muy atenta al an\u00e1lisis del upstream en Latinoam\u00e9rica y por supuesto mi coraz\u00f3n siempre ser\u00e1 \u201cnegro\u201d y siempre con M\u00e9xico como inter\u00e9s personal, pero ahora adem\u00e1s de upstream coordino esfuerzos en todos los commodities que tiene S&amp;P Global Commodity Insights, aprovechando mi gran inter\u00e9s siempre de ver la energ\u00eda como algo integral (pol\u00edtica, econom\u00eda, regulaci\u00f3n, mercados que compiten y se complementan). Es integrante del grupo Voz Experta.<\/p>\n        <\/div>\n    <\/div>\n<\/div>\t\t    <\/div>\n    \t\t\t\t\t\t\t<figure class=\"tpstyle-list-3 tppost-1291\">\n  <div class=\"tplist-3-info\">\n    <div class=\"tplist-3-image\">\n      <a href=\"javascript:;\"><div class=\"image-bg-circle\" style=\"background-image: url(https:\/\/energiaadebate.com\/foro-energia\/wp-content\/uploads\/2025\/03\/Alejandra-Leon-1.png)\"><\/div><\/a>\n    <\/div><figcaption>\n      <h3><a href=\"javascript:;\">Alejandra Le\u00f3n<\/a><\/h3>\n                  <p>Despu\u00e9s de m\u00e1s de 20 a\u00f1os en el upstream, me he unido al equipo de Estrategia y Desarrollo de Negocios, que dirige Carlos Pascual. Sigo muy atenta al an\u00e1lisis del upstream en Latinoam\u00e9rica y por supuesto mi coraz\u00f3n siempre ser\u00e1 \u201cnegro\u201d y siempre con M\u00e9xico como inter\u00e9s personal, pero ahora adem\u00e1s de upstream coordino esfuerzos [&hellip;]<\/p>\n                <\/figcaption>\n  <\/div>\n  <\/figure>\t\t\t\t\t<div class=\"exclearfix\"><\/div>\n\t\t\t\t\t<\/div>\n\t\t\t\t\t<\/div><div class=\"tpitem-list item-grid\" data-id=\"ex_id-extp-6289-1521\"> \t\t\t\t\t<div class=\"exp-arrow exlightbox exlb-extp-6289\" \n\t\t\t\t\t href=\"https:\/\/energiaadebate.com\/foro-energia\/wp-content\/uploads\/2025\/03\/Javier-Gutierrez-Bucero.png\" data-glightbox=\"descPosition: right;\" data-class=\"exlb-extp-6289\" >\n\t\t\t\t\t\t\t\t\t<div class=\"glightbox-desc\">\n\t\t      <div class=\"exp-lightbox-info\">\n\t<div class=\"lb-image\"><a href=\"javascript:;\"><img loading=\"lazy\" decoding=\"async\" width=\"600\" height=\"600\" src=\"https:\/\/energiaadebate.com\/foro-energia\/wp-content\/uploads\/2025\/03\/Javier-Gutierrez-Bucero.png\" class=\"attachment-full size-full wp-post-image\" alt=\"\" srcset=\"https:\/\/energiaadebate.com\/foro-energia\/wp-content\/uploads\/2025\/03\/Javier-Gutierrez-Bucero.png 600w, https:\/\/energiaadebate.com\/foro-energia\/wp-content\/uploads\/2025\/03\/Javier-Gutierrez-Bucero-300x300.png 300w, https:\/\/energiaadebate.com\/foro-energia\/wp-content\/uploads\/2025\/03\/Javier-Gutierrez-Bucero-150x150.png 150w, https:\/\/energiaadebate.com\/foro-energia\/wp-content\/uploads\/2025\/03\/Javier-Gutierrez-Bucero-370x370.png 370w, https:\/\/energiaadebate.com\/foro-energia\/wp-content\/uploads\/2025\/03\/Javier-Gutierrez-Bucero-75x75.png 75w\" sizes=\"auto, (max-width: 600px) 100vw, 600px\" \/><\/a><\/div>\n    <div class=\"lb-info\">\n        <h3><a href=\"javascript:;\">Fluvio Ruiz<\/a><\/h3>\n        <div class=\"exp-lightbox-meta\">\n            <div class=\"lb-social\"><\/div>\n                                            <\/div>\n        <div class=\"extp-mb-content\"><p>Licenciado en F\u00edsica por la Facultad de Ciencias de la UNAM, posee la Maestr\u00eda en Ingenier\u00eda de Exploraci\u00f3n Petrolera por la Facultad de Ingenier\u00eda de la misma universidad. Adem\u00e1s, realiz\u00f3 los estudios de Maestr\u00eda y Doctorado en Econom\u00eda de la Energ\u00eda en la Universidad Pierre Mend\u00e8s de Grenoble y en la Universidad de Par\u00eds III, respectivamente. Tiene amplia experiencia en la rama de los hidrocarburos, destacando su desempe\u00f1o en Pemex como consejero independiente. En este cargo, tuvo bajo su responsabilidad la Presidencia de diversos comit\u00e9s. Posteriormente, fungi\u00f3 como asesor del director general de Pemex. En el \u00e1mbito acad\u00e9mico, ha sido profesor en la Universidad Panamericana y en la EGADE del ITESM, campus Monterrey y Santa Fe, adem\u00e1s de asesor en la Comisi\u00f3n de Protecci\u00f3n Civil de la Asamblea Legislativa del Distrito Federal y asesor en pol\u00edtica energ\u00e9tica del PRD en la C\u00e1mara de Diputados durante tres Legislaturas. Durante su trayectoria ha sido conferencista sobre temas energ\u00e9ticos y econ\u00f3micos en M\u00e9xico y en pa\u00edses como\u00a0 Francia, Estados Unidos, Gran Breta\u00f1a, Italia, Brasil, Argentina, Colombia, Cuba, Ecuador y Bolivia, adem\u00e1s de publicar en diversos medios especializados en M\u00e9xico, Estados Unidos, Francia, Italia, Gran Breta\u00f1a y Noruega. En este rubro, fue galardonado por el mejor art\u00edculo t\u00e9cnico del VIII Congreso de la Asociaci\u00f3n Mexicana para la Econom\u00eda Energ\u00e9tica. Forma parte de la Comisi\u00f3n de Inteligencia Tecnol\u00f3gica de la Alianza FIIDEM, A. C. En el a\u00f1o 2008, particip\u00f3 como ponente en el foro sobre el r\u00e9gimen fiscal de Pemex organizado por el Senado de la Rep\u00fablica y form\u00f3 parte del grupo de intelectuales y expertos que elaboraron la iniciativa de Reforma Energ\u00e9tica del Frente Amplio Progresista. Particip\u00f3 en el equipo t\u00e9cnico plural que redact\u00f3 diversos ordenamientos jur\u00eddicos de la reforma de ese a\u00f1o, en particular,\u00a0 las leyes de Pemex y de la CNH. En la actualidad, es profesor asociado en el CIDE.<\/p>\n        <\/div>\n    <\/div>\n<\/div>\t\t    <\/div>\n    \t\t\t\t\t\t\t<figure class=\"tpstyle-list-3 tppost-1521\">\n  <div class=\"tplist-3-info\">\n    <div class=\"tplist-3-image\">\n      <a href=\"javascript:;\"><div class=\"image-bg-circle\" style=\"background-image: url(https:\/\/energiaadebate.com\/foro-energia\/wp-content\/uploads\/2025\/03\/Javier-Gutierrez-Bucero.png)\"><\/div><\/a>\n    <\/div><figcaption>\n      <h3><a href=\"javascript:;\">Fluvio Ruiz<\/a><\/h3>\n                  <p>Licenciado en F\u00edsica por la Facultad de Ciencias de la UNAM, posee la Maestr\u00eda en Ingenier\u00eda de Exploraci\u00f3n Petrolera por la Facultad de Ingenier\u00eda de la misma universidad. Adem\u00e1s, realiz\u00f3 los estudios de Maestr\u00eda y Doctorado en Econom\u00eda de la Energ\u00eda en la Universidad Pierre Mend\u00e8s de Grenoble y en la Universidad de Par\u00eds III, [&hellip;]<\/p>\n                <\/figcaption>\n  <\/div>\n  <\/figure>\t\t\t\t\t<div class=\"exclearfix\"><\/div>\n\t\t\t\t\t<\/div>\n\t\t\t\t\t<\/div><div class=\"tpitem-list item-grid\" data-id=\"ex_id-extp-6289-1296\"> \t\t\t\t\t<div class=\"exp-arrow exlightbox exlb-extp-6289\" \n\t\t\t\t\t href=\"https:\/\/energiaadebate.com\/foro-energia\/wp-content\/uploads\/2025\/03\/Ana-Lilia-Moreno-1.jpg\" data-glightbox=\"descPosition: right;\" data-class=\"exlb-extp-6289\" >\n\t\t\t\t\t\t\t\t\t<div class=\"glightbox-desc\">\n\t\t      <div class=\"exp-lightbox-info\">\n\t<div class=\"lb-image\"><a href=\"javascript:;\"><img loading=\"lazy\" decoding=\"async\" width=\"600\" height=\"600\" src=\"https:\/\/energiaadebate.com\/foro-energia\/wp-content\/uploads\/2025\/03\/Ana-Lilia-Moreno-1.jpg\" class=\"attachment-full size-full wp-post-image\" alt=\"\" srcset=\"https:\/\/energiaadebate.com\/foro-energia\/wp-content\/uploads\/2025\/03\/Ana-Lilia-Moreno-1.jpg 600w, https:\/\/energiaadebate.com\/foro-energia\/wp-content\/uploads\/2025\/03\/Ana-Lilia-Moreno-1-300x300.jpg 300w, https:\/\/energiaadebate.com\/foro-energia\/wp-content\/uploads\/2025\/03\/Ana-Lilia-Moreno-1-150x150.jpg 150w, https:\/\/energiaadebate.com\/foro-energia\/wp-content\/uploads\/2025\/03\/Ana-Lilia-Moreno-1-370x370.jpg 370w, https:\/\/energiaadebate.com\/foro-energia\/wp-content\/uploads\/2025\/03\/Ana-Lilia-Moreno-1-75x75.jpg 75w\" sizes=\"auto, (max-width: 600px) 100vw, 600px\" \/><\/a><\/div>\n    <div class=\"lb-info\">\n        <h3><a href=\"javascript:;\">Ana Lilia Moreno<\/a><\/h3>\n        <div class=\"exp-lightbox-meta\">\n            <div class=\"lb-social\"><\/div>\n                                            <\/div>\n        <div class=\"extp-mb-content\"><p>Es licenciada en Econom\u00eda por la Universidad Panamericana con estudios de Maestr\u00eda en Econom\u00eda Aplicada por la Universidad de East Anglia, Reino Unido. Realiz\u00f3 estudios en Filosof\u00eda Pol\u00edtica en la Universidad de Notre Dame, Illinois, Estados Unidos, y curs\u00f3 el diplomado en Derecho de la Competencia Econ\u00f3mica en la Universidad Iberoamericana. Fue gerente senior de consultor\u00eda en precios de transferencia y planeaci\u00f3n fiscal en KPMG M\u00e9xico y Deloitte. Fue investigadora y coordinadora de proyectos de competencia, regulaci\u00f3n y desarrollo econ\u00f3mico en el CIDAC y directora de \u00e1rea en el Pleno del Ifetel. Su l\u00ednea de investigaci\u00f3n se ha centrado en gobierno corporativo, regulaci\u00f3n y competencia econ\u00f3mica, as\u00ed como en la construcci\u00f3n de una herramienta de evaluaci\u00f3n para medir la transparencia corporativa de Pemex y CFE. Actualmente se desempe\u00f1a como coordinadora del Programa de Competencia y Regulaci\u00f3n en M\u00e9xico Eval\u00faa. Es integrante del grupo Voz Experta<\/p>\n        <\/div>\n    <\/div>\n<\/div>\t\t    <\/div>\n    \t\t\t\t\t\t\t<figure class=\"tpstyle-list-3 tppost-1296\">\n  <div class=\"tplist-3-info\">\n    <div class=\"tplist-3-image\">\n      <a href=\"javascript:;\"><div class=\"image-bg-circle\" style=\"background-image: url(https:\/\/energiaadebate.com\/foro-energia\/wp-content\/uploads\/2025\/03\/Ana-Lilia-Moreno-1.jpg)\"><\/div><\/a>\n    <\/div><figcaption>\n      <h3><a href=\"javascript:;\">Ana Lilia Moreno<\/a><\/h3>\n                  <p>Es licenciada en Econom\u00eda por la Universidad Panamericana con estudios de Maestr\u00eda en Econom\u00eda Aplicada por la Universidad de East Anglia, Reino Unido. Realiz\u00f3 estudios en Filosof\u00eda Pol\u00edtica en la Universidad de Notre Dame, Illinois, Estados Unidos, y curs\u00f3 el diplomado en Derecho de la Competencia Econ\u00f3mica en la Universidad Iberoamericana. Fue gerente senior de [&hellip;]<\/p>\n                <\/figcaption>\n  <\/div>\n  <\/figure>\t\t\t\t\t<div class=\"exclearfix\"><\/div>\n\t\t\t\t\t<\/div>\n\t\t\t\t\t<\/div><div class=\"tpitem-list item-grid\" data-id=\"ex_id-extp-6289-1455\"> \t\t\t\t\t<div class=\"exp-arrow exlightbox exlb-extp-6289\" \n\t\t\t\t\t href=\"https:\/\/energiaadebate.com\/foro-energia\/wp-content\/uploads\/2025\/03\/Olga-Patricia-Sosa-Ruiz.png\" data-glightbox=\"descPosition: right;\" data-class=\"exlb-extp-6289\" >\n\t\t\t\t\t\t\t\t\t<div class=\"glightbox-desc\">\n\t\t      <div class=\"exp-lightbox-info\">\n\t<div class=\"lb-image\"><a href=\"javascript:;\"><img loading=\"lazy\" decoding=\"async\" width=\"600\" height=\"600\" src=\"https:\/\/energiaadebate.com\/foro-energia\/wp-content\/uploads\/2025\/03\/Olga-Patricia-Sosa-Ruiz.png\" class=\"attachment-full size-full wp-post-image\" alt=\"\" srcset=\"https:\/\/energiaadebate.com\/foro-energia\/wp-content\/uploads\/2025\/03\/Olga-Patricia-Sosa-Ruiz.png 600w, https:\/\/energiaadebate.com\/foro-energia\/wp-content\/uploads\/2025\/03\/Olga-Patricia-Sosa-Ruiz-300x300.png 300w, https:\/\/energiaadebate.com\/foro-energia\/wp-content\/uploads\/2025\/03\/Olga-Patricia-Sosa-Ruiz-150x150.png 150w, https:\/\/energiaadebate.com\/foro-energia\/wp-content\/uploads\/2025\/03\/Olga-Patricia-Sosa-Ruiz-370x370.png 370w, https:\/\/energiaadebate.com\/foro-energia\/wp-content\/uploads\/2025\/03\/Olga-Patricia-Sosa-Ruiz-75x75.png 75w\" sizes=\"auto, (max-width: 600px) 100vw, 600px\" \/><\/a><\/div>\n    <div class=\"lb-info\">\n        <h3><a href=\"javascript:;\">Sen. Olga Patricia Sosa<\/a><\/h3>\n        <div class=\"exp-lightbox-meta\">\n            <div class=\"lb-social\"><\/div>\n                                            <\/div>\n        <div class=\"extp-mb-content\"><p>Cuenta con una Licenciatura en Administraci\u00f3n por el Instituto de Estudios Superiores de Tamaulipas, as\u00ed como una Maestr\u00eda en Administraci\u00f3n P\u00fablica. En el \u00e1mbito pol\u00edtico ha sido consejera municipal, estatal y nacional, as\u00ed como diputada local en su natal Tamaulipas y en el \u00e1mbito federal. Tambi\u00e9n fue presidenta de la Organizaci\u00f3n Nacional de Mujeres. En la administraci\u00f3n p\u00fablica destaca su gesti\u00f3n como directora del Instituto de la Mujer. En la academia, ha sido profesora de Administraci\u00f3n y Mercadotecnia en la Facultad de Arquitectura Dise\u00f1o y Urbanismo de la Universidad Aut\u00f3noma de Tamaulipas. Ahora es senadora por su entidad.<\/p>\n<p>&nbsp;<\/p>\n        <\/div>\n    <\/div>\n<\/div>\t\t    <\/div>\n    \t\t\t\t\t\t\t<figure class=\"tpstyle-list-3 tppost-1455\">\n  <div class=\"tplist-3-info\">\n    <div class=\"tplist-3-image\">\n      <a href=\"javascript:;\"><div class=\"image-bg-circle\" style=\"background-image: url(https:\/\/energiaadebate.com\/foro-energia\/wp-content\/uploads\/2025\/03\/Olga-Patricia-Sosa-Ruiz.png)\"><\/div><\/a>\n    <\/div><figcaption>\n      <h3><a href=\"javascript:;\">Sen. Olga Patricia Sosa<\/a><\/h3>\n                  <p>Cuenta con una Licenciatura en Administraci\u00f3n por el Instituto de Estudios Superiores de Tamaulipas, as\u00ed como una Maestr\u00eda en Administraci\u00f3n P\u00fablica. En el \u00e1mbito pol\u00edtico ha sido consejera municipal, estatal y nacional, as\u00ed como diputada local en su natal Tamaulipas y en el \u00e1mbito federal. Tambi\u00e9n fue presidenta de la Organizaci\u00f3n Nacional de Mujeres. En [&hellip;]<\/p>\n                <\/figcaption>\n  <\/div>\n  <\/figure>\t\t\t\t\t<div class=\"exclearfix\"><\/div>\n\t\t\t\t\t<\/div>\n\t\t\t\t\t<\/div><div class=\"tpitem-list item-grid\" data-id=\"ex_id-extp-6289-1299\"> \t\t\t\t\t<div class=\"exp-arrow exlightbox exlb-extp-6289\" \n\t\t\t\t\t href=\"https:\/\/energiaadebate.com\/foro-energia\/wp-content\/uploads\/2025\/03\/Vania-Laban-2.jpg\" data-glightbox=\"descPosition: right;\" data-class=\"exlb-extp-6289\" >\n\t\t\t\t\t\t\t\t\t<div class=\"glightbox-desc\">\n\t\t      <div class=\"exp-lightbox-info\">\n\t<div class=\"lb-image\"><a href=\"javascript:;\"><img loading=\"lazy\" decoding=\"async\" width=\"600\" height=\"600\" src=\"https:\/\/energiaadebate.com\/foro-energia\/wp-content\/uploads\/2025\/03\/Vania-Laban-2.jpg\" class=\"attachment-full size-full wp-post-image\" alt=\"\" srcset=\"https:\/\/energiaadebate.com\/foro-energia\/wp-content\/uploads\/2025\/03\/Vania-Laban-2.jpg 600w, https:\/\/energiaadebate.com\/foro-energia\/wp-content\/uploads\/2025\/03\/Vania-Laban-2-300x300.jpg 300w, https:\/\/energiaadebate.com\/foro-energia\/wp-content\/uploads\/2025\/03\/Vania-Laban-2-150x150.jpg 150w, https:\/\/energiaadebate.com\/foro-energia\/wp-content\/uploads\/2025\/03\/Vania-Laban-2-370x370.jpg 370w, https:\/\/energiaadebate.com\/foro-energia\/wp-content\/uploads\/2025\/03\/Vania-Laban-2-75x75.jpg 75w\" sizes=\"auto, (max-width: 600px) 100vw, 600px\" \/><\/a><\/div>\n    <div class=\"lb-info\">\n        <h3><a href=\"javascript:;\">Vania Lab\u00e1n<\/a><\/h3>\n        <div class=\"exp-lightbox-meta\">\n            <div class=\"lb-social\"><\/div>\n                                            <\/div>\n        <div class=\"extp-mb-content\"><p>Es licenciada en Econom\u00eda por el ITAM. Tiene m\u00e1s de 20 a\u00f1os de trayectoria en el sector energ\u00e9tico lo que la ha posicionado como una experta y una voz autorizada en esta industria. Esta trayectoria la ha llevado a ocupar distintos cargos tanto en la administraci\u00f3n p\u00fablica, como en la iniciativa privada. Se ha desempe\u00f1ado como asesora del secretario de Energ\u00eda y ha vicepresidenta de Asuntos Corporativos en Engie M\u00e9xico, cubriendo temas de sustentabilidad, regulaci\u00f3n, marketing y relacionamiento institucional. Actualmente es vicepresidenta de Asuntos Corporativos de Essentia Energy Systems y presidenta de la Asociaci\u00f3n Mexicana de Gas Natural. Es integrante del grupo Voz Experta.<\/p>\n        <\/div>\n    <\/div>\n<\/div>\t\t    <\/div>\n    \t\t\t\t\t\t\t<figure class=\"tpstyle-list-3 tppost-1299\">\n  <div class=\"tplist-3-info\">\n    <div class=\"tplist-3-image\">\n      <a href=\"javascript:;\"><div class=\"image-bg-circle\" style=\"background-image: url(https:\/\/energiaadebate.com\/foro-energia\/wp-content\/uploads\/2025\/03\/Vania-Laban-2.jpg)\"><\/div><\/a>\n    <\/div><figcaption>\n      <h3><a href=\"javascript:;\">Vania Lab\u00e1n<\/a><\/h3>\n                  <p>Es licenciada en Econom\u00eda por el ITAM. Tiene m\u00e1s de 20 a\u00f1os de trayectoria en el sector energ\u00e9tico lo que la ha posicionado como una experta y una voz autorizada en esta industria. Esta trayectoria la ha llevado a ocupar distintos cargos tanto en la administraci\u00f3n p\u00fablica, como en la iniciativa privada. Se ha desempe\u00f1ado [&hellip;]<\/p>\n                <\/figcaption>\n  <\/div>\n  <\/figure>\t\t\t\t\t<div class=\"exclearfix\"><\/div>\n\t\t\t\t\t<\/div>\n\t\t\t\t\t<\/div><div class=\"tpitem-list item-grid\" data-id=\"ex_id-extp-6289-1300\"> \t\t\t\t\t<div class=\"exp-arrow exlightbox exlb-extp-6289\" \n\t\t\t\t\t href=\"https:\/\/energiaadebate.com\/foro-energia\/wp-content\/uploads\/2025\/03\/Sergio-Pimentel-Vargas-3.jpg\" data-glightbox=\"descPosition: right;\" data-class=\"exlb-extp-6289\" >\n\t\t\t\t\t\t\t\t\t<div class=\"glightbox-desc\">\n\t\t      <div class=\"exp-lightbox-info\">\n\t<div class=\"lb-image\"><a href=\"javascript:;\"><img loading=\"lazy\" decoding=\"async\" width=\"600\" height=\"600\" src=\"https:\/\/energiaadebate.com\/foro-energia\/wp-content\/uploads\/2025\/03\/Sergio-Pimentel-Vargas-3.jpg\" class=\"attachment-full size-full wp-post-image\" alt=\"\" srcset=\"https:\/\/energiaadebate.com\/foro-energia\/wp-content\/uploads\/2025\/03\/Sergio-Pimentel-Vargas-3.jpg 600w, https:\/\/energiaadebate.com\/foro-energia\/wp-content\/uploads\/2025\/03\/Sergio-Pimentel-Vargas-3-300x300.jpg 300w, https:\/\/energiaadebate.com\/foro-energia\/wp-content\/uploads\/2025\/03\/Sergio-Pimentel-Vargas-3-150x150.jpg 150w, https:\/\/energiaadebate.com\/foro-energia\/wp-content\/uploads\/2025\/03\/Sergio-Pimentel-Vargas-3-370x370.jpg 370w, https:\/\/energiaadebate.com\/foro-energia\/wp-content\/uploads\/2025\/03\/Sergio-Pimentel-Vargas-3-75x75.jpg 75w\" sizes=\"auto, (max-width: 600px) 100vw, 600px\" \/><\/a><\/div>\n    <div class=\"lb-info\">\n        <h3><a href=\"javascript:;\">Sergio Pimentel<\/a><\/h3>\n        <div class=\"exp-lightbox-meta\">\n            <div class=\"lb-social\"><\/div>\n                                            <\/div>\n        <div class=\"extp-mb-content\"><p>Es abogado por la Escuela Libre de Derecho. Cuenta con una destacada carera en el \u00e1mbito p\u00fablico, ocupando diversos cargos relacionados con la asesor\u00eda jur\u00eddica, como en la extinta PGR, en la Secretar\u00eda de Gobernaci\u00f3n y en la Consejer\u00eda Jur\u00eddica del Ejecutivo Federal donde posteriormente ser\u00eda director general adjunto de Estudios Constitucionales e Instrumentos Presidenciales. Asimismo, fue asesor del C\u00f3nsul General de M\u00e9xico en Houston, Texas. En el sector energ\u00e9tico destaca su gesti\u00f3n como director general adjunto de Regulaci\u00f3n Jur\u00eddica de Hidrocarburos y despu\u00e9s director general de Asuntos Jur\u00eddicos de la CRE. Fue comisionado de la Comisi\u00f3n Nacional de Hidrocarburos (CNH) y, al finalizar esta responsabilidad, se integr\u00f3 como socio de la Pr\u00e1ctica de Energ\u00eda en Agon. Actualmente funge como director jur\u00eddico de Jaguar Exploraci\u00f3n y Extracci\u00f3n de Hidrocarburos.<\/p>\n<p>&nbsp;<\/p>\n        <\/div>\n    <\/div>\n<\/div>\t\t    <\/div>\n    \t\t\t\t\t\t\t<figure class=\"tpstyle-list-3 tppost-1300\">\n  <div class=\"tplist-3-info\">\n    <div class=\"tplist-3-image\">\n      <a href=\"javascript:;\"><div class=\"image-bg-circle\" style=\"background-image: url(https:\/\/energiaadebate.com\/foro-energia\/wp-content\/uploads\/2025\/03\/Sergio-Pimentel-Vargas-3.jpg)\"><\/div><\/a>\n    <\/div><figcaption>\n      <h3><a href=\"javascript:;\">Sergio Pimentel<\/a><\/h3>\n                  <p>Es abogado por la Escuela Libre de Derecho. Cuenta con una destacada carera en el \u00e1mbito p\u00fablico, ocupando diversos cargos relacionados con la asesor\u00eda jur\u00eddica, como en la extinta PGR, en la Secretar\u00eda de Gobernaci\u00f3n y en la Consejer\u00eda Jur\u00eddica del Ejecutivo Federal donde posteriormente ser\u00eda director general adjunto de Estudios Constitucionales e Instrumentos Presidenciales. [&hellip;]<\/p>\n                <\/figcaption>\n  <\/div>\n  <\/figure>\t\t\t\t\t<div class=\"exclearfix\"><\/div>\n\t\t\t\t\t<\/div>\n\t\t\t\t\t<\/div><div class=\"tpitem-list item-grid\" data-id=\"ex_id-extp-6289-1549\"> \t\t\t\t\t<div class=\"exp-arrow exlightbox exlb-extp-6289\" \n\t\t\t\t\t href=\"https:\/\/energiaadebate.com\/foro-energia\/wp-content\/uploads\/2025\/03\/Diana-Pineda-Esteban-1.png\" data-glightbox=\"descPosition: right;\" data-class=\"exlb-extp-6289\" >\n\t\t\t\t\t\t\t\t\t<div class=\"glightbox-desc\">\n\t\t      <div class=\"exp-lightbox-info\">\n\t<div class=\"lb-image\"><a href=\"javascript:;\"><img loading=\"lazy\" decoding=\"async\" width=\"600\" height=\"600\" src=\"https:\/\/energiaadebate.com\/foro-energia\/wp-content\/uploads\/2025\/03\/Diana-Pineda-Esteban-1.png\" class=\"attachment-full size-full wp-post-image\" alt=\"\" srcset=\"https:\/\/energiaadebate.com\/foro-energia\/wp-content\/uploads\/2025\/03\/Diana-Pineda-Esteban-1.png 600w, https:\/\/energiaadebate.com\/foro-energia\/wp-content\/uploads\/2025\/03\/Diana-Pineda-Esteban-1-300x300.png 300w, https:\/\/energiaadebate.com\/foro-energia\/wp-content\/uploads\/2025\/03\/Diana-Pineda-Esteban-1-150x150.png 150w, https:\/\/energiaadebate.com\/foro-energia\/wp-content\/uploads\/2025\/03\/Diana-Pineda-Esteban-1-370x370.png 370w, https:\/\/energiaadebate.com\/foro-energia\/wp-content\/uploads\/2025\/03\/Diana-Pineda-Esteban-1-75x75.png 75w\" sizes=\"auto, (max-width: 600px) 100vw, 600px\" \/><\/a><\/div>\n    <div class=\"lb-info\">\n        <h3><a href=\"javascript:;\">Diana Pineda<\/a><\/h3>\n        <div class=\"exp-lightbox-meta\">\n            <div class=\"lb-social\"><\/div>\n                                            <\/div>\n        <div class=\"extp-mb-content\"><p>Abogada por la Universidad An\u00e1huac M\u00e9xico Norte, posee una Maestr\u00eda en Ciencias en Negociaci\u00f3n y Resoluci\u00f3n de Controversias por la Universidad de Columbia, EE.UU. Adem\u00e1s tiene estudios de posgrado en Derecho Civil por la Escuela Libre de Derecho, y particip\u00f3 en el Programa de Derecho Internacional, Universidad Pontificia de Comillas (ICADE), de Madrid, Espa\u00f1a. Cuenta con una s\u00f3lida experiencia en asuntos del sector energ\u00e9tico, desde el desarrollo de proyectos hasta la resoluci\u00f3n de disputas. Representa a clientes nacionales e internacionales en la estructuraci\u00f3n de proyectos de energ\u00eda e infraestructura y negociaci\u00f3n de contratos complejos y multi-jurisdiccionales. Tambi\u00e9n representa a clientes en litigios administrativos en materia energ\u00e9tica y de arbitraje nacional e internacional.<\/p>\n<p>Antes de unirse a Sainz, Diana se desempe\u00f1\u00f3 como Directora Jur\u00eddica en Silver Fuels, Inc. y Silver Fuels, LLC, una firma de trading con operaciones en Houston y Ciudad de M\u00e9xico. Adem\u00e1s, tiene m\u00e1s de cinco a\u00f1os de experiencia en litigio y resoluci\u00f3n de disputas en asuntos mercantiles, administrativos y constitucionales. Diana tambi\u00e9n trabaj\u00f3 como Investigadora Legal en el Columbia Center on Sustainable Investment en Nueva York, Estados Unidos, enfocado en inversi\u00f3n extranjera sostenible.<\/p>\n        <\/div>\n    <\/div>\n<\/div>\t\t    <\/div>\n    \t\t\t\t\t\t\t<figure class=\"tpstyle-list-3 tppost-1549\">\n  <div class=\"tplist-3-info\">\n    <div class=\"tplist-3-image\">\n      <a href=\"javascript:;\"><div class=\"image-bg-circle\" style=\"background-image: url(https:\/\/energiaadebate.com\/foro-energia\/wp-content\/uploads\/2025\/03\/Diana-Pineda-Esteban-1.png)\"><\/div><\/a>\n    <\/div><figcaption>\n      <h3><a href=\"javascript:;\">Diana Pineda<\/a><\/h3>\n                  <p>Abogada por la Universidad An\u00e1huac M\u00e9xico Norte, posee una Maestr\u00eda en Ciencias en Negociaci\u00f3n y Resoluci\u00f3n de Controversias por la Universidad de Columbia, EE.UU. Adem\u00e1s tiene estudios de posgrado en Derecho Civil por la Escuela Libre de Derecho, y particip\u00f3 en el Programa de Derecho Internacional, Universidad Pontificia de Comillas (ICADE), de Madrid, Espa\u00f1a. Cuenta [&hellip;]<\/p>\n                <\/figcaption>\n  <\/div>\n  <\/figure>\t\t\t\t\t<div class=\"exclearfix\"><\/div>\n\t\t\t\t\t<\/div>\n\t\t\t\t\t<\/div><div class=\"tpitem-list item-grid\" data-id=\"ex_id-extp-6289-1551\"> \t\t\t\t\t<div class=\"exp-arrow exlightbox exlb-extp-6289\" \n\t\t\t\t\t href=\"https:\/\/energiaadebate.com\/foro-energia\/wp-content\/uploads\/2025\/03\/Daniel-Bustos.jpg\" data-glightbox=\"descPosition: right;\" data-class=\"exlb-extp-6289\" >\n\t\t\t\t\t\t\t\t\t<div class=\"glightbox-desc\">\n\t\t      <div class=\"exp-lightbox-info\">\n\t<div class=\"lb-image\"><a href=\"javascript:;\"><img loading=\"lazy\" decoding=\"async\" width=\"642\" height=\"642\" src=\"https:\/\/energiaadebate.com\/foro-energia\/wp-content\/uploads\/2025\/03\/Daniel-Bustos.jpg\" class=\"attachment-full size-full wp-post-image\" alt=\"\" srcset=\"https:\/\/energiaadebate.com\/foro-energia\/wp-content\/uploads\/2025\/03\/Daniel-Bustos.jpg 642w, https:\/\/energiaadebate.com\/foro-energia\/wp-content\/uploads\/2025\/03\/Daniel-Bustos-300x300.jpg 300w, https:\/\/energiaadebate.com\/foro-energia\/wp-content\/uploads\/2025\/03\/Daniel-Bustos-150x150.jpg 150w, https:\/\/energiaadebate.com\/foro-energia\/wp-content\/uploads\/2025\/03\/Daniel-Bustos-370x370.jpg 370w, https:\/\/energiaadebate.com\/foro-energia\/wp-content\/uploads\/2025\/03\/Daniel-Bustos-75x75.jpg 75w\" sizes=\"auto, (max-width: 642px) 100vw, 642px\" \/><\/a><\/div>\n    <div class=\"lb-info\">\n        <h3><a href=\"javascript:;\">Daniel Bustos<\/a><\/h3>\n        <div class=\"exp-lightbox-meta\">\n            <div class=\"lb-social\"><\/div>\n                                            <\/div>\n        <div class=\"extp-mb-content\"><p>Es egresado de la carrera de Ciencias de la Ingenier\u00eda Nuclear con una Maestr\u00eda en Medicina Nuclear, ambas por la Universidad Nacional de Cuyo, Argentina. Cuenta con una vasta experiencia en el ramo de los hidrocarburos, especialmente en el gas natural y gas natural licuado (GNL). En la empresa Repsol ocup\u00f3 diversos cargos, entre los que destaca la Gerencia de Abastecimiento de Gas. Posteriormente ingres\u00f3 a Excelerate Energy, en donde se desempe\u00f1\u00f3 en altas responsabilidades, como vicepresidente senior de Originaci\u00f3n de Proyectos, director comercial y asesor senior. Ahora trabaja en Essentia Energy Systems donde fue director comercial y de Desarrollo de Negocios para ocupar su cargo actual como consejero delegado.<\/p>\n<p>&nbsp;<\/p>\n        <\/div>\n    <\/div>\n<\/div>\t\t    <\/div>\n    \t\t\t\t\t\t\t<figure class=\"tpstyle-list-3 tppost-1551\">\n  <div class=\"tplist-3-info\">\n    <div class=\"tplist-3-image\">\n      <a href=\"javascript:;\"><div class=\"image-bg-circle\" style=\"background-image: url(https:\/\/energiaadebate.com\/foro-energia\/wp-content\/uploads\/2025\/03\/Daniel-Bustos.jpg)\"><\/div><\/a>\n    <\/div><figcaption>\n      <h3><a href=\"javascript:;\">Daniel Bustos<\/a><\/h3>\n                  <p>Es egresado de la carrera de Ciencias de la Ingenier\u00eda Nuclear con una Maestr\u00eda en Medicina Nuclear, ambas por la Universidad Nacional de Cuyo, Argentina. Cuenta con una vasta experiencia en el ramo de los hidrocarburos, especialmente en el gas natural y gas natural licuado (GNL). En la empresa Repsol ocup\u00f3 diversos cargos, entre los [&hellip;]<\/p>\n                <\/figcaption>\n  <\/div>\n  <\/figure>\t\t\t\t\t<div class=\"exclearfix\"><\/div>\n\t\t\t\t\t<\/div>\n\t\t\t\t\t<\/div><div class=\"tpitem-list item-grid\" data-id=\"ex_id-extp-6289-1553\"> \t\t\t\t\t<div class=\"exp-arrow exlightbox exlb-extp-6289\" \n\t\t\t\t\t href=\"https:\/\/energiaadebate.com\/foro-energia\/wp-content\/uploads\/2025\/03\/erendira.jpg\" data-glightbox=\"descPosition: right;\" data-class=\"exlb-extp-6289\" >\n\t\t\t\t\t\t\t\t\t<div class=\"glightbox-desc\">\n\t\t      <div class=\"exp-lightbox-info\">\n\t<div class=\"lb-image\"><a href=\"javascript:;\"><img loading=\"lazy\" decoding=\"async\" width=\"600\" height=\"600\" src=\"https:\/\/energiaadebate.com\/foro-energia\/wp-content\/uploads\/2025\/03\/erendira.jpg\" class=\"attachment-full size-full wp-post-image\" alt=\"\" srcset=\"https:\/\/energiaadebate.com\/foro-energia\/wp-content\/uploads\/2025\/03\/erendira.jpg 600w, https:\/\/energiaadebate.com\/foro-energia\/wp-content\/uploads\/2025\/03\/erendira-300x300.jpg 300w, https:\/\/energiaadebate.com\/foro-energia\/wp-content\/uploads\/2025\/03\/erendira-150x150.jpg 150w, https:\/\/energiaadebate.com\/foro-energia\/wp-content\/uploads\/2025\/03\/erendira-370x370.jpg 370w, https:\/\/energiaadebate.com\/foro-energia\/wp-content\/uploads\/2025\/03\/erendira-75x75.jpg 75w\" sizes=\"auto, (max-width: 600px) 100vw, 600px\" \/><\/a><\/div>\n    <div class=\"lb-info\">\n        <h3><a href=\"javascript:;\">Er\u00e9ndira Corral (Por confirmar)<\/a><\/h3>\n        <div class=\"exp-lightbox-meta\">\n            <div class=\"lb-social\"><\/div>\n                                            <\/div>\n        <div class=\"extp-mb-content\"><p>Es economista con estudios de Maestr\u00eda en Econom\u00eda Ambiental y posgrados en Evaluaci\u00f3n de Proyectos de Inversi\u00f3n y Econometr\u00eda. Se ha desempe\u00f1ado profesionalmente en el sector privado y p\u00fablico, adem\u00e1s de proporcionar asesor\u00edas como consultora en los dos \u00e1mbitos. Ha trabajado en las Secretar\u00edas de Medio Ambiente y de Educaci\u00f3n de la CDMX, y en la Secretar\u00eda de Desarrollo Social federal, entre otras responsabilidades como funcionaria p\u00fablica. Ha realizado importantes an\u00e1lisis, evaluaciones y desarrollo en temas relativos a costo-beneficio, de factibilidad de inversiones y pol\u00edticas p\u00fabicas para diferentes organizaciones privadas y p\u00fablicas, entre ellas, el CESPEDES, el Cenace y la CFE. Actualmente ocupa las Direcciones Generales de CFEnerg\u00eda y CFE Internacional.<\/p>\n        <\/div>\n    <\/div>\n<\/div>\t\t    <\/div>\n    \t\t\t\t\t\t\t<figure class=\"tpstyle-list-3 tppost-1553\">\n  <div class=\"tplist-3-info\">\n    <div class=\"tplist-3-image\">\n      <a href=\"javascript:;\"><div class=\"image-bg-circle\" style=\"background-image: url(https:\/\/energiaadebate.com\/foro-energia\/wp-content\/uploads\/2025\/03\/erendira.jpg)\"><\/div><\/a>\n    <\/div><figcaption>\n      <h3><a href=\"javascript:;\">Er\u00e9ndira Corral (Por confirmar)<\/a><\/h3>\n                  <p>Es economista con estudios de Maestr\u00eda en Econom\u00eda Ambiental y posgrados en Evaluaci\u00f3n de Proyectos de Inversi\u00f3n y Econometr\u00eda. Se ha desempe\u00f1ado profesionalmente en el sector privado y p\u00fablico, adem\u00e1s de proporcionar asesor\u00edas como consultora en los dos \u00e1mbitos. Ha trabajado en las Secretar\u00edas de Medio Ambiente y de Educaci\u00f3n de la CDMX, y en [&hellip;]<\/p>\n                <\/figcaption>\n  <\/div>\n  <\/figure>\t\t\t\t\t<div class=\"exclearfix\"><\/div>\n\t\t\t\t\t<\/div>\n\t\t\t\t\t<\/div><div class=\"tpitem-list item-grid\" data-id=\"ex_id-extp-6289-1640\"> \t\t\t\t\t<div class=\"exp-arrow exlightbox exlb-extp-6289\" \n\t\t\t\t\t href=\"https:\/\/energiaadebate.com\/foro-energia\/wp-content\/uploads\/2025\/03\/2f9c8f4e-26d4-4de7-8b41-b60877c3b530.jpg\" data-glightbox=\"descPosition: right;\" data-class=\"exlb-extp-6289\" >\n\t\t\t\t\t\t\t\t\t<div class=\"glightbox-desc\">\n\t\t      <div class=\"exp-lightbox-info\">\n\t<div class=\"lb-image\"><a href=\"javascript:;\"><img loading=\"lazy\" decoding=\"async\" width=\"600\" height=\"600\" src=\"https:\/\/energiaadebate.com\/foro-energia\/wp-content\/uploads\/2025\/03\/2f9c8f4e-26d4-4de7-8b41-b60877c3b530.jpg\" class=\"attachment-full size-full wp-post-image\" alt=\"\" srcset=\"https:\/\/energiaadebate.com\/foro-energia\/wp-content\/uploads\/2025\/03\/2f9c8f4e-26d4-4de7-8b41-b60877c3b530.jpg 600w, https:\/\/energiaadebate.com\/foro-energia\/wp-content\/uploads\/2025\/03\/2f9c8f4e-26d4-4de7-8b41-b60877c3b530-300x300.jpg 300w, https:\/\/energiaadebate.com\/foro-energia\/wp-content\/uploads\/2025\/03\/2f9c8f4e-26d4-4de7-8b41-b60877c3b530-150x150.jpg 150w, https:\/\/energiaadebate.com\/foro-energia\/wp-content\/uploads\/2025\/03\/2f9c8f4e-26d4-4de7-8b41-b60877c3b530-370x370.jpg 370w, https:\/\/energiaadebate.com\/foro-energia\/wp-content\/uploads\/2025\/03\/2f9c8f4e-26d4-4de7-8b41-b60877c3b530-75x75.jpg 75w\" sizes=\"auto, (max-width: 600px) 100vw, 600px\" \/><\/a><\/div>\n    <div class=\"lb-info\">\n        <h3><a href=\"javascript:;\">Abraham Zamora<\/a><\/h3>\n        <div class=\"exp-lightbox-meta\">\n            <div class=\"lb-social\"><\/div>\n                                            <\/div>\n        <div class=\"extp-mb-content\"><p>Abraham Zamora es el principal representante de Sempra Infraestructura en M\u00e9xico y es responsable de los asuntos gubernamentales, regulatorios y p\u00fablicos de la empresa. Adem\u00e1s, como director ejecutivo de asuntos externos y director ejecutivo de sustentabilidad, est\u00e1n bajo su responsabilidad las estrategias de asuntos externos y de sustentabilidad de la compa\u00f1\u00eda en EE.UU. y M\u00e9xico. Zamora cuenta con m\u00e1s de 25 a\u00f1os de experiencia en asuntos p\u00fablicos, desarrollo y financiamiento de infraestructura, relaciones internacionales y sostenibilidad tanto en el sector p\u00fablico como en el privado. Zamora se uni\u00f3 a la familia de empresas de Sempra en 2018.<\/p>\n        <\/div>\n    <\/div>\n<\/div>\t\t    <\/div>\n    \t\t\t\t\t\t\t<figure class=\"tpstyle-list-3 tppost-1640\">\n  <div class=\"tplist-3-info\">\n    <div class=\"tplist-3-image\">\n      <a href=\"javascript:;\"><div class=\"image-bg-circle\" style=\"background-image: url(https:\/\/energiaadebate.com\/foro-energia\/wp-content\/uploads\/2025\/03\/2f9c8f4e-26d4-4de7-8b41-b60877c3b530.jpg)\"><\/div><\/a>\n    <\/div><figcaption>\n      <h3><a href=\"javascript:;\">Abraham Zamora<\/a><\/h3>\n                  <p>Abraham Zamora es el principal representante de Sempra Infraestructura en M\u00e9xico y es responsable de los asuntos gubernamentales, regulatorios y p\u00fablicos de la empresa. Adem\u00e1s, como director ejecutivo de asuntos externos y director ejecutivo de sustentabilidad, est\u00e1n bajo su responsabilidad las estrategias de asuntos externos y de sustentabilidad de la compa\u00f1\u00eda en EE.UU. y M\u00e9xico. [&hellip;]<\/p>\n                <\/figcaption>\n  <\/div>\n  <\/figure>\t\t\t\t\t<div class=\"exclearfix\"><\/div>\n\t\t\t\t\t<\/div>\n\t\t\t\t\t<\/div><div class=\"tpitem-list item-grid\" data-id=\"ex_id-extp-6289-1302\"> \t\t\t\t\t<div class=\"exp-arrow exlightbox exlb-extp-6289\" \n\t\t\t\t\t href=\"https:\/\/energiaadebate.com\/foro-energia\/wp-content\/uploads\/2025\/03\/Victor-Ramirez-2.jpg\" data-glightbox=\"descPosition: right;\" data-class=\"exlb-extp-6289\" >\n\t\t\t\t\t\t\t\t\t<div class=\"glightbox-desc\">\n\t\t      <div class=\"exp-lightbox-info\">\n\t<div class=\"lb-image\"><a href=\"javascript:;\"><img loading=\"lazy\" decoding=\"async\" width=\"600\" height=\"600\" src=\"https:\/\/energiaadebate.com\/foro-energia\/wp-content\/uploads\/2025\/03\/Victor-Ramirez-2.jpg\" class=\"attachment-full size-full wp-post-image\" alt=\"\" srcset=\"https:\/\/energiaadebate.com\/foro-energia\/wp-content\/uploads\/2025\/03\/Victor-Ramirez-2.jpg 600w, https:\/\/energiaadebate.com\/foro-energia\/wp-content\/uploads\/2025\/03\/Victor-Ramirez-2-300x300.jpg 300w, https:\/\/energiaadebate.com\/foro-energia\/wp-content\/uploads\/2025\/03\/Victor-Ramirez-2-150x150.jpg 150w, https:\/\/energiaadebate.com\/foro-energia\/wp-content\/uploads\/2025\/03\/Victor-Ramirez-2-370x370.jpg 370w, https:\/\/energiaadebate.com\/foro-energia\/wp-content\/uploads\/2025\/03\/Victor-Ramirez-2-75x75.jpg 75w\" sizes=\"auto, (max-width: 600px) 100vw, 600px\" \/><\/a><\/div>\n    <div class=\"lb-info\">\n        <h3><a href=\"javascript:;\">V\u00edctor Ram\u00edrez Cabrera<\/a><\/h3>\n        <div class=\"exp-lightbox-meta\">\n            <div class=\"lb-social\"><\/div>\n                                            <\/div>\n        <div class=\"extp-mb-content\"><p>Es doctor en Ciencias por la UNAM, adem\u00e1s cuenta con estudios en materia de Derecho Ambiental, Impacto Ambiental y Cambio Clim\u00e1tico por parte de la Escuela Europea de Direcci\u00f3n y Empresa. Tiene una destacada experiencia en gesti\u00f3n energ\u00e9tica, ambiental y de cambio clim\u00e1tico. Ha colaborado como asesor en el Senado de la Rep\u00fablica y coordinador de la Fundaci\u00f3n Liberal para el Desarrollo Sustentable. Se ha desempe\u00f1ado como director ejecutivo de la Asociaci\u00f3n Nacional de Energ\u00eda Solar, apoyando a gobiernos municipales, estatales y organismos del sector privado. Publica materiales y columnas sobre temas energ\u00e9ticos y de energ\u00edas renovables regularmente en diversos medios de comunicaci\u00f3n, como la revista Nexos; los portales La Lista y Conexiones 365, as\u00ed como en el peri\u00f3dico El Heraldo de Puebla, adem\u00e1s de ser el responsable de la organizaci\u00f3n del evento M\u00e9xico International Renewable Congress (MIREC). En 2019, fue galardonado como campe\u00f3n de la industria solar durante la celebraci\u00f3n del MIREC por sus aportaciones al sector. En 2020 y 2021 fue considerado uno de los 100 l\u00edderes del sector energ\u00e9tico por la revista Petr\u00f3leo y Energ\u00eda. Actualmente es socio de la firma de consultor\u00eda P21 Energ\u00eda y de Energ\u00eda a Debate.<\/p>\n        <\/div>\n    <\/div>\n<\/div>\t\t    <\/div>\n    \t\t\t\t\t\t\t<figure class=\"tpstyle-list-3 tppost-1302\">\n  <div class=\"tplist-3-info\">\n    <div class=\"tplist-3-image\">\n      <a href=\"javascript:;\"><div class=\"image-bg-circle\" style=\"background-image: url(https:\/\/energiaadebate.com\/foro-energia\/wp-content\/uploads\/2025\/03\/Victor-Ramirez-2.jpg)\"><\/div><\/a>\n    <\/div><figcaption>\n      <h3><a href=\"javascript:;\">V\u00edctor Ram\u00edrez Cabrera<\/a><\/h3>\n                  <p>Es doctor en Ciencias por la UNAM, adem\u00e1s cuenta con estudios en materia de Derecho Ambiental, Impacto Ambiental y Cambio Clim\u00e1tico por parte de la Escuela Europea de Direcci\u00f3n y Empresa. Tiene una destacada experiencia en gesti\u00f3n energ\u00e9tica, ambiental y de cambio clim\u00e1tico. Ha colaborado como asesor en el Senado de la Rep\u00fablica y coordinador [&hellip;]<\/p>\n                <\/figcaption>\n  <\/div>\n  <\/figure>\t\t\t\t\t<div class=\"exclearfix\"><\/div>\n\t\t\t\t\t<\/div>\n\t\t\t\t\t<\/div><div class=\"tpitem-list item-grid\" data-id=\"ex_id-extp-6289-1303\"> \t\t\t\t\t<div class=\"exp-arrow exlightbox exlb-extp-6289\" \n\t\t\t\t\t href=\"https:\/\/energiaadebate.com\/foro-energia\/wp-content\/uploads\/2025\/03\/Vidal-Llerenas-1.jpg\" data-glightbox=\"descPosition: right;\" data-class=\"exlb-extp-6289\" >\n\t\t\t\t\t\t\t\t\t<div class=\"glightbox-desc\">\n\t\t      <div class=\"exp-lightbox-info\">\n\t<div class=\"lb-image\"><a href=\"javascript:;\"><img loading=\"lazy\" decoding=\"async\" width=\"600\" height=\"600\" src=\"https:\/\/energiaadebate.com\/foro-energia\/wp-content\/uploads\/2025\/03\/Vidal-Llerenas-1.jpg\" class=\"attachment-full size-full wp-post-image\" alt=\"\" srcset=\"https:\/\/energiaadebate.com\/foro-energia\/wp-content\/uploads\/2025\/03\/Vidal-Llerenas-1.jpg 600w, https:\/\/energiaadebate.com\/foro-energia\/wp-content\/uploads\/2025\/03\/Vidal-Llerenas-1-300x300.jpg 300w, https:\/\/energiaadebate.com\/foro-energia\/wp-content\/uploads\/2025\/03\/Vidal-Llerenas-1-150x150.jpg 150w, https:\/\/energiaadebate.com\/foro-energia\/wp-content\/uploads\/2025\/03\/Vidal-Llerenas-1-370x370.jpg 370w, https:\/\/energiaadebate.com\/foro-energia\/wp-content\/uploads\/2025\/03\/Vidal-Llerenas-1-75x75.jpg 75w\" sizes=\"auto, (max-width: 600px) 100vw, 600px\" \/><\/a><\/div>\n    <div class=\"lb-info\">\n        <h3><a href=\"javascript:;\">Vidal Llerenas<\/a><\/h3>\n        <div class=\"exp-lightbox-meta\">\n            <div class=\"lb-social\"><\/div>\n                                            <\/div>\n        <div class=\"extp-mb-content\"><p>Es licenciado en Econom\u00eda por el ITAM, tiene una Maestr\u00eda en Pol\u00edtica y Gesti\u00f3n P\u00fablica por la Universidad de Essex, Reino Unido, y un Doctorado en Administraci\u00f3n y Gerencia P\u00fablica por la Universidad de York. Cuenta con 29 a\u00f1os de experiencia en el \u00e1mbito pol\u00edtico y p\u00fablico. Fue subsecretario de Egresos en la Secretar\u00eda de Finanzas del Gobierno del entonces Distrito Federal y secretario de la Comisi\u00f3n de Hacienda y Cuenta P\u00fablica. Su trayectoria incluye cargos como director de la Contralor\u00eda Social en Estados y Municipios en la Secretar\u00eda de la Funci\u00f3n P\u00fablica, diputado federal en tres ocasiones, diputado local en una ocasi\u00f3n y m\u00e1s recientemente alcalde de Azcapotzalco en la Ciudad de M\u00e9xico. Actualmente funge como subsecretario de Industria y Comercio en la Secretar\u00eda de Econom\u00eda.<\/p>\n<p>&nbsp;<\/p>\n        <\/div>\n    <\/div>\n<\/div>\t\t    <\/div>\n    \t\t\t\t\t\t\t<figure class=\"tpstyle-list-3 tppost-1303\">\n  <div class=\"tplist-3-info\">\n    <div class=\"tplist-3-image\">\n      <a href=\"javascript:;\"><div class=\"image-bg-circle\" style=\"background-image: url(https:\/\/energiaadebate.com\/foro-energia\/wp-content\/uploads\/2025\/03\/Vidal-Llerenas-1.jpg)\"><\/div><\/a>\n    <\/div><figcaption>\n      <h3><a href=\"javascript:;\">Vidal Llerenas<\/a><\/h3>\n                  <p>Es licenciado en Econom\u00eda por el ITAM, tiene una Maestr\u00eda en Pol\u00edtica y Gesti\u00f3n P\u00fablica por la Universidad de Essex, Reino Unido, y un Doctorado en Administraci\u00f3n y Gerencia P\u00fablica por la Universidad de York. Cuenta con 29 a\u00f1os de experiencia en el \u00e1mbito pol\u00edtico y p\u00fablico. Fue subsecretario de Egresos en la Secretar\u00eda de [&hellip;]<\/p>\n                <\/figcaption>\n  <\/div>\n  <\/figure>\t\t\t\t\t<div class=\"exclearfix\"><\/div>\n\t\t\t\t\t<\/div>\n\t\t\t\t\t<\/div><div class=\"tpitem-list item-grid\" data-id=\"ex_id-extp-6289-1457\"> \t\t\t\t\t<div class=\"exp-arrow exlightbox exlb-extp-6289\" \n\t\t\t\t\t href=\"https:\/\/energiaadebate.com\/foro-energia\/wp-content\/uploads\/2025\/03\/Raquel-Bonilla-Herrera.jpg\" data-glightbox=\"descPosition: right;\" data-class=\"exlb-extp-6289\" >\n\t\t\t\t\t\t\t\t\t<div class=\"glightbox-desc\">\n\t\t      <div class=\"exp-lightbox-info\">\n\t<div class=\"lb-image\"><a href=\"javascript:;\"><img loading=\"lazy\" decoding=\"async\" width=\"600\" height=\"600\" src=\"https:\/\/energiaadebate.com\/foro-energia\/wp-content\/uploads\/2025\/03\/Raquel-Bonilla-Herrera.jpg\" class=\"attachment-full size-full wp-post-image\" alt=\"\" srcset=\"https:\/\/energiaadebate.com\/foro-energia\/wp-content\/uploads\/2025\/03\/Raquel-Bonilla-Herrera.jpg 600w, https:\/\/energiaadebate.com\/foro-energia\/wp-content\/uploads\/2025\/03\/Raquel-Bonilla-Herrera-300x300.jpg 300w, https:\/\/energiaadebate.com\/foro-energia\/wp-content\/uploads\/2025\/03\/Raquel-Bonilla-Herrera-150x150.jpg 150w, https:\/\/energiaadebate.com\/foro-energia\/wp-content\/uploads\/2025\/03\/Raquel-Bonilla-Herrera-370x370.jpg 370w, https:\/\/energiaadebate.com\/foro-energia\/wp-content\/uploads\/2025\/03\/Raquel-Bonilla-Herrera-75x75.jpg 75w\" sizes=\"auto, (max-width: 600px) 100vw, 600px\" \/><\/a><\/div>\n    <div class=\"lb-info\">\n        <h3><a href=\"javascript:;\">Sen. Raquel Bonilla<\/a><\/h3>\n        <div class=\"exp-lightbox-meta\">\n            <div class=\"lb-social\"><\/div>\n                                            <\/div>\n        <div class=\"extp-mb-content\"><p>Curs\u00f3 Derecho en la Universidad Veracruzana y cuenta con diplomados en Estrategia, Gesti\u00f3n y Administraci\u00f3n Municipal, as\u00ed como en Gesti\u00f3n y Pol\u00edtica P\u00fablica. Fue diputada federal por el distrito 5 de Veracruz, que incluye Coatzintla, Poza Rica y Tihuatl\u00e1n en las Legislaturas LXIV y LXV. Actualmente es senadora por Veracruz.<\/p>\n        <\/div>\n    <\/div>\n<\/div>\t\t    <\/div>\n    \t\t\t\t\t\t\t<figure class=\"tpstyle-list-3 tppost-1457\">\n  <div class=\"tplist-3-info\">\n    <div class=\"tplist-3-image\">\n      <a href=\"javascript:;\"><div class=\"image-bg-circle\" style=\"background-image: url(https:\/\/energiaadebate.com\/foro-energia\/wp-content\/uploads\/2025\/03\/Raquel-Bonilla-Herrera.jpg)\"><\/div><\/a>\n    <\/div><figcaption>\n      <h3><a href=\"javascript:;\">Sen. Raquel Bonilla<\/a><\/h3>\n                  <p>Curs\u00f3 Derecho en la Universidad Veracruzana y cuenta con diplomados en Estrategia, Gesti\u00f3n y Administraci\u00f3n Municipal, as\u00ed como en Gesti\u00f3n y Pol\u00edtica P\u00fablica. Fue diputada federal por el distrito 5 de Veracruz, que incluye Coatzintla, Poza Rica y Tihuatl\u00e1n en las Legislaturas LXIV y LXV. Actualmente es senadora por Veracruz.<\/p>\n                <\/figcaption>\n  <\/div>\n  <\/figure>\t\t\t\t\t<div class=\"exclearfix\"><\/div>\n\t\t\t\t\t<\/div>\n\t\t\t\t\t<\/div><div class=\"tpitem-list item-grid\" data-id=\"ex_id-extp-6289-1461\"> \t\t\t\t\t<div class=\"exp-arrow exlightbox exlb-extp-6289\" \n\t\t\t\t\t href=\"https:\/\/energiaadebate.com\/foro-energia\/wp-content\/uploads\/2025\/03\/Alicia-Zazueta-AMPES.jpg\" data-glightbox=\"descPosition: right;\" data-class=\"exlb-extp-6289\" >\n\t\t\t\t\t\t\t\t\t<div class=\"glightbox-desc\">\n\t\t      <div class=\"exp-lightbox-info\">\n\t<div class=\"lb-image\"><a href=\"javascript:;\"><img loading=\"lazy\" decoding=\"async\" width=\"600\" height=\"600\" src=\"https:\/\/energiaadebate.com\/foro-energia\/wp-content\/uploads\/2025\/03\/Alicia-Zazueta-AMPES.jpg\" class=\"attachment-full size-full wp-post-image\" alt=\"\" srcset=\"https:\/\/energiaadebate.com\/foro-energia\/wp-content\/uploads\/2025\/03\/Alicia-Zazueta-AMPES.jpg 600w, https:\/\/energiaadebate.com\/foro-energia\/wp-content\/uploads\/2025\/03\/Alicia-Zazueta-AMPES-300x300.jpg 300w, https:\/\/energiaadebate.com\/foro-energia\/wp-content\/uploads\/2025\/03\/Alicia-Zazueta-AMPES-150x150.jpg 150w, https:\/\/energiaadebate.com\/foro-energia\/wp-content\/uploads\/2025\/03\/Alicia-Zazueta-AMPES-370x370.jpg 370w, https:\/\/energiaadebate.com\/foro-energia\/wp-content\/uploads\/2025\/03\/Alicia-Zazueta-AMPES-75x75.jpg 75w\" sizes=\"auto, (max-width: 600px) 100vw, 600px\" \/><\/a><\/div>\n    <div class=\"lb-info\">\n        <h3><a href=\"javascript:;\">Alicia Zazueta<\/a><\/h3>\n        <div class=\"exp-lightbox-meta\">\n            <div class=\"lb-social\"><\/div>\n                                            <\/div>\n        <div class=\"extp-mb-content\"><p>La actual presidenta de AMPES cuenta con m\u00e1s de 20 a\u00f1os de experiencia en el sector gasolinero. Es licenciada en Derecho por la Universidad Humanitas, plantel Tijuana, con una Maestr\u00eda en Derechos Humanos, Constitucional y Amparo por el Instituto de Posgrado en Ciencias Penales y Pol\u00edtica Criminal de Baja California (INPOCIPE). Form\u00f3 parte del Programa en Negociaci\u00f3n, Arte y Ciencia del IPADE y tiene un Doctorado en Administraci\u00f3n de Negocios, por la Escuela de Negocios del Pacifico, Tijuana, Baja California. Es socia fundadora y CEO de la empresa Equipos y Servicios Industriales Generales, S.A. de C.V. (E-Services).<\/p>\n        <\/div>\n    <\/div>\n<\/div>\t\t    <\/div>\n    \t\t\t\t\t\t\t<figure class=\"tpstyle-list-3 tppost-1461\">\n  <div class=\"tplist-3-info\">\n    <div class=\"tplist-3-image\">\n      <a href=\"javascript:;\"><div class=\"image-bg-circle\" style=\"background-image: url(https:\/\/energiaadebate.com\/foro-energia\/wp-content\/uploads\/2025\/03\/Alicia-Zazueta-AMPES.jpg)\"><\/div><\/a>\n    <\/div><figcaption>\n      <h3><a href=\"javascript:;\">Alicia Zazueta<\/a><\/h3>\n                  <p>La actual presidenta de AMPES cuenta con m\u00e1s de 20 a\u00f1os de experiencia en el sector gasolinero. Es licenciada en Derecho por la Universidad Humanitas, plantel Tijuana, con una Maestr\u00eda en Derechos Humanos, Constitucional y Amparo por el Instituto de Posgrado en Ciencias Penales y Pol\u00edtica Criminal de Baja California (INPOCIPE). Form\u00f3 parte del Programa [&hellip;]<\/p>\n                <\/figcaption>\n  <\/div>\n  <\/figure>\t\t\t\t\t<div class=\"exclearfix\"><\/div>\n\t\t\t\t\t<\/div>\n\t\t\t\t\t<\/div><div class=\"tpitem-list item-grid\" data-id=\"ex_id-extp-6289-1304\"> \t\t\t\t\t<div class=\"exp-arrow exlightbox exlb-extp-6289\" \n\t\t\t\t\t href=\"https:\/\/energiaadebate.com\/foro-energia\/wp-content\/uploads\/2025\/03\/Rocio-Robles-1.jpg\" data-glightbox=\"descPosition: right;\" data-class=\"exlb-extp-6289\" >\n\t\t\t\t\t\t\t\t\t<div class=\"glightbox-desc\">\n\t\t      <div class=\"exp-lightbox-info\">\n\t<div class=\"lb-image\"><a href=\"javascript:;\"><img loading=\"lazy\" decoding=\"async\" width=\"400\" height=\"400\" src=\"https:\/\/energiaadebate.com\/foro-energia\/wp-content\/uploads\/2025\/03\/Rocio-Robles-1.jpg\" class=\"attachment-full size-full wp-post-image\" alt=\"\" srcset=\"https:\/\/energiaadebate.com\/foro-energia\/wp-content\/uploads\/2025\/03\/Rocio-Robles-1.jpg 400w, https:\/\/energiaadebate.com\/foro-energia\/wp-content\/uploads\/2025\/03\/Rocio-Robles-1-300x300.jpg 300w, https:\/\/energiaadebate.com\/foro-energia\/wp-content\/uploads\/2025\/03\/Rocio-Robles-1-150x150.jpg 150w, https:\/\/energiaadebate.com\/foro-energia\/wp-content\/uploads\/2025\/03\/Rocio-Robles-1-370x370.jpg 370w, https:\/\/energiaadebate.com\/foro-energia\/wp-content\/uploads\/2025\/03\/Rocio-Robles-1-75x75.jpg 75w\" sizes=\"auto, (max-width: 400px) 100vw, 400px\" \/><\/a><\/div>\n    <div class=\"lb-info\">\n        <h3><a href=\"javascript:;\">Roc\u00edo Robles<\/a><\/h3>\n        <div class=\"exp-lightbox-meta\">\n            <div class=\"lb-social\"><\/div>\n                                            <\/div>\n        <div class=\"extp-mb-content\"><p>Es licenciada en Derecho y Administraci\u00f3n P\u00fablica por la Universidad Aut\u00f3noma de Chihuahua y cuenta con una Maestr\u00eda en Administraci\u00f3n de la Imagen y Dise\u00f1o por la misma universidad. Acumula m\u00e1s de una d\u00e9cada de experiencia en el sector energ\u00e9tico, sobre todo en regulaci\u00f3n tanto en el sector p\u00fablico, como privado. Particip\u00f3 en las reformas estructurales del Pacto por M\u00e9xico, particularmente en la Reforma Energ\u00e9tica de 2013, liderando la estrategia jur\u00eddica para la apertura del mercado en los sectores del gas LP, gasolinas y di\u00e9sel. Jug\u00f3 un papel relevante en la elaboraci\u00f3n del entramado regulatorio de la CRE y la ASEA. M\u00e1s tarde fue directora de Apoyo Legal en Petrol\u00edferos en la Sener. En el sector privado de desempe\u00f1\u00f3 como gerente de Cumplimiento Regulatorio en ExxonMobil M\u00e9xico, antes de emprender su propia firma de consultor\u00eda especializada en asesor\u00eda jur\u00eddica y regulatoria. Actualmente es la presidenta ejecutiva de la AMEXGAS. Es integrante del grupo Voz Experta.<\/p>\n        <\/div>\n    <\/div>\n<\/div>\t\t    <\/div>\n    \t\t\t\t\t\t\t<figure class=\"tpstyle-list-3 tppost-1304\">\n  <div class=\"tplist-3-info\">\n    <div class=\"tplist-3-image\">\n      <a href=\"javascript:;\"><div class=\"image-bg-circle\" style=\"background-image: url(https:\/\/energiaadebate.com\/foro-energia\/wp-content\/uploads\/2025\/03\/Rocio-Robles-1.jpg)\"><\/div><\/a>\n    <\/div><figcaption>\n      <h3><a href=\"javascript:;\">Roc\u00edo Robles<\/a><\/h3>\n                  <p>Es licenciada en Derecho y Administraci\u00f3n P\u00fablica por la Universidad Aut\u00f3noma de Chihuahua y cuenta con una Maestr\u00eda en Administraci\u00f3n de la Imagen y Dise\u00f1o por la misma universidad. Acumula m\u00e1s de una d\u00e9cada de experiencia en el sector energ\u00e9tico, sobre todo en regulaci\u00f3n tanto en el sector p\u00fablico, como privado. Particip\u00f3 en las reformas [&hellip;]<\/p>\n                <\/figcaption>\n  <\/div>\n  <\/figure>\t\t\t\t\t<div class=\"exclearfix\"><\/div>\n\t\t\t\t\t<\/div>\n\t\t\t\t\t<\/div><div class=\"tpitem-list item-grid\" data-id=\"ex_id-extp-6289-1524\"> \t\t\t\t\t<div class=\"exp-arrow exlightbox exlb-extp-6289\" \n\t\t\t\t\t href=\"https:\/\/energiaadebate.com\/foro-energia\/wp-content\/uploads\/2025\/03\/rueda.jpg\" data-glightbox=\"descPosition: right;\" data-class=\"exlb-extp-6289\" >\n\t\t\t\t\t\t\t\t\t<div class=\"glightbox-desc\">\n\t\t      <div class=\"exp-lightbox-info\">\n\t<div class=\"lb-image\"><a href=\"javascript:;\"><img loading=\"lazy\" decoding=\"async\" width=\"600\" height=\"600\" src=\"https:\/\/energiaadebate.com\/foro-energia\/wp-content\/uploads\/2025\/03\/rueda.jpg\" class=\"attachment-full size-full wp-post-image\" alt=\"\" srcset=\"https:\/\/energiaadebate.com\/foro-energia\/wp-content\/uploads\/2025\/03\/rueda.jpg 600w, https:\/\/energiaadebate.com\/foro-energia\/wp-content\/uploads\/2025\/03\/rueda-300x300.jpg 300w, https:\/\/energiaadebate.com\/foro-energia\/wp-content\/uploads\/2025\/03\/rueda-150x150.jpg 150w, https:\/\/energiaadebate.com\/foro-energia\/wp-content\/uploads\/2025\/03\/rueda-370x370.jpg 370w, https:\/\/energiaadebate.com\/foro-energia\/wp-content\/uploads\/2025\/03\/rueda-75x75.jpg 75w\" sizes=\"auto, (max-width: 600px) 100vw, 600px\" \/><\/a><\/div>\n    <div class=\"lb-info\">\n        <h3><a href=\"javascript:;\">Rodolfo Rueda<\/a><\/h3>\n        <div class=\"exp-lightbox-meta\">\n            <div class=\"lb-social\"><\/div>\n                                            <\/div>\n        <div class=\"extp-mb-content\"><p>Es abogado por la Universidad An\u00e1huac y tiene Especialidades en Derecho de la Empresa por la Universidad Panamericana, en Finanzas Corporativas por el Instituto Tecnol\u00f3gico y de Estudios Superiores de Monterrey, y en Derecho de la Energ\u00eda por la Escuela Libre de Derecho. Asimismo, destacan su especializaci\u00f3n en Transacciones Internacionales por Harvard Law School, un MBA con especializaci\u00f3n en Energ\u00eda y Negocios por el ICADE Business School de la Universidad Pontificia, y otro MBA por la Strathclyde University Business School. Ha sido galardonado con el Frontiers of Engineering for Development Prize otorgado por la Corona Brit\u00e1nica, el Premio &#8220;Energ\u00eda Sustentable&#8221; otorgado por la Sener, adem\u00e1s de ser nombrado &#8220;Renewabke Lawyer of the Year&#8221; por LAACA y reconocido por sexto a\u00f1o consecutivo como uno de los 100 L\u00edderes del Sector Energ\u00e9tico Nacional. En el \u00e1mbito internacional, sobresale su nombramiento por Naciones Unidas y el World Energy Council como Fellow para Am\u00e9rica del Norte, ser consejero del Consejo Consultivo de la CNH, consejero del Consejo Consultivo de Semarnat, asesor honorario de la Comisi\u00f3n de Energ\u00eda de la C\u00e1mara de Diputados, consejero del Consejo Mexicano de la Energ\u00eda, AC, y VP de la American Chamber of Commerce. Participa como miembro independiente de distintos Consejos de Administraci\u00f3n y Comisiones Ejecutivas de las principales empresas que encabezan el Fortune 500 y el IBEX 35. Es socio del despacho Holland &amp; Knight.<\/p>\n        <\/div>\n    <\/div>\n<\/div>\t\t    <\/div>\n    \t\t\t\t\t\t\t<figure class=\"tpstyle-list-3 tppost-1524\">\n  <div class=\"tplist-3-info\">\n    <div class=\"tplist-3-image\">\n      <a href=\"javascript:;\"><div class=\"image-bg-circle\" style=\"background-image: url(https:\/\/energiaadebate.com\/foro-energia\/wp-content\/uploads\/2025\/03\/rueda.jpg)\"><\/div><\/a>\n    <\/div><figcaption>\n      <h3><a href=\"javascript:;\">Rodolfo Rueda<\/a><\/h3>\n                  <p>Es abogado por la Universidad An\u00e1huac y tiene Especialidades en Derecho de la Empresa por la Universidad Panamericana, en Finanzas Corporativas por el Instituto Tecnol\u00f3gico y de Estudios Superiores de Monterrey, y en Derecho de la Energ\u00eda por la Escuela Libre de Derecho. Asimismo, destacan su especializaci\u00f3n en Transacciones Internacionales por Harvard Law School, un [&hellip;]<\/p>\n                <\/figcaption>\n  <\/div>\n  <\/figure>\t\t\t\t\t<div class=\"exclearfix\"><\/div>\n\t\t\t\t\t<\/div>\n\t\t\t\t\t<\/div><div class=\"tpitem-list item-grid\" data-id=\"ex_id-extp-6289-1462\"> \t\t\t\t\t<div class=\"exp-arrow exlightbox exlb-extp-6289\" \n\t\t\t\t\t href=\"https:\/\/energiaadebate.com\/foro-energia\/wp-content\/uploads\/2025\/03\/Selene-Gonzalez.jpg\" data-glightbox=\"descPosition: right;\" data-class=\"exlb-extp-6289\" >\n\t\t\t\t\t\t\t\t\t<div class=\"glightbox-desc\">\n\t\t      <div class=\"exp-lightbox-info\">\n\t<div class=\"lb-image\"><a href=\"javascript:;\"><img loading=\"lazy\" decoding=\"async\" width=\"600\" height=\"600\" src=\"https:\/\/energiaadebate.com\/foro-energia\/wp-content\/uploads\/2025\/03\/Selene-Gonzalez.jpg\" class=\"attachment-full size-full wp-post-image\" alt=\"\" srcset=\"https:\/\/energiaadebate.com\/foro-energia\/wp-content\/uploads\/2025\/03\/Selene-Gonzalez.jpg 600w, https:\/\/energiaadebate.com\/foro-energia\/wp-content\/uploads\/2025\/03\/Selene-Gonzalez-300x300.jpg 300w, https:\/\/energiaadebate.com\/foro-energia\/wp-content\/uploads\/2025\/03\/Selene-Gonzalez-150x150.jpg 150w, https:\/\/energiaadebate.com\/foro-energia\/wp-content\/uploads\/2025\/03\/Selene-Gonzalez-370x370.jpg 370w, https:\/\/energiaadebate.com\/foro-energia\/wp-content\/uploads\/2025\/03\/Selene-Gonzalez-75x75.jpg 75w\" sizes=\"auto, (max-width: 600px) 100vw, 600px\" \/><\/a><\/div>\n    <div class=\"lb-info\">\n        <h3><a href=\"javascript:;\">Selene Gonz\u00e1lez<\/a><\/h3>\n        <div class=\"exp-lightbox-meta\">\n            <div class=\"lb-social\"><\/div>\n                                            <\/div>\n        <div class=\"extp-mb-content\"><p>La actual directora de Comunicaciones de bp tiene una Licenciatura en Ideolog\u00eda, Partidismo y Voto por el ITAM, as\u00ed como una Maestr\u00eda en Ciencias por la Texas A&amp;M University. Cuenta con m\u00e1s de 15 a\u00f1os de experiencia liderando equipos de investigaci\u00f3n de opini\u00f3n p\u00fablica, comunicaci\u00f3n y vinculaci\u00f3n institucional, tanto en el \u00e1mbito p\u00fablico como en la iniciativa privada. Su carrera profesional inici\u00f3 como investigadora en despachos de opini\u00f3n p\u00fablica y posteriormente ingres\u00f3 al \u00e1rea de Opini\u00f3n P\u00fablica de la Presidencia de la Rep\u00fablica, donde dirigi\u00f3 investigaciones cuantitativas y cualitativas para la toma de decisiones sobre comunicaci\u00f3n, orientaci\u00f3n de pol\u00edtica p\u00fablica y gesti\u00f3n gubernamental. Cre\u00f3 Encuesta Ciudadana, una empresa dedicada a la investigaci\u00f3n social. Tambi\u00e9n desempe\u00f1\u00f3 el cargo de vocera de la CRE.<\/p>\n<p>&nbsp;<\/p>\n        <\/div>\n    <\/div>\n<\/div>\t\t    <\/div>\n    \t\t\t\t\t\t\t<figure class=\"tpstyle-list-3 tppost-1462\">\n  <div class=\"tplist-3-info\">\n    <div class=\"tplist-3-image\">\n      <a href=\"javascript:;\"><div class=\"image-bg-circle\" style=\"background-image: url(https:\/\/energiaadebate.com\/foro-energia\/wp-content\/uploads\/2025\/03\/Selene-Gonzalez.jpg)\"><\/div><\/a>\n    <\/div><figcaption>\n      <h3><a href=\"javascript:;\">Selene Gonz\u00e1lez<\/a><\/h3>\n                  <p>La actual directora de Comunicaciones de bp tiene una Licenciatura en Ideolog\u00eda, Partidismo y Voto por el ITAM, as\u00ed como una Maestr\u00eda en Ciencias por la Texas A&amp;M University. Cuenta con m\u00e1s de 15 a\u00f1os de experiencia liderando equipos de investigaci\u00f3n de opini\u00f3n p\u00fablica, comunicaci\u00f3n y vinculaci\u00f3n institucional, tanto en el \u00e1mbito p\u00fablico como en [&hellip;]<\/p>\n                <\/figcaption>\n  <\/div>\n  <\/figure>\t\t\t\t\t<div class=\"exclearfix\"><\/div>\n\t\t\t\t\t<\/div>\n\t\t\t\t\t<\/div><div class=\"tpitem-list item-grid\" data-id=\"ex_id-extp-6289-1305\"> \t\t\t\t\t<div class=\"exp-arrow exlightbox exlb-extp-6289\" \n\t\t\t\t\t href=\"https:\/\/energiaadebate.com\/foro-energia\/wp-content\/uploads\/2025\/03\/Margarita-Perez-Miranda-PMI-Comer-Internal-1.png\" data-glightbox=\"descPosition: right;\" data-class=\"exlb-extp-6289\" >\n\t\t\t\t\t\t\t\t\t<div class=\"glightbox-desc\">\n\t\t      <div class=\"exp-lightbox-info\">\n\t<div class=\"lb-image\"><a href=\"javascript:;\"><img loading=\"lazy\" decoding=\"async\" width=\"600\" height=\"600\" src=\"https:\/\/energiaadebate.com\/foro-energia\/wp-content\/uploads\/2025\/03\/Margarita-Perez-Miranda-PMI-Comer-Internal-1.png\" class=\"attachment-full size-full wp-post-image\" alt=\"\" srcset=\"https:\/\/energiaadebate.com\/foro-energia\/wp-content\/uploads\/2025\/03\/Margarita-Perez-Miranda-PMI-Comer-Internal-1.png 600w, https:\/\/energiaadebate.com\/foro-energia\/wp-content\/uploads\/2025\/03\/Margarita-Perez-Miranda-PMI-Comer-Internal-1-300x300.png 300w, https:\/\/energiaadebate.com\/foro-energia\/wp-content\/uploads\/2025\/03\/Margarita-Perez-Miranda-PMI-Comer-Internal-1-150x150.png 150w, https:\/\/energiaadebate.com\/foro-energia\/wp-content\/uploads\/2025\/03\/Margarita-Perez-Miranda-PMI-Comer-Internal-1-370x370.png 370w, https:\/\/energiaadebate.com\/foro-energia\/wp-content\/uploads\/2025\/03\/Margarita-Perez-Miranda-PMI-Comer-Internal-1-75x75.png 75w\" sizes=\"auto, (max-width: 600px) 100vw, 600px\" \/><\/a><\/div>\n    <div class=\"lb-info\">\n        <h3><a href=\"javascript:;\">Margarita P\u00e9rez<\/a><\/h3>\n        <div class=\"exp-lightbox-meta\">\n            <div class=\"lb-social\"><\/div>\n                                            <\/div>\n        <div class=\"extp-mb-content\"><p>Es actuaria por la UNAM con estudios en Administraci\u00f3n y Gesti\u00f3n de Empresas por la Rice University, adem\u00e1s de haber estado en el Programa de Alta Direcci\u00f3n en Administraci\u00f3n y Gesti\u00f3n de Empresas de la Escuela de Negocios del IPADE. Cuenta con una amplia carrera en el \u00e1mbito de los combustibles. En su haber profesional tuvo distintas responsabilidades en la subsidiaria Pemex Gas y Petroqu\u00edmica B\u00e1sica, en donde lleg\u00f3 a estar a cargo de la Subdirecci\u00f3n de Gas Licuado y Petroqu\u00edmicos B\u00e1sicos. Ha sido vicepresidenta de Negocios y Operaciones en PMI Holdings North America y en el sector privado se ha desenvuelto como socia consultora en MAREnergy, SC, as\u00ed como consultora independiente para BF Actuarios del Grupo BAP. Desde octubre de 2024 es directora general de PMI Comercio Internacional. Es integrante del grupo Voz Experta.<\/p>\n        <\/div>\n    <\/div>\n<\/div>\t\t    <\/div>\n    \t\t\t\t\t\t\t<figure class=\"tpstyle-list-3 tppost-1305\">\n  <div class=\"tplist-3-info\">\n    <div class=\"tplist-3-image\">\n      <a href=\"javascript:;\"><div class=\"image-bg-circle\" style=\"background-image: url(https:\/\/energiaadebate.com\/foro-energia\/wp-content\/uploads\/2025\/03\/Margarita-Perez-Miranda-PMI-Comer-Internal-1.png)\"><\/div><\/a>\n    <\/div><figcaption>\n      <h3><a href=\"javascript:;\">Margarita P\u00e9rez<\/a><\/h3>\n                  <p>Es actuaria por la UNAM con estudios en Administraci\u00f3n y Gesti\u00f3n de Empresas por la Rice University, adem\u00e1s de haber estado en el Programa de Alta Direcci\u00f3n en Administraci\u00f3n y Gesti\u00f3n de Empresas de la Escuela de Negocios del IPADE. Cuenta con una amplia carrera en el \u00e1mbito de los combustibles. En su haber profesional [&hellip;]<\/p>\n                <\/figcaption>\n  <\/div>\n  <\/figure>\t\t\t\t\t<div class=\"exclearfix\"><\/div>\n\t\t\t\t\t<\/div>\n\t\t\t\t\t<\/div><div class=\"tpitem-list item-grid\" data-id=\"ex_id-extp-6289-1306\"> \t\t\t\t\t<div class=\"exp-arrow exlightbox exlb-extp-6289\" \n\t\t\t\t\t href=\"https:\/\/energiaadebate.com\/foro-energia\/wp-content\/uploads\/2025\/03\/Gabriel-Becerra-Dingler-1.jpg\" data-glightbox=\"descPosition: right;\" data-class=\"exlb-extp-6289\" >\n\t\t\t\t\t\t\t\t\t<div class=\"glightbox-desc\">\n\t\t      <div class=\"exp-lightbox-info\">\n\t<div class=\"lb-image\"><a href=\"javascript:;\"><img loading=\"lazy\" decoding=\"async\" width=\"600\" height=\"600\" src=\"https:\/\/energiaadebate.com\/foro-energia\/wp-content\/uploads\/2025\/03\/Gabriel-Becerra-Dingler-1.jpg\" class=\"attachment-full size-full wp-post-image\" alt=\"\" srcset=\"https:\/\/energiaadebate.com\/foro-energia\/wp-content\/uploads\/2025\/03\/Gabriel-Becerra-Dingler-1.jpg 600w, https:\/\/energiaadebate.com\/foro-energia\/wp-content\/uploads\/2025\/03\/Gabriel-Becerra-Dingler-1-300x300.jpg 300w, https:\/\/energiaadebate.com\/foro-energia\/wp-content\/uploads\/2025\/03\/Gabriel-Becerra-Dingler-1-150x150.jpg 150w, https:\/\/energiaadebate.com\/foro-energia\/wp-content\/uploads\/2025\/03\/Gabriel-Becerra-Dingler-1-370x370.jpg 370w, https:\/\/energiaadebate.com\/foro-energia\/wp-content\/uploads\/2025\/03\/Gabriel-Becerra-Dingler-1-75x75.jpg 75w\" sizes=\"auto, (max-width: 600px) 100vw, 600px\" \/><\/a><\/div>\n    <div class=\"lb-info\">\n        <h3><a href=\"javascript:;\">Gabriel Becerra<\/a><\/h3>\n        <div class=\"exp-lightbox-meta\">\n            <div class=\"lb-social\"><\/div>\n                                            <\/div>\n        <div class=\"extp-mb-content\"><p>Tiene la Licenciatura y la Maestr\u00eda en Mercadotecnia por el Tecnol\u00f3gico de Monterrey. Cuenta con m\u00e1s de 24 a\u00f1os de experiencia en su rama profesional, destacando su desarrollo como subdirector de Comercializaci\u00f3n para el Gobierno del Estado de Morelos. Trabaj\u00f3 en el \u00e1rea de Desarrollo de Estrategias de Mercadotecnia Tradicional y Digital para Sports World y Pemex. Es fundador de la bolsa de trabajo Talento Energ\u00e9tico y del Encuentro Internacional de Energ\u00eda M\u00e9xico. Es cofundador de la revista digital especializada en el sector energ\u00e9tico <em>Oil &amp; Gas Magazine,<\/em> ahora <em>Industry &amp; Energy Magazine.<\/em><\/p>\n        <\/div>\n    <\/div>\n<\/div>\t\t    <\/div>\n    \t\t\t\t\t\t\t<figure class=\"tpstyle-list-3 tppost-1306\">\n  <div class=\"tplist-3-info\">\n    <div class=\"tplist-3-image\">\n      <a href=\"javascript:;\"><div class=\"image-bg-circle\" style=\"background-image: url(https:\/\/energiaadebate.com\/foro-energia\/wp-content\/uploads\/2025\/03\/Gabriel-Becerra-Dingler-1.jpg)\"><\/div><\/a>\n    <\/div><figcaption>\n      <h3><a href=\"javascript:;\">Gabriel Becerra<\/a><\/h3>\n                  <p>Tiene la Licenciatura y la Maestr\u00eda en Mercadotecnia por el Tecnol\u00f3gico de Monterrey. Cuenta con m\u00e1s de 24 a\u00f1os de experiencia en su rama profesional, destacando su desarrollo como subdirector de Comercializaci\u00f3n para el Gobierno del Estado de Morelos. Trabaj\u00f3 en el \u00e1rea de Desarrollo de Estrategias de Mercadotecnia Tradicional y Digital para Sports World [&hellip;]<\/p>\n                <\/figcaption>\n  <\/div>\n  <\/figure>\t\t\t\t\t<div class=\"exclearfix\"><\/div>\n\t\t\t\t\t<\/div>\n\t\t\t\t\t<\/div><div class=\"tpitem-list item-grid\" data-id=\"ex_id-extp-6289-1459\"> \t\t\t\t\t<div class=\"exp-arrow exlightbox exlb-extp-6289\" \n\t\t\t\t\t href=\"https:\/\/energiaadebate.com\/foro-energia\/wp-content\/uploads\/2025\/03\/Cecilia-Guadalupe-Guadiana-Mandujano.jpeg\" data-glightbox=\"descPosition: right;\" data-class=\"exlb-extp-6289\" >\n\t\t\t\t\t\t\t\t\t<div class=\"glightbox-desc\">\n\t\t      <div class=\"exp-lightbox-info\">\n\t<div class=\"lb-image\"><a href=\"javascript:;\"><img loading=\"lazy\" decoding=\"async\" width=\"450\" height=\"573\" src=\"https:\/\/energiaadebate.com\/foro-energia\/wp-content\/uploads\/2025\/03\/Cecilia-Guadalupe-Guadiana-Mandujano.jpeg\" class=\"attachment-full size-full wp-post-image\" alt=\"\" srcset=\"https:\/\/energiaadebate.com\/foro-energia\/wp-content\/uploads\/2025\/03\/Cecilia-Guadalupe-Guadiana-Mandujano.jpeg 450w, https:\/\/energiaadebate.com\/foro-energia\/wp-content\/uploads\/2025\/03\/Cecilia-Guadalupe-Guadiana-Mandujano-236x300.jpeg 236w, https:\/\/energiaadebate.com\/foro-energia\/wp-content\/uploads\/2025\/03\/Cecilia-Guadalupe-Guadiana-Mandujano-370x471.jpeg 370w\" sizes=\"auto, (max-width: 450px) 100vw, 450px\" \/><\/a><\/div>\n    <div class=\"lb-info\">\n        <h3><a href=\"javascript:;\">Sen. Cecilia Guadalupe Guadiana<\/a><\/h3>\n        <div class=\"exp-lightbox-meta\">\n            <div class=\"lb-social\"><\/div>\n                                            <\/div>\n        <div class=\"extp-mb-content\"><p>Estudi\u00f3 la Licenciatura en Derecho y cuenta con diplomados en Formando al Abogado Global, y en Banca Privada. Colabor\u00f3 en el despacho de Abogados Whittel Melton, Estrategias Individuales y fue asesora en promoci\u00f3n corporativa en la Casa de Bolsa Finamex. Actualmente es senadora por el estado de Coahuila.<\/p>\n        <\/div>\n    <\/div>\n<\/div>\t\t    <\/div>\n    \t\t\t\t\t\t\t<figure class=\"tpstyle-list-3 tppost-1459\">\n  <div class=\"tplist-3-info\">\n    <div class=\"tplist-3-image\">\n      <a href=\"javascript:;\"><div class=\"image-bg-circle\" style=\"background-image: url(https:\/\/energiaadebate.com\/foro-energia\/wp-content\/uploads\/2025\/03\/Cecilia-Guadalupe-Guadiana-Mandujano.jpeg)\"><\/div><\/a>\n    <\/div><figcaption>\n      <h3><a href=\"javascript:;\">Sen. Cecilia Guadalupe Guadiana<\/a><\/h3>\n                  <p>Estudi\u00f3 la Licenciatura en Derecho y cuenta con diplomados en Formando al Abogado Global, y en Banca Privada. Colabor\u00f3 en el despacho de Abogados Whittel Melton, Estrategias Individuales y fue asesora en promoci\u00f3n corporativa en la Casa de Bolsa Finamex. Actualmente es senadora por el estado de Coahuila.<\/p>\n                <\/figcaption>\n  <\/div>\n  <\/figure>\t\t\t\t\t<div class=\"exclearfix\"><\/div>\n\t\t\t\t\t<\/div>\n\t\t\t\t\t<\/div><div class=\"tpitem-list item-grid\" data-id=\"ex_id-extp-6289-1307\"> \t\t\t\t\t<div class=\"exp-arrow exlightbox exlb-extp-6289\" \n\t\t\t\t\t href=\"https:\/\/energiaadebate.com\/foro-energia\/wp-content\/uploads\/2025\/03\/Regulo-Salinas-1.jpg\" data-glightbox=\"descPosition: right;\" data-class=\"exlb-extp-6289\" >\n\t\t\t\t\t\t\t\t\t<div class=\"glightbox-desc\">\n\t\t      <div class=\"exp-lightbox-info\">\n\t<div class=\"lb-image\"><a href=\"javascript:;\"><img loading=\"lazy\" decoding=\"async\" width=\"600\" height=\"600\" src=\"https:\/\/energiaadebate.com\/foro-energia\/wp-content\/uploads\/2025\/03\/Regulo-Salinas-1.jpg\" class=\"attachment-full size-full wp-post-image\" alt=\"\" srcset=\"https:\/\/energiaadebate.com\/foro-energia\/wp-content\/uploads\/2025\/03\/Regulo-Salinas-1.jpg 600w, https:\/\/energiaadebate.com\/foro-energia\/wp-content\/uploads\/2025\/03\/Regulo-Salinas-1-300x300.jpg 300w, https:\/\/energiaadebate.com\/foro-energia\/wp-content\/uploads\/2025\/03\/Regulo-Salinas-1-150x150.jpg 150w, https:\/\/energiaadebate.com\/foro-energia\/wp-content\/uploads\/2025\/03\/Regulo-Salinas-1-370x370.jpg 370w, https:\/\/energiaadebate.com\/foro-energia\/wp-content\/uploads\/2025\/03\/Regulo-Salinas-1-75x75.jpg 75w\" sizes=\"auto, (max-width: 600px) 100vw, 600px\" \/><\/a><\/div>\n    <div class=\"lb-info\">\n        <h3><a href=\"javascript:;\">R\u00e9gulo Salinas<\/a><\/h3>\n        <div class=\"exp-lightbox-meta\">\n            <div class=\"lb-social\"><\/div>\n                                            <\/div>\n        <div class=\"extp-mb-content\"><p>Estudi\u00f3 Ingenier\u00eda Qu\u00edmica en el Tecnol\u00f3gico de Monterrey y posteriormente obtuvo una Maestr\u00eda en Administraci\u00f3n por la Universidad de Chicago, EE.UU. Inici\u00f3 hace 43 a\u00f1os su vida profesional en la empresa acerera Ternium. A lo largo de ese tiempo ha ocupado diferentes cargos en las \u00e1reas corporativas y divisiones de la empresa, llegando a ser su director general para M\u00e9xico. Fue presidente de CANACERO y Chairman del North American Steel Council, organismo que agrupa a los productores de acero de Norte Am\u00e9rica. Actualmente es presidente de la Comisi\u00f3n de Energ\u00eda de CONCAMIN y presidente de la Comisi\u00f3n de Energ\u00eda del Consejo Coordinador Empresarial (CCE).<\/p>\n<p>&nbsp;<\/p>\n        <\/div>\n    <\/div>\n<\/div>\t\t    <\/div>\n    \t\t\t\t\t\t\t<figure class=\"tpstyle-list-3 tppost-1307\">\n  <div class=\"tplist-3-info\">\n    <div class=\"tplist-3-image\">\n      <a href=\"javascript:;\"><div class=\"image-bg-circle\" style=\"background-image: url(https:\/\/energiaadebate.com\/foro-energia\/wp-content\/uploads\/2025\/03\/Regulo-Salinas-1.jpg)\"><\/div><\/a>\n    <\/div><figcaption>\n      <h3><a href=\"javascript:;\">R\u00e9gulo Salinas<\/a><\/h3>\n                  <p>Estudi\u00f3 Ingenier\u00eda Qu\u00edmica en el Tecnol\u00f3gico de Monterrey y posteriormente obtuvo una Maestr\u00eda en Administraci\u00f3n por la Universidad de Chicago, EE.UU. Inici\u00f3 hace 43 a\u00f1os su vida profesional en la empresa acerera Ternium. A lo largo de ese tiempo ha ocupado diferentes cargos en las \u00e1reas corporativas y divisiones de la empresa, llegando a ser [&hellip;]<\/p>\n                <\/figcaption>\n  <\/div>\n  <\/figure>\t\t\t\t\t<div class=\"exclearfix\"><\/div>\n\t\t\t\t\t<\/div>\n\t\t\t\t\t<\/div><div class=\"tpitem-list item-grid\" data-id=\"ex_id-extp-6289-1308\"> \t\t\t\t\t<div class=\"exp-arrow exlightbox exlb-extp-6289\" \n\t\t\t\t\t href=\"https:\/\/energiaadebate.com\/foro-energia\/wp-content\/uploads\/2025\/03\/rodolfo.jpg\" data-glightbox=\"descPosition: right;\" data-class=\"exlb-extp-6289\" >\n\t\t\t\t\t\t\t\t\t<div class=\"glightbox-desc\">\n\t\t      <div class=\"exp-lightbox-info\">\n\t<div class=\"lb-image\"><a href=\"javascript:;\"><img loading=\"lazy\" decoding=\"async\" width=\"600\" height=\"600\" src=\"https:\/\/energiaadebate.com\/foro-energia\/wp-content\/uploads\/2025\/03\/rodolfo.jpg\" class=\"attachment-full size-full wp-post-image\" alt=\"\" srcset=\"https:\/\/energiaadebate.com\/foro-energia\/wp-content\/uploads\/2025\/03\/rodolfo.jpg 600w, https:\/\/energiaadebate.com\/foro-energia\/wp-content\/uploads\/2025\/03\/rodolfo-300x300.jpg 300w, https:\/\/energiaadebate.com\/foro-energia\/wp-content\/uploads\/2025\/03\/rodolfo-150x150.jpg 150w, https:\/\/energiaadebate.com\/foro-energia\/wp-content\/uploads\/2025\/03\/rodolfo-370x370.jpg 370w, https:\/\/energiaadebate.com\/foro-energia\/wp-content\/uploads\/2025\/03\/rodolfo-75x75.jpg 75w\" sizes=\"auto, (max-width: 600px) 100vw, 600px\" \/><\/a><\/div>\n    <div class=\"lb-info\">\n        <h3><a href=\"javascript:;\">Rodolfo Alvarado<\/a><\/h3>\n        <div class=\"exp-lightbox-meta\">\n            <div class=\"lb-social\"><\/div>\n                                            <\/div>\n        <div class=\"extp-mb-content\"><p>Es egresado de la carrera de Ingenier\u00eda El\u00e9ctrica, Electr\u00f3nica y de Comunicaciones del Tec de Monterrey y cuenta con una Maestr\u00eda en Administraci\u00f3n de la Energ\u00eda y sus Fuentes Renovables por la misma instituci\u00f3n educativa. Tiene amplia experiencia en ingenier\u00eda, consultor\u00eda y capacitaci\u00f3n dentro de la industria el\u00e9ctrica, especialmente en la implementaci\u00f3n de sistemas de generaci\u00f3n solar fotovoltaica y e\u00f3lica. Ha participado en la estandarizaci\u00f3n t\u00e9cnica del mercado fotovoltaico mexicano. Tambi\u00e9n es especialista en eficiencia energ\u00e9tica el\u00e9ctrica y en an\u00e1lisis del C\u00f3digo de Red tanto para centrales el\u00e9ctricas, como para centros de carga. Colabora con CFE en el \u00e1rea de Geoel\u00e9ctrica como especialista en electr\u00f3nica de potencia y conservaci\u00f3n de infraestructura para la industria de Oil &amp; Gas, as\u00ed como el desarrollo de proyectos para la transici\u00f3n energ\u00e9tica. Hoy en d\u00eda es director de Operaciones en Orion Capital Energy.<\/p>\n<p>&nbsp;<\/p>\n        <\/div>\n    <\/div>\n<\/div>\t\t    <\/div>\n    \t\t\t\t\t\t\t<figure class=\"tpstyle-list-3 tppost-1308\">\n  <div class=\"tplist-3-info\">\n    <div class=\"tplist-3-image\">\n      <a href=\"javascript:;\"><div class=\"image-bg-circle\" style=\"background-image: url(https:\/\/energiaadebate.com\/foro-energia\/wp-content\/uploads\/2025\/03\/rodolfo.jpg)\"><\/div><\/a>\n    <\/div><figcaption>\n      <h3><a href=\"javascript:;\">Rodolfo Alvarado<\/a><\/h3>\n                  <p>Es egresado de la carrera de Ingenier\u00eda El\u00e9ctrica, Electr\u00f3nica y de Comunicaciones del Tec de Monterrey y cuenta con una Maestr\u00eda en Administraci\u00f3n de la Energ\u00eda y sus Fuentes Renovables por la misma instituci\u00f3n educativa. Tiene amplia experiencia en ingenier\u00eda, consultor\u00eda y capacitaci\u00f3n dentro de la industria el\u00e9ctrica, especialmente en la implementaci\u00f3n de sistemas de [&hellip;]<\/p>\n                <\/figcaption>\n  <\/div>\n  <\/figure>\t\t\t\t\t<div class=\"exclearfix\"><\/div>\n\t\t\t\t\t<\/div>\n\t\t\t\t\t<\/div><div class=\"tpitem-list item-grid\" data-id=\"ex_id-extp-6289-1465\"> \t\t\t\t\t<div class=\"exp-arrow exlightbox exlb-extp-6289\" \n\t\t\t\t\t href=\"https:\/\/energiaadebate.com\/foro-energia\/wp-content\/uploads\/2025\/03\/alejandro-ledesma.jpg\" data-glightbox=\"descPosition: right;\" data-class=\"exlb-extp-6289\" >\n\t\t\t\t\t\t\t\t\t<div class=\"glightbox-desc\">\n\t\t      <div class=\"exp-lightbox-info\">\n\t<div class=\"lb-image\"><a href=\"javascript:;\"><img loading=\"lazy\" decoding=\"async\" width=\"600\" height=\"600\" src=\"https:\/\/energiaadebate.com\/foro-energia\/wp-content\/uploads\/2025\/03\/alejandro-ledesma.jpg\" class=\"attachment-full size-full wp-post-image\" alt=\"\" srcset=\"https:\/\/energiaadebate.com\/foro-energia\/wp-content\/uploads\/2025\/03\/alejandro-ledesma.jpg 600w, https:\/\/energiaadebate.com\/foro-energia\/wp-content\/uploads\/2025\/03\/alejandro-ledesma-300x300.jpg 300w, https:\/\/energiaadebate.com\/foro-energia\/wp-content\/uploads\/2025\/03\/alejandro-ledesma-150x150.jpg 150w, https:\/\/energiaadebate.com\/foro-energia\/wp-content\/uploads\/2025\/03\/alejandro-ledesma-370x370.jpg 370w, https:\/\/energiaadebate.com\/foro-energia\/wp-content\/uploads\/2025\/03\/alejandro-ledesma-75x75.jpg 75w\" sizes=\"auto, (max-width: 600px) 100vw, 600px\" \/><\/a><\/div>\n    <div class=\"lb-info\">\n        <h3><a href=\"javascript:;\">Alejandro Ledesma<\/a><\/h3>\n        <div class=\"exp-lightbox-meta\">\n            <div class=\"lb-social\"><\/div>\n                                            <\/div>\n        <div class=\"extp-mb-content\"><p>Es abogado por la Universidad Aut\u00f3noma Metropolitana con estudios de Maestr\u00eda en Administraci\u00f3n P\u00fablica Federal en el INAP. Es especialista en el sector energ\u00e9tico con pr\u00e1cticamente tres d\u00e9cadas de experiencia en los \u00e1mbitos p\u00fablico y privado. En el \u00e1rea p\u00fablica, fue parte del equipo de la extinta Secretar\u00eda de Energ\u00eda Minas e Industria Paraestatal (SEMIP), que dio paso a la Secretar\u00eda de Energ\u00eda (Sener) en la que tambi\u00e9n trabajar\u00eda. Entre otras responsabilidades en el sector p\u00fablico, fue director administrativo en la CRE y posteriormente titular de la Unidad de Enlace de ese organismo. Es integrante de la Asociaci\u00f3n Mexicana de Hidr\u00f3geno, del Asociaci\u00f3n Cl\u00faster de Energ\u00eda y del cap\u00edtulo M\u00e9xico del Consejo Mundial de la Energ\u00eda. Actualmente se desempe\u00f1a como director comercial de Regulus Energ\u00eda.<\/p>\n        <\/div>\n    <\/div>\n<\/div>\t\t    <\/div>\n    \t\t\t\t\t\t\t<figure class=\"tpstyle-list-3 tppost-1465\">\n  <div class=\"tplist-3-info\">\n    <div class=\"tplist-3-image\">\n      <a href=\"javascript:;\"><div class=\"image-bg-circle\" style=\"background-image: url(https:\/\/energiaadebate.com\/foro-energia\/wp-content\/uploads\/2025\/03\/alejandro-ledesma.jpg)\"><\/div><\/a>\n    <\/div><figcaption>\n      <h3><a href=\"javascript:;\">Alejandro Ledesma<\/a><\/h3>\n                  <p>Es abogado por la Universidad Aut\u00f3noma Metropolitana con estudios de Maestr\u00eda en Administraci\u00f3n P\u00fablica Federal en el INAP. Es especialista en el sector energ\u00e9tico con pr\u00e1cticamente tres d\u00e9cadas de experiencia en los \u00e1mbitos p\u00fablico y privado. En el \u00e1rea p\u00fablica, fue parte del equipo de la extinta Secretar\u00eda de Energ\u00eda Minas e Industria Paraestatal (SEMIP), [&hellip;]<\/p>\n                <\/figcaption>\n  <\/div>\n  <\/figure>\t\t\t\t\t<div class=\"exclearfix\"><\/div>\n\t\t\t\t\t<\/div>\n\t\t\t\t\t<\/div><div class=\"tpitem-list item-grid\" data-id=\"ex_id-extp-6289-1309\"> \t\t\t\t\t<div class=\"exp-arrow exlightbox exlb-extp-6289\" \n\t\t\t\t\t href=\"https:\/\/energiaadebate.com\/foro-energia\/wp-content\/uploads\/2025\/03\/Jonathan-Pinzon-2.jpg\" data-glightbox=\"descPosition: right;\" data-class=\"exlb-extp-6289\" >\n\t\t\t\t\t\t\t\t\t<div class=\"glightbox-desc\">\n\t\t      <div class=\"exp-lightbox-info\">\n\t<div class=\"lb-image\"><a href=\"javascript:;\"><img loading=\"lazy\" decoding=\"async\" width=\"600\" height=\"600\" src=\"https:\/\/energiaadebate.com\/foro-energia\/wp-content\/uploads\/2025\/03\/Jonathan-Pinzon-2.jpg\" class=\"attachment-full size-full wp-post-image\" alt=\"\" srcset=\"https:\/\/energiaadebate.com\/foro-energia\/wp-content\/uploads\/2025\/03\/Jonathan-Pinzon-2.jpg 600w, https:\/\/energiaadebate.com\/foro-energia\/wp-content\/uploads\/2025\/03\/Jonathan-Pinzon-2-300x300.jpg 300w, https:\/\/energiaadebate.com\/foro-energia\/wp-content\/uploads\/2025\/03\/Jonathan-Pinzon-2-150x150.jpg 150w, https:\/\/energiaadebate.com\/foro-energia\/wp-content\/uploads\/2025\/03\/Jonathan-Pinzon-2-370x370.jpg 370w, https:\/\/energiaadebate.com\/foro-energia\/wp-content\/uploads\/2025\/03\/Jonathan-Pinzon-2-75x75.jpg 75w\" sizes=\"auto, (max-width: 600px) 100vw, 600px\" \/><\/a><\/div>\n    <div class=\"lb-info\">\n        <h3><a href=\"javascript:;\">Jonathan Pinz\u00f3n<\/a><\/h3>\n        <div class=\"exp-lightbox-meta\">\n            <div class=\"lb-social\"><\/div>\n                                            <\/div>\n        <div class=\"extp-mb-content\"><p>Es titulado de Relaciones Internacionales por el ITAM con una Maestr\u00eda en Comercializaci\u00f3n de la Ciencia y la Tecnolog\u00eda del programa conjunto CIMAV-Universidad de Texas, Austin. Asimismo, tiene un diploma en Derecho de la Energ\u00eda por la Escuela Libre de Derecho. Cuenta con m\u00e1s de 15 a\u00f1os de experiencia en el sector energ\u00e9tico, durante los cuales se ha desempe\u00f1ado con responsabilidades de liderazgo en consultor\u00edas especializadas en inteligencia de mercados y pol\u00edtica p\u00fablica relacionadas con energ\u00eda, tecnolog\u00edas limpias y cambio clim\u00e1tico. Ha sido responsable del desarrollo, promoci\u00f3n, implementaci\u00f3n y monitoreo de pol\u00edticas, legislaci\u00f3n y reglas de mercado en M\u00e9xico y Am\u00e9rica Latina en la firma Invenergy LLC. En la actualidad es vicepresidente senior de Relaciones de Gobierno de Valia Energ\u00eda.<\/p>\n<p>&nbsp;<\/p>\n        <\/div>\n    <\/div>\n<\/div>\t\t    <\/div>\n    \t\t\t\t\t\t\t<figure class=\"tpstyle-list-3 tppost-1309\">\n  <div class=\"tplist-3-info\">\n    <div class=\"tplist-3-image\">\n      <a href=\"javascript:;\"><div class=\"image-bg-circle\" style=\"background-image: url(https:\/\/energiaadebate.com\/foro-energia\/wp-content\/uploads\/2025\/03\/Jonathan-Pinzon-2.jpg)\"><\/div><\/a>\n    <\/div><figcaption>\n      <h3><a href=\"javascript:;\">Jonathan Pinz\u00f3n<\/a><\/h3>\n                  <p>Es titulado de Relaciones Internacionales por el ITAM con una Maestr\u00eda en Comercializaci\u00f3n de la Ciencia y la Tecnolog\u00eda del programa conjunto CIMAV-Universidad de Texas, Austin. Asimismo, tiene un diploma en Derecho de la Energ\u00eda por la Escuela Libre de Derecho. Cuenta con m\u00e1s de 15 a\u00f1os de experiencia en el sector energ\u00e9tico, durante los [&hellip;]<\/p>\n                <\/figcaption>\n  <\/div>\n  <\/figure>\t\t\t\t\t<div class=\"exclearfix\"><\/div>\n\t\t\t\t\t<\/div>\n\t\t\t\t\t<\/div><div class=\"tpitem-list item-grid\" data-id=\"ex_id-extp-6289-1628\"> \t\t\t\t\t<div class=\"exp-arrow exlightbox exlb-extp-6289\" \n\t\t\t\t\t href=\"https:\/\/energiaadebate.com\/foro-energia\/wp-content\/uploads\/2025\/03\/carlos.jpg\" data-glightbox=\"descPosition: right;\" data-class=\"exlb-extp-6289\" >\n\t\t\t\t\t\t\t\t\t<div class=\"glightbox-desc\">\n\t\t      <div class=\"exp-lightbox-info\">\n\t<div class=\"lb-image\"><a href=\"javascript:;\"><img loading=\"lazy\" decoding=\"async\" width=\"600\" height=\"600\" src=\"https:\/\/energiaadebate.com\/foro-energia\/wp-content\/uploads\/2025\/03\/carlos.jpg\" class=\"attachment-full size-full wp-post-image\" alt=\"\" srcset=\"https:\/\/energiaadebate.com\/foro-energia\/wp-content\/uploads\/2025\/03\/carlos.jpg 600w, https:\/\/energiaadebate.com\/foro-energia\/wp-content\/uploads\/2025\/03\/carlos-300x300.jpg 300w, https:\/\/energiaadebate.com\/foro-energia\/wp-content\/uploads\/2025\/03\/carlos-150x150.jpg 150w, https:\/\/energiaadebate.com\/foro-energia\/wp-content\/uploads\/2025\/03\/carlos-370x370.jpg 370w, https:\/\/energiaadebate.com\/foro-energia\/wp-content\/uploads\/2025\/03\/carlos-75x75.jpg 75w\" sizes=\"auto, (max-width: 600px) 100vw, 600px\" \/><\/a><\/div>\n    <div class=\"lb-info\">\n        <h3><a href=\"javascript:;\">Carlos Aurelio Hern\u00e1ndez Gonz\u00e1lez<\/a><\/h3>\n        <div class=\"exp-lightbox-meta\">\n            <div class=\"lb-social\"><\/div>\n                                            <\/div>\n        <div class=\"extp-mb-content\"><p>Licenciado en Econom\u00eda de la Universidad An\u00e1huac del Norte.<\/p>\n<p>Curs\u00f3 4 semestres de la Licenciatura en Ciencias Pol\u00edticas y Administraci\u00f3n P\u00fablica Sistema (SUA) de la Universidad Nacional Aut\u00f3noma de M\u00e9xico (UNAM), carrera trunca.<\/p>\n<p>Delegado mexicano en el G20 Young Entrepreneur Alliance 2014 Australia y 2015 Turqu\u00eda.<\/p>\n<p>Tambi\u00e9n es miembro activo del Centro Empresarial de COPARMEX Metropolitano del Estado de M\u00e9xico.<\/p>\n<p>En los \u00faltimos 11 a\u00f1os ha ocupado puestos como la Presidencia de Empresarios J\u00f3venes y la de Energ\u00eda de COPARMEX Metropolitano, la Vicepresidencia Nacional de Empresarios J\u00f3venes y la Vicepresidencia de Energ\u00edas Renovables de la Comisi\u00f3n Nacional de Energ\u00eda de COPARMEX.<\/p>\n<p>Desde enero del 2024 se desempe\u00f1a como presidente de la Comisi\u00f3n Nacional de Energ\u00eda de COPARMEX y es consejero Nacional de COPARMEX (desde el 2019), tambi\u00e9n funge como presidente del Consejo de Administraci\u00f3n de SUJ\u00cdO, la primera suministradora de energ\u00eda del Baj\u00edo.<\/p>\n<p>Empresario comprometido con la promoci\u00f3n de m\u00e1s y mejores negocios a M\u00e9xico a trav\u00e9s de una nueva cultura emprendedora que fomenta un clima de innovaci\u00f3n en las Empresas en beneficio de la sociedad mexicana.<\/p>\n        <\/div>\n    <\/div>\n<\/div>\t\t    <\/div>\n    \t\t\t\t\t\t\t<figure class=\"tpstyle-list-3 tppost-1628\">\n  <div class=\"tplist-3-info\">\n    <div class=\"tplist-3-image\">\n      <a href=\"javascript:;\"><div class=\"image-bg-circle\" style=\"background-image: url(https:\/\/energiaadebate.com\/foro-energia\/wp-content\/uploads\/2025\/03\/carlos.jpg)\"><\/div><\/a>\n    <\/div><figcaption>\n      <h3><a href=\"javascript:;\">Carlos Aurelio Hern\u00e1ndez Gonz\u00e1lez<\/a><\/h3>\n                  <p>Licenciado en Econom\u00eda de la Universidad An\u00e1huac del Norte. Curs\u00f3 4 semestres de la Licenciatura en Ciencias Pol\u00edticas y Administraci\u00f3n P\u00fablica Sistema (SUA) de la Universidad Nacional Aut\u00f3noma de M\u00e9xico (UNAM), carrera trunca. Delegado mexicano en el G20 Young Entrepreneur Alliance 2014 Australia y 2015 Turqu\u00eda. Tambi\u00e9n es miembro activo del Centro Empresarial de COPARMEX [&hellip;]<\/p>\n                <\/figcaption>\n  <\/div>\n  <\/figure>\t\t\t\t\t<div class=\"exclearfix\"><\/div>\n\t\t\t\t\t<\/div>\n\t\t\t\t\t<\/div><div class=\"tpitem-list item-grid\" data-id=\"ex_id-extp-6289-1312\"> \t\t\t\t\t<div class=\"exp-arrow exlightbox exlb-extp-6289\" \n\t\t\t\t\t href=\"https:\/\/energiaadebate.com\/foro-energia\/wp-content\/uploads\/2025\/03\/Angelica-Soto-1.jpg\" data-glightbox=\"descPosition: right;\" data-class=\"exlb-extp-6289\" >\n\t\t\t\t\t\t\t\t\t<div class=\"glightbox-desc\">\n\t\t      <div class=\"exp-lightbox-info\">\n\t<div class=\"lb-image\"><a href=\"javascript:;\"><img loading=\"lazy\" decoding=\"async\" width=\"600\" height=\"600\" src=\"https:\/\/energiaadebate.com\/foro-energia\/wp-content\/uploads\/2025\/03\/Angelica-Soto-1.jpg\" class=\"attachment-full size-full wp-post-image\" alt=\"\" srcset=\"https:\/\/energiaadebate.com\/foro-energia\/wp-content\/uploads\/2025\/03\/Angelica-Soto-1.jpg 600w, https:\/\/energiaadebate.com\/foro-energia\/wp-content\/uploads\/2025\/03\/Angelica-Soto-1-300x300.jpg 300w, https:\/\/energiaadebate.com\/foro-energia\/wp-content\/uploads\/2025\/03\/Angelica-Soto-1-150x150.jpg 150w, https:\/\/energiaadebate.com\/foro-energia\/wp-content\/uploads\/2025\/03\/Angelica-Soto-1-370x370.jpg 370w, https:\/\/energiaadebate.com\/foro-energia\/wp-content\/uploads\/2025\/03\/Angelica-Soto-1-75x75.jpg 75w\" sizes=\"auto, (max-width: 600px) 100vw, 600px\" \/><\/a><\/div>\n    <div class=\"lb-info\">\n        <h3><a href=\"javascript:;\">Ang\u00e9lica Soto<\/a><\/h3>\n        <div class=\"exp-lightbox-meta\">\n            <div class=\"lb-social\"><\/div>\n                                            <\/div>\n        <div class=\"extp-mb-content\"><p>Es ingeniera industrial en Calidad egresada de la Universidad La Salle Chihuahua, con un M\u00e1ster en Ingenier\u00eda y Gesti\u00f3n de las Energ\u00edas Renovables por la Universidad de Barcelona y participante en el programa de Liderazgo para Mujeres del Qiyadat en la Georgetown University McDonough School of Business. Es miembro del Consejo de la Asolmex, socia de la organizaci\u00f3n Mujeres en Energ\u00eda Renovable M\u00e9xico (MERM) y fue miembro del Consejo de la Asociaci\u00f3n Mexicana de Suministradores Calificados (AMSCA MX). Actualmente funge como directora general de Nx Buena Energ\u00eda. Es integrante del grupo Voz Experta<\/p>\n        <\/div>\n    <\/div>\n<\/div>\t\t    <\/div>\n    \t\t\t\t\t\t\t<figure class=\"tpstyle-list-3 tppost-1312\">\n  <div class=\"tplist-3-info\">\n    <div class=\"tplist-3-image\">\n      <a href=\"javascript:;\"><div class=\"image-bg-circle\" style=\"background-image: url(https:\/\/energiaadebate.com\/foro-energia\/wp-content\/uploads\/2025\/03\/Angelica-Soto-1.jpg)\"><\/div><\/a>\n    <\/div><figcaption>\n      <h3><a href=\"javascript:;\">Ang\u00e9lica Soto<\/a><\/h3>\n                  <p>Es ingeniera industrial en Calidad egresada de la Universidad La Salle Chihuahua, con un M\u00e1ster en Ingenier\u00eda y Gesti\u00f3n de las Energ\u00edas Renovables por la Universidad de Barcelona y participante en el programa de Liderazgo para Mujeres del Qiyadat en la Georgetown University McDonough School of Business. Es miembro del Consejo de la Asolmex, socia [&hellip;]<\/p>\n                <\/figcaption>\n  <\/div>\n  <\/figure>\t\t\t\t\t<div class=\"exclearfix\"><\/div>\n\t\t\t\t\t<\/div>\n\t\t\t\t\t<\/div><div class=\"tpitem-list item-grid\" data-id=\"ex_id-extp-6289-1458\"> \t\t\t\t\t<div class=\"exp-arrow exlightbox exlb-extp-6289\" \n\t\t\t\t\t href=\"https:\/\/energiaadebate.com\/foro-energia\/wp-content\/uploads\/2025\/03\/Beatriz-Silvia-Robles-Gutierrez.jpg\" data-glightbox=\"descPosition: right;\" data-class=\"exlb-extp-6289\" >\n\t\t\t\t\t\t\t\t\t<div class=\"glightbox-desc\">\n\t\t      <div class=\"exp-lightbox-info\">\n\t<div class=\"lb-image\"><a href=\"javascript:;\"><img loading=\"lazy\" decoding=\"async\" width=\"600\" height=\"600\" src=\"https:\/\/energiaadebate.com\/foro-energia\/wp-content\/uploads\/2025\/03\/Beatriz-Silvia-Robles-Gutierrez.jpg\" class=\"attachment-full size-full wp-post-image\" alt=\"\" srcset=\"https:\/\/energiaadebate.com\/foro-energia\/wp-content\/uploads\/2025\/03\/Beatriz-Silvia-Robles-Gutierrez.jpg 600w, https:\/\/energiaadebate.com\/foro-energia\/wp-content\/uploads\/2025\/03\/Beatriz-Silvia-Robles-Gutierrez-300x300.jpg 300w, https:\/\/energiaadebate.com\/foro-energia\/wp-content\/uploads\/2025\/03\/Beatriz-Silvia-Robles-Gutierrez-150x150.jpg 150w, https:\/\/energiaadebate.com\/foro-energia\/wp-content\/uploads\/2025\/03\/Beatriz-Silvia-Robles-Gutierrez-370x370.jpg 370w, https:\/\/energiaadebate.com\/foro-energia\/wp-content\/uploads\/2025\/03\/Beatriz-Silvia-Robles-Gutierrez-75x75.jpg 75w\" sizes=\"auto, (max-width: 600px) 100vw, 600px\" \/><\/a><\/div>\n    <div class=\"lb-info\">\n        <h3><a href=\"javascript:;\">Sen. Beatriz Silvia Robles<\/a><\/h3>\n        <div class=\"exp-lightbox-meta\">\n            <div class=\"lb-social\"><\/div>\n                                            <\/div>\n        <div class=\"extp-mb-content\"><p>Es licenciada en Ingenier\u00eda de los Alimentos por parte de la Universidad Aut\u00f3noma Metropolitana con Maestr\u00eda en Mercadotecnia por la UNAM. Cuenta con una amplia trayectoria en el sector privado que incluye su funci\u00f3n como inspectora de Calidad en Jumex, para posteriormente ocupar las Jefaturas de Producci\u00f3n y de Calidad en Panificaci\u00f3n Alcatraz. Fue gerente de productos en 3M M\u00e9xico y m\u00e1s recientemente directora de Proyectos en Terrafix, GmBH Alemania y directora general en Terrafix M\u00e9xico. En el \u00e1mbito pol\u00edtico, fue diputada federal por LXIV Legislatura. Actualmente es senadora por el estado de Quer\u00e9taro.<\/p>\n        <\/div>\n    <\/div>\n<\/div>\t\t    <\/div>\n    \t\t\t\t\t\t\t<figure class=\"tpstyle-list-3 tppost-1458\">\n  <div class=\"tplist-3-info\">\n    <div class=\"tplist-3-image\">\n      <a href=\"javascript:;\"><div class=\"image-bg-circle\" style=\"background-image: url(https:\/\/energiaadebate.com\/foro-energia\/wp-content\/uploads\/2025\/03\/Beatriz-Silvia-Robles-Gutierrez.jpg)\"><\/div><\/a>\n    <\/div><figcaption>\n      <h3><a href=\"javascript:;\">Sen. Beatriz Silvia Robles<\/a><\/h3>\n                  <p>Es licenciada en Ingenier\u00eda de los Alimentos por parte de la Universidad Aut\u00f3noma Metropolitana con Maestr\u00eda en Mercadotecnia por la UNAM. Cuenta con una amplia trayectoria en el sector privado que incluye su funci\u00f3n como inspectora de Calidad en Jumex, para posteriormente ocupar las Jefaturas de Producci\u00f3n y de Calidad en Panificaci\u00f3n Alcatraz. Fue gerente [&hellip;]<\/p>\n                <\/figcaption>\n  <\/div>\n  <\/figure>\t\t\t\t\t<div class=\"exclearfix\"><\/div>\n\t\t\t\t\t<\/div>\n\t\t\t\t\t<\/div><div class=\"tpitem-list item-grid\" data-id=\"ex_id-extp-6289-1319\"> \t\t\t\t\t<div class=\"exp-arrow exlightbox exlb-extp-6289\" \n\t\t\t\t\t href=\"https:\/\/energiaadebate.com\/foro-energia\/wp-content\/uploads\/2025\/03\/Gilberto-Sanchez-1.jpg\" data-glightbox=\"descPosition: right;\" data-class=\"exlb-extp-6289\" >\n\t\t\t\t\t\t\t\t\t<div class=\"glightbox-desc\">\n\t\t      <div class=\"exp-lightbox-info\">\n\t<div class=\"lb-image\"><a href=\"javascript:;\"><img loading=\"lazy\" decoding=\"async\" width=\"600\" height=\"600\" src=\"https:\/\/energiaadebate.com\/foro-energia\/wp-content\/uploads\/2025\/03\/Gilberto-Sanchez-1.jpg\" class=\"attachment-full size-full wp-post-image\" alt=\"\" srcset=\"https:\/\/energiaadebate.com\/foro-energia\/wp-content\/uploads\/2025\/03\/Gilberto-Sanchez-1.jpg 600w, https:\/\/energiaadebate.com\/foro-energia\/wp-content\/uploads\/2025\/03\/Gilberto-Sanchez-1-300x300.jpg 300w, https:\/\/energiaadebate.com\/foro-energia\/wp-content\/uploads\/2025\/03\/Gilberto-Sanchez-1-150x150.jpg 150w, https:\/\/energiaadebate.com\/foro-energia\/wp-content\/uploads\/2025\/03\/Gilberto-Sanchez-1-370x370.jpg 370w, https:\/\/energiaadebate.com\/foro-energia\/wp-content\/uploads\/2025\/03\/Gilberto-Sanchez-1-75x75.jpg 75w\" sizes=\"auto, (max-width: 600px) 100vw, 600px\" \/><\/a><\/div>\n    <div class=\"lb-info\">\n        <h3><a href=\"javascript:;\">Gilberto S\u00e1nchez<\/a><\/h3>\n        <div class=\"exp-lightbox-meta\">\n            <div class=\"lb-social\"><\/div>\n                                            <\/div>\n        <div class=\"extp-mb-content\"><p>Es director general de la empresa Sanba Energ\u00eda y vicepresidente de la ANES. Cuenta con amplia experiencia en el sector el\u00e9ctrico. Como consultor ha asesorado a diferentes empresas para la implementaci\u00f3n de proyectos de generaci\u00f3n de energ\u00eda y participaci\u00f3n en el Mercado El\u00e9ctrico Mayorista. Destacan sus aportes para la conformaci\u00f3n del Programa Especial de Transici\u00f3n Energ\u00e9tica en 2016 para determinar la regulaci\u00f3n para la Generaci\u00f3n Distribuida. Ha expuesto en diferentes congresos del sector el\u00e9ctrico sobre la Ley de la Industria El\u00e9ctrica, el Mercado El\u00e9ctrico, la Generaci\u00f3n Distribuida y el Abasto Aislado, adem\u00e1s de impartir cursos sobre estos y otros temas. Ha participado en reuniones tanto con la CRE como con CFE-SSB para la homologaci\u00f3n de criterios en la interpretaci\u00f3n y ejecuci\u00f3n de la regulaci\u00f3n vigente en materia de Generaci\u00f3n Distribuida. Contin\u00faa aportando en diferentes mesas de trabajo para el desarrollo y actualizaci\u00f3n de diferentes normas y regulaci\u00f3n. Actualmente forma parte del Comit\u00e9 Consultivo Nacional de Normalizaci\u00f3n El\u00e9ctrica en la CRE.<\/p>\n<p>&nbsp;<\/p>\n        <\/div>\n    <\/div>\n<\/div>\t\t    <\/div>\n    \t\t\t\t\t\t\t<figure class=\"tpstyle-list-3 tppost-1319\">\n  <div class=\"tplist-3-info\">\n    <div class=\"tplist-3-image\">\n      <a href=\"javascript:;\"><div class=\"image-bg-circle\" style=\"background-image: url(https:\/\/energiaadebate.com\/foro-energia\/wp-content\/uploads\/2025\/03\/Gilberto-Sanchez-1.jpg)\"><\/div><\/a>\n    <\/div><figcaption>\n      <h3><a href=\"javascript:;\">Gilberto S\u00e1nchez<\/a><\/h3>\n                  <p>Es director general de la empresa Sanba Energ\u00eda y vicepresidente de la ANES. Cuenta con amplia experiencia en el sector el\u00e9ctrico. Como consultor ha asesorado a diferentes empresas para la implementaci\u00f3n de proyectos de generaci\u00f3n de energ\u00eda y participaci\u00f3n en el Mercado El\u00e9ctrico Mayorista. Destacan sus aportes para la conformaci\u00f3n del Programa Especial de Transici\u00f3n [&hellip;]<\/p>\n                <\/figcaption>\n  <\/div>\n  <\/figure>\t\t\t\t\t<div class=\"exclearfix\"><\/div>\n\t\t\t\t\t<\/div>\n\t\t\t\t\t<\/div><div class=\"tpitem-list item-grid\" data-id=\"ex_id-extp-6289-1466\"> \t\t\t\t\t<div class=\"exp-arrow exlightbox exlb-extp-6289\" \n\t\t\t\t\t href=\"https:\/\/energiaadebate.com\/foro-energia\/wp-content\/uploads\/2025\/03\/Casiopea-Ramirez.png\" data-glightbox=\"descPosition: right;\" data-class=\"exlb-extp-6289\" >\n\t\t\t\t\t\t\t\t\t<div class=\"glightbox-desc\">\n\t\t      <div class=\"exp-lightbox-info\">\n\t<div class=\"lb-image\"><a href=\"javascript:;\"><img loading=\"lazy\" decoding=\"async\" width=\"600\" height=\"600\" src=\"https:\/\/energiaadebate.com\/foro-energia\/wp-content\/uploads\/2025\/03\/Casiopea-Ramirez.png\" class=\"attachment-full size-full wp-post-image\" alt=\"\" srcset=\"https:\/\/energiaadebate.com\/foro-energia\/wp-content\/uploads\/2025\/03\/Casiopea-Ramirez.png 600w, https:\/\/energiaadebate.com\/foro-energia\/wp-content\/uploads\/2025\/03\/Casiopea-Ramirez-300x300.png 300w, https:\/\/energiaadebate.com\/foro-energia\/wp-content\/uploads\/2025\/03\/Casiopea-Ramirez-150x150.png 150w, https:\/\/energiaadebate.com\/foro-energia\/wp-content\/uploads\/2025\/03\/Casiopea-Ramirez-370x370.png 370w, https:\/\/energiaadebate.com\/foro-energia\/wp-content\/uploads\/2025\/03\/Casiopea-Ramirez-75x75.png 75w\" sizes=\"auto, (max-width: 600px) 100vw, 600px\" \/><\/a><\/div>\n    <div class=\"lb-info\">\n        <h3><a href=\"javascript:;\">Casiopea Ram\u00edrez<\/a><\/h3>\n        <div class=\"exp-lightbox-meta\">\n            <div class=\"lb-social\"><\/div>\n                                            <\/div>\n        <div class=\"extp-mb-content\"><p>Tiene Licenciatura en Relaciones Internacionales y una Maestr\u00eda en Geopol\u00edtica, as\u00ed como una especializaci\u00f3n en Regulaci\u00f3n de Utilities por la Universidad de Florida. Posee amplia experiencia internacional colaborando en iniciativas p\u00fablicas y privadas para la transici\u00f3n energ\u00e9tica en M\u00e9xico y Centro Am\u00e9rica. Como subdirectora de Negocios El\u00e9ctricos y gerente de Regulaci\u00f3n en empresas como Enel Green Power, AES Corporation y Naturgy, ha liderado an\u00e1lisis de mercados, elaboraci\u00f3n de iniciativas de mejores pr\u00e1cticas regulatorias, de estudios de potencial renovable y de propuestas de modificaci\u00f3n de marcos regulatorios, entre otros. Ha sido parte del Consejo Consultivo de la CRE, consejera fundadora de la Asolmex y consejera fundadora de Voz Experta. Actualmente es socia de Fresh Energy Consulting. Es Presidenta del grupo Voz Experta<\/p>\n        <\/div>\n    <\/div>\n<\/div>\t\t    <\/div>\n    \t\t\t\t\t\t\t<figure class=\"tpstyle-list-3 tppost-1466\">\n  <div class=\"tplist-3-info\">\n    <div class=\"tplist-3-image\">\n      <a href=\"javascript:;\"><div class=\"image-bg-circle\" style=\"background-image: url(https:\/\/energiaadebate.com\/foro-energia\/wp-content\/uploads\/2025\/03\/Casiopea-Ramirez.png)\"><\/div><\/a>\n    <\/div><figcaption>\n      <h3><a href=\"javascript:;\">Casiopea Ram\u00edrez<\/a><\/h3>\n                  <p>Tiene Licenciatura en Relaciones Internacionales y una Maestr\u00eda en Geopol\u00edtica, as\u00ed como una especializaci\u00f3n en Regulaci\u00f3n de Utilities por la Universidad de Florida. Posee amplia experiencia internacional colaborando en iniciativas p\u00fablicas y privadas para la transici\u00f3n energ\u00e9tica en M\u00e9xico y Centro Am\u00e9rica. Como subdirectora de Negocios El\u00e9ctricos y gerente de Regulaci\u00f3n en empresas como Enel [&hellip;]<\/p>\n                <\/figcaption>\n  <\/div>\n  <\/figure>\t\t\t\t\t<div class=\"exclearfix\"><\/div>\n\t\t\t\t\t<\/div>\n\t\t\t\t\t<\/div><div class=\"tpitem-list item-grid\" data-id=\"ex_id-extp-6289-1314\"> \t\t\t\t\t<div class=\"exp-arrow exlightbox exlb-extp-6289\" \n\t\t\t\t\t href=\"https:\/\/energiaadebate.com\/foro-energia\/wp-content\/uploads\/2025\/03\/oliver-1.jpg\" data-glightbox=\"descPosition: right;\" data-class=\"exlb-extp-6289\" >\n\t\t\t\t\t\t\t\t\t<div class=\"glightbox-desc\">\n\t\t      <div class=\"exp-lightbox-info\">\n\t<div class=\"lb-image\"><a href=\"javascript:;\"><img loading=\"lazy\" decoding=\"async\" width=\"600\" height=\"600\" src=\"https:\/\/energiaadebate.com\/foro-energia\/wp-content\/uploads\/2025\/03\/oliver-1.jpg\" class=\"attachment-full size-full wp-post-image\" alt=\"\" srcset=\"https:\/\/energiaadebate.com\/foro-energia\/wp-content\/uploads\/2025\/03\/oliver-1.jpg 600w, https:\/\/energiaadebate.com\/foro-energia\/wp-content\/uploads\/2025\/03\/oliver-1-300x300.jpg 300w, https:\/\/energiaadebate.com\/foro-energia\/wp-content\/uploads\/2025\/03\/oliver-1-150x150.jpg 150w, https:\/\/energiaadebate.com\/foro-energia\/wp-content\/uploads\/2025\/03\/oliver-1-370x370.jpg 370w, https:\/\/energiaadebate.com\/foro-energia\/wp-content\/uploads\/2025\/03\/oliver-1-75x75.jpg 75w\" sizes=\"auto, (max-width: 600px) 100vw, 600px\" \/><\/a><\/div>\n    <div class=\"lb-info\">\n        <h3><a href=\"javascript:;\">Oliver Probst<\/a><\/h3>\n        <div class=\"exp-lightbox-meta\">\n            <div class=\"lb-social\"><\/div>\n                                            <\/div>\n        <div class=\"extp-mb-content\"><p>Es f\u00edsico por la Universidad de Heidelberg, Alemania, y doctor en Ciencias Naturales con especializaci\u00f3n en F\u00edsica Experimental por la misma instituci\u00f3n, adem\u00e1s de ser investigador nivel II del Sistema Nacional de Investigadores de M\u00e9xico. Ha dedicado su vida profesional a la investigaci\u00f3n de las energ\u00edas limpias, especialmente en biocombustibles y la generaci\u00f3n e\u00f3lica. Ha sido asesor en diversos proyectos importantes de energ\u00eda en M\u00e9xico y en el extranjero. Destaca haber sido galardonado con el Premio al Trabajo Docente y de Investigaci\u00f3n en dos ocasiones. Actualmente es director nacional, M.Sc. del Programa de Ciencias de la Ingenier\u00eda del Tecnol\u00f3gico de Monterrey.<\/p>\n        <\/div>\n    <\/div>\n<\/div>\t\t    <\/div>\n    \t\t\t\t\t\t\t<figure class=\"tpstyle-list-3 tppost-1314\">\n  <div class=\"tplist-3-info\">\n    <div class=\"tplist-3-image\">\n      <a href=\"javascript:;\"><div class=\"image-bg-circle\" style=\"background-image: url(https:\/\/energiaadebate.com\/foro-energia\/wp-content\/uploads\/2025\/03\/oliver-1.jpg)\"><\/div><\/a>\n    <\/div><figcaption>\n      <h3><a href=\"javascript:;\">Oliver Probst<\/a><\/h3>\n                  <p>Es f\u00edsico por la Universidad de Heidelberg, Alemania, y doctor en Ciencias Naturales con especializaci\u00f3n en F\u00edsica Experimental por la misma instituci\u00f3n, adem\u00e1s de ser investigador nivel II del Sistema Nacional de Investigadores de M\u00e9xico. Ha dedicado su vida profesional a la investigaci\u00f3n de las energ\u00edas limpias, especialmente en biocombustibles y la generaci\u00f3n e\u00f3lica. Ha [&hellip;]<\/p>\n                <\/figcaption>\n  <\/div>\n  <\/figure>\t\t\t\t\t<div class=\"exclearfix\"><\/div>\n\t\t\t\t\t<\/div>\n\t\t\t\t\t<\/div><div class=\"tpitem-list item-grid\" data-id=\"ex_id-extp-6289-1316\"> \t\t\t\t\t<div class=\"exp-arrow exlightbox exlb-extp-6289\" \n\t\t\t\t\t href=\"https:\/\/energiaadebate.com\/foro-energia\/wp-content\/uploads\/2025\/03\/Hector-Beltran-1.jpg\" data-glightbox=\"descPosition: right;\" data-class=\"exlb-extp-6289\" >\n\t\t\t\t\t\t\t\t\t<div class=\"glightbox-desc\">\n\t\t      <div class=\"exp-lightbox-info\">\n\t<div class=\"lb-image\"><a href=\"javascript:;\"><img loading=\"lazy\" decoding=\"async\" width=\"600\" height=\"600\" src=\"https:\/\/energiaadebate.com\/foro-energia\/wp-content\/uploads\/2025\/03\/Hector-Beltran-1.jpg\" class=\"attachment-full size-full wp-post-image\" alt=\"\" srcset=\"https:\/\/energiaadebate.com\/foro-energia\/wp-content\/uploads\/2025\/03\/Hector-Beltran-1.jpg 600w, https:\/\/energiaadebate.com\/foro-energia\/wp-content\/uploads\/2025\/03\/Hector-Beltran-1-300x300.jpg 300w, https:\/\/energiaadebate.com\/foro-energia\/wp-content\/uploads\/2025\/03\/Hector-Beltran-1-150x150.jpg 150w, https:\/\/energiaadebate.com\/foro-energia\/wp-content\/uploads\/2025\/03\/Hector-Beltran-1-370x370.jpg 370w, https:\/\/energiaadebate.com\/foro-energia\/wp-content\/uploads\/2025\/03\/Hector-Beltran-1-75x75.jpg 75w\" sizes=\"auto, (max-width: 600px) 100vw, 600px\" \/><\/a><\/div>\n    <div class=\"lb-info\">\n        <h3><a href=\"javascript:;\">H\u00e9ctor Beltr\u00e1n<\/a><\/h3>\n        <div class=\"exp-lightbox-meta\">\n            <div class=\"lb-social\"><\/div>\n                                            <\/div>\n        <div class=\"extp-mb-content\"><p>Es ingeniero el\u00e9ctrico electr\u00f3nico por la UNAM, posee la Maestr\u00eda en Ciencias y Sistemas El\u00e9ctricos por la Universidad de Illinois Urbana-Campaign y es doctorante en Administraci\u00f3n P\u00fablica y Pol\u00edtica Energ\u00e9tica por el INAP. Entre su amplia carrera profesional se encuentra haber sido miembro de la Junta Directiva del Programa J\u00f3venes L\u00edderes en Energ\u00eda del Consejo Mundial de Energ\u00eda (WEC). Tuvo una importante trayectoria al interior de la CRE que incluye la Subdirecci\u00f3n de Interconexi\u00f3n al Servicio P\u00fablico de Energ\u00eda El\u00e9ctrica, y la Direcci\u00f3n General de An\u00e1lisis y Evaluaci\u00f3n T\u00e9cnica de la Industria El\u00e9ctrica, entre otras labores. En la Sener es titular de la Unidad del Sistema El\u00e9ctrico Nacional y Pol\u00edtica Nuclear, adem\u00e1s de ejercer como profesor en la Facultad de Ingenier\u00eda de la UNAM y ser miembro del Comit\u00e9 Directivo de CIGRE M\u00e9xico.<\/p>\n<p>&nbsp;<\/p>\n        <\/div>\n    <\/div>\n<\/div>\t\t    <\/div>\n    \t\t\t\t\t\t\t<figure class=\"tpstyle-list-3 tppost-1316\">\n  <div class=\"tplist-3-info\">\n    <div class=\"tplist-3-image\">\n      <a href=\"javascript:;\"><div class=\"image-bg-circle\" style=\"background-image: url(https:\/\/energiaadebate.com\/foro-energia\/wp-content\/uploads\/2025\/03\/Hector-Beltran-1.jpg)\"><\/div><\/a>\n    <\/div><figcaption>\n      <h3><a href=\"javascript:;\">H\u00e9ctor Beltr\u00e1n<\/a><\/h3>\n                  <p>Es ingeniero el\u00e9ctrico electr\u00f3nico por la UNAM, posee la Maestr\u00eda en Ciencias y Sistemas El\u00e9ctricos por la Universidad de Illinois Urbana-Campaign y es doctorante en Administraci\u00f3n P\u00fablica y Pol\u00edtica Energ\u00e9tica por el INAP. Entre su amplia carrera profesional se encuentra haber sido miembro de la Junta Directiva del Programa J\u00f3venes L\u00edderes en Energ\u00eda del Consejo [&hellip;]<\/p>\n                <\/figcaption>\n  <\/div>\n  <\/figure>\t\t\t\t\t<div class=\"exclearfix\"><\/div>\n\t\t\t\t\t<\/div>\n\t\t\t\t\t<\/div><div class=\"tpitem-list item-grid\" data-id=\"ex_id-extp-6289-1317\"> \t\t\t\t\t<div class=\"exp-arrow exlightbox exlb-extp-6289\" \n\t\t\t\t\t href=\"https:\/\/energiaadebate.com\/foro-energia\/wp-content\/uploads\/2025\/03\/Eleazar-Castro.png\" data-glightbox=\"descPosition: right;\" data-class=\"exlb-extp-6289\" >\n\t\t\t\t\t\t\t\t\t<div class=\"glightbox-desc\">\n\t\t      <div class=\"exp-lightbox-info\">\n\t<div class=\"lb-image\"><a href=\"javascript:;\"><img loading=\"lazy\" decoding=\"async\" width=\"600\" height=\"600\" src=\"https:\/\/energiaadebate.com\/foro-energia\/wp-content\/uploads\/2025\/03\/Eleazar-Castro.png\" class=\"attachment-full size-full wp-post-image\" alt=\"\" srcset=\"https:\/\/energiaadebate.com\/foro-energia\/wp-content\/uploads\/2025\/03\/Eleazar-Castro.png 600w, https:\/\/energiaadebate.com\/foro-energia\/wp-content\/uploads\/2025\/03\/Eleazar-Castro-300x300.png 300w, https:\/\/energiaadebate.com\/foro-energia\/wp-content\/uploads\/2025\/03\/Eleazar-Castro-150x150.png 150w, https:\/\/energiaadebate.com\/foro-energia\/wp-content\/uploads\/2025\/03\/Eleazar-Castro-370x370.png 370w, https:\/\/energiaadebate.com\/foro-energia\/wp-content\/uploads\/2025\/03\/Eleazar-Castro-75x75.png 75w\" sizes=\"auto, (max-width: 600px) 100vw, 600px\" \/><\/a><\/div>\n    <div class=\"lb-info\">\n        <h3><a href=\"javascript:;\">Eleazar Castro<\/a><\/h3>\n        <div class=\"exp-lightbox-meta\">\n            <div class=\"lb-social\"><\/div>\n                                            <\/div>\n        <div class=\"extp-mb-content\"><p>Es licenciado en Matem\u00e1ticas Aplicadas y Computaci\u00f3n por la UNAM y se ha especializado en el sector energ\u00e9tico. Fue supervisor operativo en la 1ra y 2da subasta de largo plazo en el Cenace. Ha dedicado gran parte de su carrera profesional a la consultor\u00eda independiente sobre el sector el\u00e9ctrico y Data Science. Destaca su participaci\u00f3n como especialista en los foros de Parlamento Abierto organizados por el Congreso de la Uni\u00f3n durante el an\u00e1lisis y discusi\u00f3n de la Reforma El\u00e9ctrica de 2022. Se ha desempe\u00f1ado como analista del sector y actualmente ocupa la Gerencia de Modelaci\u00f3n y An\u00e1lisis en Elevation Ideas.<\/p>\n        <\/div>\n    <\/div>\n<\/div>\t\t    <\/div>\n    \t\t\t\t\t\t\t<figure class=\"tpstyle-list-3 tppost-1317\">\n  <div class=\"tplist-3-info\">\n    <div class=\"tplist-3-image\">\n      <a href=\"javascript:;\"><div class=\"image-bg-circle\" style=\"background-image: url(https:\/\/energiaadebate.com\/foro-energia\/wp-content\/uploads\/2025\/03\/Eleazar-Castro.png)\"><\/div><\/a>\n    <\/div><figcaption>\n      <h3><a href=\"javascript:;\">Eleazar Castro<\/a><\/h3>\n                  <p>Es licenciado en Matem\u00e1ticas Aplicadas y Computaci\u00f3n por la UNAM y se ha especializado en el sector energ\u00e9tico. Fue supervisor operativo en la 1ra y 2da subasta de largo plazo en el Cenace. Ha dedicado gran parte de su carrera profesional a la consultor\u00eda independiente sobre el sector el\u00e9ctrico y Data Science. Destaca su participaci\u00f3n [&hellip;]<\/p>\n                <\/figcaption>\n  <\/div>\n  <\/figure>\t\t\t\t\t<div class=\"exclearfix\"><\/div>\n\t\t\t\t\t<\/div>\n\t\t\t\t\t<\/div><div class=\"tpitem-list item-grid\" data-id=\"ex_id-extp-6289-1456\"> \t\t\t\t\t<div class=\"exp-arrow exlightbox exlb-extp-6289\" \n\t\t\t\t\t href=\"https:\/\/energiaadebate.com\/foro-energia\/wp-content\/uploads\/2025\/03\/Lorenia-Iveth-Valles.jpg\" data-glightbox=\"descPosition: right;\" data-class=\"exlb-extp-6289\" >\n\t\t\t\t\t\t\t\t\t<div class=\"glightbox-desc\">\n\t\t      <div class=\"exp-lightbox-info\">\n\t<div class=\"lb-image\"><a href=\"javascript:;\"><img loading=\"lazy\" decoding=\"async\" width=\"600\" height=\"600\" src=\"https:\/\/energiaadebate.com\/foro-energia\/wp-content\/uploads\/2025\/03\/Lorenia-Iveth-Valles.jpg\" class=\"attachment-full size-full wp-post-image\" alt=\"\" srcset=\"https:\/\/energiaadebate.com\/foro-energia\/wp-content\/uploads\/2025\/03\/Lorenia-Iveth-Valles.jpg 600w, https:\/\/energiaadebate.com\/foro-energia\/wp-content\/uploads\/2025\/03\/Lorenia-Iveth-Valles-300x300.jpg 300w, https:\/\/energiaadebate.com\/foro-energia\/wp-content\/uploads\/2025\/03\/Lorenia-Iveth-Valles-150x150.jpg 150w, https:\/\/energiaadebate.com\/foro-energia\/wp-content\/uploads\/2025\/03\/Lorenia-Iveth-Valles-370x370.jpg 370w, https:\/\/energiaadebate.com\/foro-energia\/wp-content\/uploads\/2025\/03\/Lorenia-Iveth-Valles-75x75.jpg 75w\" sizes=\"auto, (max-width: 600px) 100vw, 600px\" \/><\/a><\/div>\n    <div class=\"lb-info\">\n        <h3><a href=\"javascript:;\">Sen. Lorenia Iveth Valles Sampedro<\/a><\/h3>\n        <div class=\"exp-lightbox-meta\">\n            <div class=\"lb-social\"><\/div>\n                                            <\/div>\n        <div class=\"extp-mb-content\"><p>Tiene la Licenciatura en Administraci\u00f3n de Empresas Tur\u00edsticas por la Universidad Estatal de Sonora y una Maestr\u00eda en Democracia y Parlamento por la UNAM. Fue comisionada de la Secretar\u00eda de Desarrollo Rural y Equidad para las Comunidades del Gobierno del entonces Distrito Federal y posteriormente fue directora de Asuntos Internacionales y Atenci\u00f3n a Migrantes del Gobierno del Estado de Durango. Ha sido dos veces diputada federal, en las cuales ha sido integrante de las Comisiones de Hacienda y Cr\u00e9dito P\u00fablico, y de Medio Ambiente, Sustentabilidad, Cambio Clim\u00e1tico y Recursos Naturales. Es senadora por el Estado de Sonora.<\/p>\n        <\/div>\n    <\/div>\n<\/div>\t\t    <\/div>\n    \t\t\t\t\t\t\t<figure class=\"tpstyle-list-3 tppost-1456\">\n  <div class=\"tplist-3-info\">\n    <div class=\"tplist-3-image\">\n      <a href=\"javascript:;\"><div class=\"image-bg-circle\" style=\"background-image: url(https:\/\/energiaadebate.com\/foro-energia\/wp-content\/uploads\/2025\/03\/Lorenia-Iveth-Valles.jpg)\"><\/div><\/a>\n    <\/div><figcaption>\n      <h3><a href=\"javascript:;\">Sen. Lorenia Iveth Valles Sampedro<\/a><\/h3>\n                  <p>Tiene la Licenciatura en Administraci\u00f3n de Empresas Tur\u00edsticas por la Universidad Estatal de Sonora y una Maestr\u00eda en Democracia y Parlamento por la UNAM. Fue comisionada de la Secretar\u00eda de Desarrollo Rural y Equidad para las Comunidades del Gobierno del entonces Distrito Federal y posteriormente fue directora de Asuntos Internacionales y Atenci\u00f3n a Migrantes del [&hellip;]<\/p>\n                <\/figcaption>\n  <\/div>\n  <\/figure>\t\t\t\t\t<div class=\"exclearfix\"><\/div>\n\t\t\t\t\t<\/div>\n\t\t\t\t\t<\/div><div class=\"tpitem-list item-grid\" data-id=\"ex_id-extp-6289-1318\"> \t\t\t\t\t<div class=\"exp-arrow exlightbox exlb-extp-6289\" \n\t\t\t\t\t href=\"https:\/\/energiaadebate.com\/foro-energia\/wp-content\/uploads\/2025\/03\/Ana-Laura-Ludlow-1.png\" data-glightbox=\"descPosition: right;\" data-class=\"exlb-extp-6289\" >\n\t\t\t\t\t\t\t\t\t<div class=\"glightbox-desc\">\n\t\t      <div class=\"exp-lightbox-info\">\n\t<div class=\"lb-image\"><a href=\"javascript:;\"><img loading=\"lazy\" decoding=\"async\" width=\"600\" height=\"600\" src=\"https:\/\/energiaadebate.com\/foro-energia\/wp-content\/uploads\/2025\/03\/Ana-Laura-Ludlow-1.png\" class=\"attachment-full size-full wp-post-image\" alt=\"\" srcset=\"https:\/\/energiaadebate.com\/foro-energia\/wp-content\/uploads\/2025\/03\/Ana-Laura-Ludlow-1.png 600w, https:\/\/energiaadebate.com\/foro-energia\/wp-content\/uploads\/2025\/03\/Ana-Laura-Ludlow-1-300x300.png 300w, https:\/\/energiaadebate.com\/foro-energia\/wp-content\/uploads\/2025\/03\/Ana-Laura-Ludlow-1-150x150.png 150w, https:\/\/energiaadebate.com\/foro-energia\/wp-content\/uploads\/2025\/03\/Ana-Laura-Ludlow-1-370x370.png 370w, https:\/\/energiaadebate.com\/foro-energia\/wp-content\/uploads\/2025\/03\/Ana-Laura-Ludlow-1-75x75.png 75w\" sizes=\"auto, (max-width: 600px) 100vw, 600px\" \/><\/a><\/div>\n    <div class=\"lb-info\">\n        <h3><a href=\"javascript:;\">Ana Laura Ludlow<\/a><\/h3>\n        <div class=\"exp-lightbox-meta\">\n            <div class=\"lb-social\"><\/div>\n                                            <\/div>\n        <div class=\"extp-mb-content\"><p>Es licenciada en Comunicaci\u00f3n y maestra en Administraci\u00f3n por el Tec de Monterrey. En su carrera profesional destaca haber sido presidenta de la Comisi\u00f3n de Gas Natural del Consejo Coordinador Empresarial y haber ocupado el mismo cargo en la Canacintra Nacional. Posee el Certificado de Actualizaci\u00f3n Profesional en Responsabilidad Social y Sostenibilidad Empresarial otorgado por Empresability Movimiento Iberoamericano de Responsabilidad Social. Al interior de la compa\u00f1\u00eda de energ\u00eda ENGIE ha tenido diversas responsabilidades, como las Ventas B2B y la Administraci\u00f3n de Cuentas Clave (KAM), para luego asumir la responsabilidad de Chief Commercial Officer. Desde 2022 ocupa la Vicepresidencia de Asuntos Gubernamentales y Sustentabilidad en la misma empresa. Es integrante del grupo Voz Experta<\/p>\n<p>&nbsp;<\/p>\n        <\/div>\n    <\/div>\n<\/div>\t\t    <\/div>\n    \t\t\t\t\t\t\t<figure class=\"tpstyle-list-3 tppost-1318\">\n  <div class=\"tplist-3-info\">\n    <div class=\"tplist-3-image\">\n      <a href=\"javascript:;\"><div class=\"image-bg-circle\" style=\"background-image: url(https:\/\/energiaadebate.com\/foro-energia\/wp-content\/uploads\/2025\/03\/Ana-Laura-Ludlow-1.png)\"><\/div><\/a>\n    <\/div><figcaption>\n      <h3><a href=\"javascript:;\">Ana Laura Ludlow<\/a><\/h3>\n                  <p>Es licenciada en Comunicaci\u00f3n y maestra en Administraci\u00f3n por el Tec de Monterrey. En su carrera profesional destaca haber sido presidenta de la Comisi\u00f3n de Gas Natural del Consejo Coordinador Empresarial y haber ocupado el mismo cargo en la Canacintra Nacional. Posee el Certificado de Actualizaci\u00f3n Profesional en Responsabilidad Social y Sostenibilidad Empresarial otorgado por [&hellip;]<\/p>\n                <\/figcaption>\n  <\/div>\n  <\/figure>\t\t\t\t\t<div class=\"exclearfix\"><\/div>\n\t\t\t\t\t<\/div>\n\t\t\t\t\t<\/div><div class=\"tpitem-list item-grid\" data-id=\"ex_id-extp-6289-1315\"> \t\t\t\t\t<div class=\"exp-arrow exlightbox exlb-extp-6289\" \n\t\t\t\t\t href=\"https:\/\/energiaadebate.com\/foro-energia\/wp-content\/uploads\/2025\/03\/Javier-Andres-Pastorino-2.jpg\" data-glightbox=\"descPosition: right;\" data-class=\"exlb-extp-6289\" >\n\t\t\t\t\t\t\t\t\t<div class=\"glightbox-desc\">\n\t\t      <div class=\"exp-lightbox-info\">\n\t<div class=\"lb-image\"><a href=\"javascript:;\"><img loading=\"lazy\" decoding=\"async\" width=\"600\" height=\"600\" src=\"https:\/\/energiaadebate.com\/foro-energia\/wp-content\/uploads\/2025\/03\/Javier-Andres-Pastorino-2.jpg\" class=\"attachment-full size-full wp-post-image\" alt=\"\" srcset=\"https:\/\/energiaadebate.com\/foro-energia\/wp-content\/uploads\/2025\/03\/Javier-Andres-Pastorino-2.jpg 600w, https:\/\/energiaadebate.com\/foro-energia\/wp-content\/uploads\/2025\/03\/Javier-Andres-Pastorino-2-300x300.jpg 300w, https:\/\/energiaadebate.com\/foro-energia\/wp-content\/uploads\/2025\/03\/Javier-Andres-Pastorino-2-150x150.jpg 150w, https:\/\/energiaadebate.com\/foro-energia\/wp-content\/uploads\/2025\/03\/Javier-Andres-Pastorino-2-370x370.jpg 370w, https:\/\/energiaadebate.com\/foro-energia\/wp-content\/uploads\/2025\/03\/Javier-Andres-Pastorino-2-75x75.jpg 75w\" sizes=\"auto, (max-width: 600px) 100vw, 600px\" \/><\/a><\/div>\n    <div class=\"lb-info\">\n        <h3><a href=\"javascript:;\">Javier Andr\u00e9s Pastorino<\/a><\/h3>\n        <div class=\"exp-lightbox-meta\">\n            <div class=\"lb-social\"><\/div>\n                                            <\/div>\n        <div class=\"extp-mb-content\"><p>Es t\u00e9cnico el\u00e9ctrico y mec\u00e1nico egresado de la Philips Technical School, graduado como ingeniero industrial por la Universidad de Buenos Aires, con un MBA en Administraci\u00f3n y Gesti\u00f3n de Empresas en general. Cuenta con m\u00e1s de 20 a\u00f1os de experiencia en el sector tecnol\u00f3gico energ\u00e9tico, adem\u00e1s de su desempe\u00f1o como consultor en gesti\u00f3n de calidad. Ha contribuido en la promoci\u00f3n del uso de fuentes de energ\u00eda renovable para reducir las emisiones de gases de efecto invernadero. Ahora es director general para M\u00e9xico, Centroam\u00e9rica y El Caribe.<\/p>\n<p>&nbsp;<\/p>\n        <\/div>\n    <\/div>\n<\/div>\t\t    <\/div>\n    \t\t\t\t\t\t\t<figure class=\"tpstyle-list-3 tppost-1315\">\n  <div class=\"tplist-3-info\">\n    <div class=\"tplist-3-image\">\n      <a href=\"javascript:;\"><div class=\"image-bg-circle\" style=\"background-image: url(https:\/\/energiaadebate.com\/foro-energia\/wp-content\/uploads\/2025\/03\/Javier-Andres-Pastorino-2.jpg)\"><\/div><\/a>\n    <\/div><figcaption>\n      <h3><a href=\"javascript:;\">Javier Andr\u00e9s Pastorino<\/a><\/h3>\n                  <p>Es t\u00e9cnico el\u00e9ctrico y mec\u00e1nico egresado de la Philips Technical School, graduado como ingeniero industrial por la Universidad de Buenos Aires, con un MBA en Administraci\u00f3n y Gesti\u00f3n de Empresas en general. Cuenta con m\u00e1s de 20 a\u00f1os de experiencia en el sector tecnol\u00f3gico energ\u00e9tico, adem\u00e1s de su desempe\u00f1o como consultor en gesti\u00f3n de calidad. [&hellip;]<\/p>\n                <\/figcaption>\n  <\/div>\n  <\/figure>\t\t\t\t\t<div class=\"exclearfix\"><\/div>\n\t\t\t\t\t<\/div>\n\t\t\t\t\t<\/div><div class=\"tpitem-list item-grid\" data-id=\"ex_id-extp-6289-1468\"> \t\t\t\t\t<div class=\"exp-arrow exlightbox exlb-extp-6289\" \n\t\t\t\t\t href=\"https:\/\/energiaadebate.com\/foro-energia\/wp-content\/uploads\/2025\/03\/Luisa-Sierra.jpg\" data-glightbox=\"descPosition: right;\" data-class=\"exlb-extp-6289\" >\n\t\t\t\t\t\t\t\t\t<div class=\"glightbox-desc\">\n\t\t      <div class=\"exp-lightbox-info\">\n\t<div class=\"lb-image\"><a href=\"javascript:;\"><img loading=\"lazy\" decoding=\"async\" width=\"600\" height=\"600\" src=\"https:\/\/energiaadebate.com\/foro-energia\/wp-content\/uploads\/2025\/03\/Luisa-Sierra.jpg\" class=\"attachment-full size-full wp-post-image\" alt=\"\" srcset=\"https:\/\/energiaadebate.com\/foro-energia\/wp-content\/uploads\/2025\/03\/Luisa-Sierra.jpg 600w, https:\/\/energiaadebate.com\/foro-energia\/wp-content\/uploads\/2025\/03\/Luisa-Sierra-300x300.jpg 300w, https:\/\/energiaadebate.com\/foro-energia\/wp-content\/uploads\/2025\/03\/Luisa-Sierra-150x150.jpg 150w, https:\/\/energiaadebate.com\/foro-energia\/wp-content\/uploads\/2025\/03\/Luisa-Sierra-370x370.jpg 370w, https:\/\/energiaadebate.com\/foro-energia\/wp-content\/uploads\/2025\/03\/Luisa-Sierra-75x75.jpg 75w\" sizes=\"auto, (max-width: 600px) 100vw, 600px\" \/><\/a><\/div>\n    <div class=\"lb-info\">\n        <h3><a href=\"javascript:;\">Luisa Sierra<\/a><\/h3>\n        <div class=\"exp-lightbox-meta\">\n            <div class=\"lb-social\"><\/div>\n                                            <\/div>\n        <div class=\"extp-mb-content\"><p>Es arquitecta y cuenta con una Maestr\u00eda en Planeaci\u00f3n y Desarrollo Urbano por la University College London (UCL), donde realiz\u00f3 un an\u00e1lisis socio-tecnol\u00f3gico del sector de la generaci\u00f3n y el consumo el\u00e9ctrico en M\u00e9xico desde un enfoque social. Ha dedicado m\u00e1s de diez a\u00f1os al sector de la energ\u00eda y al estudio del cambio clim\u00e1tico. Fue directora de Pol\u00edtica Energ\u00e9tica en Iniciativa Clim\u00e1tica de M\u00e9xico (ICM), en donde fue responsable de identificar necesidades y prioridades de pol\u00edticas p\u00fablicas; comprender el contexto de la pol\u00edtica clim\u00e1tica y energ\u00e9tica, as\u00ed como la informaci\u00f3n t\u00e9cnica relacionada con este sector. Tambi\u00e9n ha sido autora y coautora de distintas publicaciones y reportes. Actualmente funge como directora en IDEA.<\/p>\n        <\/div>\n    <\/div>\n<\/div>\t\t    <\/div>\n    \t\t\t\t\t\t\t<figure class=\"tpstyle-list-3 tppost-1468\">\n  <div class=\"tplist-3-info\">\n    <div class=\"tplist-3-image\">\n      <a href=\"javascript:;\"><div class=\"image-bg-circle\" style=\"background-image: url(https:\/\/energiaadebate.com\/foro-energia\/wp-content\/uploads\/2025\/03\/Luisa-Sierra.jpg)\"><\/div><\/a>\n    <\/div><figcaption>\n      <h3><a href=\"javascript:;\">Luisa Sierra<\/a><\/h3>\n                  <p>Es arquitecta y cuenta con una Maestr\u00eda en Planeaci\u00f3n y Desarrollo Urbano por la University College London (UCL), donde realiz\u00f3 un an\u00e1lisis socio-tecnol\u00f3gico del sector de la generaci\u00f3n y el consumo el\u00e9ctrico en M\u00e9xico desde un enfoque social. Ha dedicado m\u00e1s de diez a\u00f1os al sector de la energ\u00eda y al estudio del cambio clim\u00e1tico. [&hellip;]<\/p>\n                <\/figcaption>\n  <\/div>\n  <\/figure>\t\t\t\t\t<div class=\"exclearfix\"><\/div>\n\t\t\t\t\t<\/div>\n\t\t\t\t\t<\/div><div class=\"tpitem-list item-grid\" data-id=\"ex_id-extp-6289-1321\"> \t\t\t\t\t<div class=\"exp-arrow exlightbox exlb-extp-6289\" \n\t\t\t\t\t href=\"https:\/\/energiaadebate.com\/foro-energia\/wp-content\/uploads\/2025\/03\/Rafael-Cabanillas-Lopez-1.jpg\" data-glightbox=\"descPosition: right;\" data-class=\"exlb-extp-6289\" >\n\t\t\t\t\t\t\t\t\t<div class=\"glightbox-desc\">\n\t\t      <div class=\"exp-lightbox-info\">\n\t<div class=\"lb-image\"><a href=\"javascript:;\"><img loading=\"lazy\" decoding=\"async\" width=\"600\" height=\"600\" src=\"https:\/\/energiaadebate.com\/foro-energia\/wp-content\/uploads\/2025\/03\/Rafael-Cabanillas-Lopez-1.jpg\" class=\"attachment-full size-full wp-post-image\" alt=\"\" srcset=\"https:\/\/energiaadebate.com\/foro-energia\/wp-content\/uploads\/2025\/03\/Rafael-Cabanillas-Lopez-1.jpg 600w, https:\/\/energiaadebate.com\/foro-energia\/wp-content\/uploads\/2025\/03\/Rafael-Cabanillas-Lopez-1-300x300.jpg 300w, https:\/\/energiaadebate.com\/foro-energia\/wp-content\/uploads\/2025\/03\/Rafael-Cabanillas-Lopez-1-150x150.jpg 150w, https:\/\/energiaadebate.com\/foro-energia\/wp-content\/uploads\/2025\/03\/Rafael-Cabanillas-Lopez-1-370x370.jpg 370w, https:\/\/energiaadebate.com\/foro-energia\/wp-content\/uploads\/2025\/03\/Rafael-Cabanillas-Lopez-1-75x75.jpg 75w\" sizes=\"auto, (max-width: 600px) 100vw, 600px\" \/><\/a><\/div>\n    <div class=\"lb-info\">\n        <h3><a href=\"javascript:;\">Rafael Enrique Cabanillas<\/a><\/h3>\n        <div class=\"exp-lightbox-meta\">\n            <div class=\"lb-social\"><\/div>\n                                            <\/div>\n        <div class=\"extp-mb-content\"><p>Es ingeniero qu\u00edmico egresado de la Universidad de Sonora y maestro en Energ\u00eda Solar con especialidad en Fotot\u00e9rmica por la UNAM, adem\u00e1s de ostentar el Doctorado en Energ\u00eda por parte de esta \u00faltima casa de estudios. Ha sido profesor investigador universitario y responsable t\u00e9cnico de la plataforma solar de Hermosillo. Ha desarrollado proyectos sobre energ\u00eda en distintas \u00e1reas, como evaluaci\u00f3n de fuentes renovables de energ\u00eda, concentraci\u00f3n solar, transferencia de calor y evaluaciones t\u00e9rmicas de materiales de construcci\u00f3n. Es miembro de la ANES y de la International Solar Energy Society. Actualmente es titular de la Direcci\u00f3n General de Energ\u00eda de la Secretar\u00eda de Econom\u00eda del Estado de Sonora.<\/p>\n        <\/div>\n    <\/div>\n<\/div>\t\t    <\/div>\n    \t\t\t\t\t\t\t<figure class=\"tpstyle-list-3 tppost-1321\">\n  <div class=\"tplist-3-info\">\n    <div class=\"tplist-3-image\">\n      <a href=\"javascript:;\"><div class=\"image-bg-circle\" style=\"background-image: url(https:\/\/energiaadebate.com\/foro-energia\/wp-content\/uploads\/2025\/03\/Rafael-Cabanillas-Lopez-1.jpg)\"><\/div><\/a>\n    <\/div><figcaption>\n      <h3><a href=\"javascript:;\">Rafael Enrique Cabanillas<\/a><\/h3>\n                  <p>Es ingeniero qu\u00edmico egresado de la Universidad de Sonora y maestro en Energ\u00eda Solar con especialidad en Fotot\u00e9rmica por la UNAM, adem\u00e1s de ostentar el Doctorado en Energ\u00eda por parte de esta \u00faltima casa de estudios. Ha sido profesor investigador universitario y responsable t\u00e9cnico de la plataforma solar de Hermosillo. Ha desarrollado proyectos sobre energ\u00eda [&hellip;]<\/p>\n                <\/figcaption>\n  <\/div>\n  <\/figure>\t\t\t\t\t<div class=\"exclearfix\"><\/div>\n\t\t\t\t\t<\/div>\n\t\t\t\t\t<\/div><div class=\"tpitem-list item-grid\" data-id=\"ex_id-extp-6289-1322\"> \t\t\t\t\t<div class=\"exp-arrow exlightbox exlb-extp-6289\" \n\t\t\t\t\t href=\"https:\/\/energiaadebate.com\/foro-energia\/wp-content\/uploads\/2025\/03\/Shirley-Wagner-2.jpg\" data-glightbox=\"descPosition: right;\" data-class=\"exlb-extp-6289\" >\n\t\t\t\t\t\t\t\t\t<div class=\"glightbox-desc\">\n\t\t      <div class=\"exp-lightbox-info\">\n\t<div class=\"lb-image\"><a href=\"javascript:;\"><img loading=\"lazy\" decoding=\"async\" width=\"600\" height=\"600\" src=\"https:\/\/energiaadebate.com\/foro-energia\/wp-content\/uploads\/2025\/03\/Shirley-Wagner-2.jpg\" class=\"attachment-full size-full wp-post-image\" alt=\"\" srcset=\"https:\/\/energiaadebate.com\/foro-energia\/wp-content\/uploads\/2025\/03\/Shirley-Wagner-2.jpg 600w, https:\/\/energiaadebate.com\/foro-energia\/wp-content\/uploads\/2025\/03\/Shirley-Wagner-2-300x300.jpg 300w, https:\/\/energiaadebate.com\/foro-energia\/wp-content\/uploads\/2025\/03\/Shirley-Wagner-2-150x150.jpg 150w, https:\/\/energiaadebate.com\/foro-energia\/wp-content\/uploads\/2025\/03\/Shirley-Wagner-2-370x370.jpg 370w, https:\/\/energiaadebate.com\/foro-energia\/wp-content\/uploads\/2025\/03\/Shirley-Wagner-2-75x75.jpg 75w\" sizes=\"auto, (max-width: 600px) 100vw, 600px\" \/><\/a><\/div>\n    <div class=\"lb-info\">\n        <h3><a href=\"javascript:;\">Shirley Wagner<\/a><\/h3>\n        <div class=\"exp-lightbox-meta\">\n            <div class=\"lb-social\"><\/div>\n                                            <\/div>\n        <div class=\"extp-mb-content\"><p>Es licenciada en Derecho por la Universidad Iberoamericana y posee la Maestr\u00eda en Econom\u00eda y Pol\u00edticas P\u00fablicas por la Universidad An\u00e1huac. Asimismo, cuenta con diversos diplomados y especialidades en las materias regulatoria y energ\u00e9tica. Labor\u00f3 en la CRE y posteriormente fungi\u00f3 como asesora en la Subsecretar\u00eda de Electricidad de la Sener. En el sector privado, fue consejera general para Tesla y anteriormente para la compa\u00f1\u00eda el\u00e9ctrica ACCIONA, adem\u00e1s de ser fundadora y presidenta de la organizaci\u00f3n Electro Movilidad Asociaci\u00f3n M\u00e9xico. En la actualidad, se desempe\u00f1a como consultora independiente para Synergy Consulting, Inc. y es consejera en Sostenibilidad Global. Es Consejera del grupo Voz Experta<\/p>\n        <\/div>\n    <\/div>\n<\/div>\t\t    <\/div>\n    \t\t\t\t\t\t\t<figure class=\"tpstyle-list-3 tppost-1322\">\n  <div class=\"tplist-3-info\">\n    <div class=\"tplist-3-image\">\n      <a href=\"javascript:;\"><div class=\"image-bg-circle\" style=\"background-image: url(https:\/\/energiaadebate.com\/foro-energia\/wp-content\/uploads\/2025\/03\/Shirley-Wagner-2.jpg)\"><\/div><\/a>\n    <\/div><figcaption>\n      <h3><a href=\"javascript:;\">Shirley Wagner<\/a><\/h3>\n                  <p>Es licenciada en Derecho por la Universidad Iberoamericana y posee la Maestr\u00eda en Econom\u00eda y Pol\u00edticas P\u00fablicas por la Universidad An\u00e1huac. Asimismo, cuenta con diversos diplomados y especialidades en las materias regulatoria y energ\u00e9tica. Labor\u00f3 en la CRE y posteriormente fungi\u00f3 como asesora en la Subsecretar\u00eda de Electricidad de la Sener. En el sector privado, [&hellip;]<\/p>\n                <\/figcaption>\n  <\/div>\n  <\/figure>\t\t\t\t\t<div class=\"exclearfix\"><\/div>\n\t\t\t\t\t<\/div>\n\t\t\t\t\t<\/div><div class=\"tpitem-list item-grid\" data-id=\"ex_id-extp-6289-1323\"> \t\t\t\t\t<div class=\"exp-arrow exlightbox exlb-extp-6289\" \n\t\t\t\t\t href=\"https:\/\/energiaadebate.com\/foro-energia\/wp-content\/uploads\/2025\/03\/Jorge-Islas-Samperio-1.jpg\" data-glightbox=\"descPosition: right;\" data-class=\"exlb-extp-6289\" >\n\t\t\t\t\t\t\t\t\t<div class=\"glightbox-desc\">\n\t\t      <div class=\"exp-lightbox-info\">\n\t<div class=\"lb-image\"><a href=\"javascript:;\"><img loading=\"lazy\" decoding=\"async\" width=\"600\" height=\"600\" src=\"https:\/\/energiaadebate.com\/foro-energia\/wp-content\/uploads\/2025\/03\/Jorge-Islas-Samperio-1.jpg\" class=\"attachment-full size-full wp-post-image\" alt=\"\" srcset=\"https:\/\/energiaadebate.com\/foro-energia\/wp-content\/uploads\/2025\/03\/Jorge-Islas-Samperio-1.jpg 600w, https:\/\/energiaadebate.com\/foro-energia\/wp-content\/uploads\/2025\/03\/Jorge-Islas-Samperio-1-300x300.jpg 300w, https:\/\/energiaadebate.com\/foro-energia\/wp-content\/uploads\/2025\/03\/Jorge-Islas-Samperio-1-150x150.jpg 150w, https:\/\/energiaadebate.com\/foro-energia\/wp-content\/uploads\/2025\/03\/Jorge-Islas-Samperio-1-370x370.jpg 370w, https:\/\/energiaadebate.com\/foro-energia\/wp-content\/uploads\/2025\/03\/Jorge-Islas-Samperio-1-75x75.jpg 75w\" sizes=\"auto, (max-width: 600px) 100vw, 600px\" \/><\/a><\/div>\n    <div class=\"lb-info\">\n        <h3><a href=\"javascript:;\">Jorge Islas<\/a><\/h3>\n        <div class=\"exp-lightbox-meta\">\n            <div class=\"lb-social\"><\/div>\n                                            <\/div>\n        <div class=\"extp-mb-content\"><p>Es licenciado en F\u00edsica por la UNAM y posee una Maestr\u00eda en Ingenier\u00eda Energ\u00e9tica por la misma casa de estudios. Cuenta con un Doctorado en Econom\u00eda por la Universidad de Grenoble Alpes. Ha sido gestor cient\u00edfico del \u00c1rea de Energ\u00eda del Programa Iberoamericano de Ciencia y Tecnolog\u00eda para el Desarrollo (CYTED) y fue consejero social de la Coordinaci\u00f3n de Evaluaci\u00f3n de la Pol\u00edtica Nacional de Cambio Clim\u00e1tico. En las \u00e1reas acad\u00e9mica y de investigaci\u00f3n, destaca su grado de investigador nivel II del Sistema Nacional de Investigadores, ha sido profesor visitante en el Instituto Polit\u00e9cnico de Grenoble, Francia, y en el Centro de Investigaciones Energ\u00e9ticas, Medio Ambientales y Tecnol\u00f3gicas (CIEMAT) de Espa\u00f1a. Es fundador y profesor del Instituto de Energ\u00edas Renovables de la UNAM. Ha sido responsable de m\u00faltiples proyectos de investigaci\u00f3n en licenciatura y posgrado, as\u00ed como autor de gran n\u00famero de libros, art\u00edculos y colaboraciones. Desde octubre de 2024, es subsecretario de Planeaci\u00f3n y Transici\u00f3n Energ\u00e9tica de la Sener.<\/p>\n        <\/div>\n    <\/div>\n<\/div>\t\t    <\/div>\n    \t\t\t\t\t\t\t<figure class=\"tpstyle-list-3 tppost-1323\">\n  <div class=\"tplist-3-info\">\n    <div class=\"tplist-3-image\">\n      <a href=\"javascript:;\"><div class=\"image-bg-circle\" style=\"background-image: url(https:\/\/energiaadebate.com\/foro-energia\/wp-content\/uploads\/2025\/03\/Jorge-Islas-Samperio-1.jpg)\"><\/div><\/a>\n    <\/div><figcaption>\n      <h3><a href=\"javascript:;\">Jorge Islas<\/a><\/h3>\n                  <p>Es licenciado en F\u00edsica por la UNAM y posee una Maestr\u00eda en Ingenier\u00eda Energ\u00e9tica por la misma casa de estudios. Cuenta con un Doctorado en Econom\u00eda por la Universidad de Grenoble Alpes. Ha sido gestor cient\u00edfico del \u00c1rea de Energ\u00eda del Programa Iberoamericano de Ciencia y Tecnolog\u00eda para el Desarrollo (CYTED) y fue consejero social [&hellip;]<\/p>\n                <\/figcaption>\n  <\/div>\n  <\/figure>\t\t\t\t\t<div class=\"exclearfix\"><\/div>\n\t\t\t\t\t<\/div>\n\t\t\t\t\t<\/div>\t\t<\/div>\n\t\t        \t<\/div>\n\t\n\t[\/vc_column_text][\/vc_column][\/vc_row][vc_row css=&#8221;.vc_custom_1741236750255{padding-top: 50px !important;padding-bottom: 50px !important;background-color: #EBE9E9 !important;}&#8221;][vc_column][vc_empty_space][vc_custom_heading text=&#8221;Aliados estrat\u00e9gicos&#8221; font_container=&#8221;tag:h2|text_align:center|color:%23000000&#8243; use_theme_fonts=&#8221;yes&#8221; css_animation=&#8221;fadeIn&#8221; css=&#8221;.vc_custom_1741203293689{margin-bottom: 0px !important;}&#8221;][vc_empty_space][vc_row_inner][vc_column_inner width=&#8221;1\/3&#8243;][vc_column_text css=&#8221;&#8221;]<img loading=\"lazy\" decoding=\"async\" class=\"alignnone size-full wp-image-1402\" src=\"https:\/\/energiaadebate.com\/foro-energia\/wp-content\/uploads\/2025\/03\/engie.png\" alt=\"\" width=\"300\" height=\"117\" \/>[\/vc_column_text][\/vc_column_inner][vc_column_inner width=&#8221;1\/3&#8243;][vc_column_text css=&#8221;&#8221;]<img loading=\"lazy\" decoding=\"async\" class=\"alignnone size-full wp-image-1485 aligncenter\" src=\"https:\/\/energiaadebate.com\/foro-energia\/wp-content\/uploads\/2025\/03\/regulus-1.png\" alt=\"\" width=\"300\" height=\"117\" \/>[\/vc_column_text][\/vc_column_inner][vc_column_inner width=&#8221;1\/3&#8243;][vc_column_text css=&#8221;&#8221;]<img loading=\"lazy\" decoding=\"async\" class=\"alignnone size-full wp-image-1400 aligncenter\" src=\"https:\/\/energiaadebate.com\/foro-energia\/wp-content\/uploads\/2025\/03\/orion-logo-1-300x140-3.png\" alt=\"\" width=\"300\" height=\"117\" \/>[\/vc_column_text][\/vc_column_inner][\/vc_row_inner][vc_row_inner][vc_column_inner width=&#8221;1\/4&#8243;][\/vc_column_inner][vc_column_inner width=&#8221;1\/4&#8243;][vc_column_text css=&#8221;&#8221;]<img loading=\"lazy\" decoding=\"async\" class=\"alignnone size-full wp-image-1404 aligncenter\" src=\"https:\/\/energiaadebate.com\/foro-energia\/wp-content\/uploads\/2025\/03\/AMG.png\" alt=\"\" width=\"300\" height=\"117\" \/>[\/vc_column_text][\/vc_column_inner][vc_column_inner width=&#8221;1\/4&#8243;][vc_column_text css=&#8221;&#8221;]<img loading=\"lazy\" decoding=\"async\" class=\"alignnone size-full wp-image-1381 aligncenter\" src=\"https:\/\/energiaadebate.com\/foro-energia\/wp-content\/uploads\/2025\/03\/agendas-p21-1.png\" alt=\"\" width=\"300\" height=\"117\" \/>[\/vc_column_text][\/vc_column_inner][vc_column_inner width=&#8221;1\/4&#8243;][\/vc_column_inner][\/vc_row_inner][vc_row_inner][vc_column_inner width=&#8221;1\/5&#8243;][vc_column_text css=&#8221;&#8221;]<img loading=\"lazy\" decoding=\"async\" class=\"alignnone size-full wp-image-1325\" src=\"https:\/\/energiaadebate.com\/foro-energia\/wp-content\/uploads\/2025\/03\/iberdrola.png\" alt=\"\" width=\"300\" height=\"117\" \/>[\/vc_column_text][\/vc_column_inner][vc_column_inner width=&#8221;1\/5&#8243;][vc_column_text css=&#8221;&#8221;]<img loading=\"lazy\" decoding=\"async\" class=\"alignnone size-full wp-image-1102 aligncenter\" src=\"https:\/\/energiaadebate.com\/foro-energia\/wp-content\/uploads\/2025\/02\/simens.png\" alt=\"\" width=\"300\" height=\"117\" \/>[\/vc_column_text][\/vc_column_inner][vc_column_inner width=&#8221;1\/5&#8243;][vc_column_text css=&#8221;&#8221;]<img loading=\"lazy\" decoding=\"async\" class=\"alignnone size-full wp-image-1103 aligncenter\" src=\"https:\/\/energiaadebate.com\/foro-energia\/wp-content\/uploads\/2025\/02\/egas.png\" alt=\"\" width=\"300\" height=\"117\" \/>[\/vc_column_text][\/vc_column_inner][vc_column_inner width=&#8221;1\/5&#8243;][vc_column_text css=&#8221;&#8221;]<img loading=\"lazy\" decoding=\"async\" class=\"alignnone size-full wp-image-1347 aligncenter\" src=\"https:\/\/energiaadebate.com\/foro-energia\/wp-content\/uploads\/2025\/03\/enel.png\" alt=\"\" width=\"300\" height=\"117\" \/>[\/vc_column_text][\/vc_column_inner][vc_column_inner width=&#8221;1\/5&#8243;][vc_column_text css=&#8221;&#8221;]<img loading=\"lazy\" decoding=\"async\" class=\"alignnone size-full wp-image-1360 aligncenter\" src=\"https:\/\/energiaadebate.com\/foro-energia\/wp-content\/uploads\/2025\/03\/americ.png\" alt=\"\" width=\"300\" height=\"117\" \/>[\/vc_column_text][\/vc_column_inner][\/vc_row_inner][\/vc_column][\/vc_row]<\/p>\n<\/div>","protected":false},"excerpt":{"rendered":"Es licenciado en F\u00edsica por la UNAM y posee una Maestr\u00eda en Ingenier\u00eda Energ\u00e9tica por la misma casa de estudios. Cuenta con un Doctorado en Econom\u00eda por la Universidad de Grenoble Alpes. Ha sido gestor cient\u00edfico del \u00c1rea de Energ\u00eda del Programa Iberoamericano de Ciencia y Tecnolog\u00eda para el Desarrollo (CYTED) y fue consejero social [...]","protected":false},"author":1,"featured_media":0,"parent":0,"menu_order":0,"comment_status":"closed","ping_status":"closed","template":"page-templates\/template-canvas.php","meta":{"footnotes":""},"class_list":["post-994","page","type-page","status-publish","hentry"],"_links":{"self":[{"href":"https:\/\/energiaadebate.com\/foro-energia\/wp-json\/wp\/v2\/pages\/994","targetHints":{"allow":["GET"]}}],"collection":[{"href":"https:\/\/energiaadebate.com\/foro-energia\/wp-json\/wp\/v2\/pages"}],"about":[{"href":"https:\/\/energiaadebate.com\/foro-energia\/wp-json\/wp\/v2\/types\/page"}],"author":[{"embeddable":true,"href":"https:\/\/energiaadebate.com\/foro-energia\/wp-json\/wp\/v2\/users\/1"}],"replies":[{"embeddable":true,"href":"https:\/\/energiaadebate.com\/foro-energia\/wp-json\/wp\/v2\/comments?post=994"}],"version-history":[{"count":34,"href":"https:\/\/energiaadebate.com\/foro-energia\/wp-json\/wp\/v2\/pages\/994\/revisions"}],"predecessor-version":[{"id":1567,"href":"https:\/\/energiaadebate.com\/foro-energia\/wp-json\/wp\/v2\/pages\/994\/revisions\/1567"}],"wp:attachment":[{"href":"https:\/\/energiaadebate.com\/foro-energia\/wp-json\/wp\/v2\/media?parent=994"}],"curies":[{"name":"wp","href":"https:\/\/api.w.org\/{rel}","templated":true}]}}